{"id":14,"date":"2019-09-04T08:45:45","date_gmt":"2019-09-04T08:45:45","guid":{"rendered":"http:\/\/staging.notariesofeurope-exhibition.eu\/?page_id=14"},"modified":"2026-03-05T17:08:56","modified_gmt":"2026-03-05T15:08:56","slug":"exposition","status":"publish","type":"page","link":"https:\/\/www.notariesofeurope-exhibition.eu\/fr\/exposition\/","title":{"rendered":"Exposition"},"content":{"rendered":"<div class=\"wpb-content-wrapper\"><p>[vc_row bg_type=\u00a0\u00bbcolor\u00a0\u00bb padding_top_multiplier=\u00a0\u00bb\u00a0\u00bb padding_bottom_multiplier=\u00a0\u00bb\u00a0\u00bb bg_color=\u00a0\u00bb#E7ECF3&Prime; el_class=\u00a0\u00bbinfo_page\u00a0\u00bb][vc_column width=\u00a0\u00bb1\/2&Prime; tablet_width=\u00a0\u00bb1-2&Prime; tablet_sm_width=\u00a0\u00bb1&Prime;]<h1 class=\"grve-element grve-title grve-align-left grve-h1 title_page\" style=\"\"><span>Exposition<\/span><\/h1><h2 class=\"grve-element grve-title grve-align-left grve-h3 title_section\" style=\"\"><span>Quand ?<\/span><\/h2>[vc_column_text css=\u00a0\u00bb\u00a0\u00bb el_class=\u00a0\u00bbtext\u00a0\u00bb]Le Parlement europ\u00e9en accueille l\u2019exposition \u00ab De l\u2019encre au cloud \u00bb du 16 au 20 mars prochain.<br \/>\nL\u2019exposition se donne pour objectif de mettre en lumi\u00e8re des actes notari\u00e9s d\u2019une grande valeur historique conserv\u00e9s dans les archives nationales. D\u2019une p\u00e9riode allant du 13\u00e8me au 20\u00e8me si\u00e8cle, ces actes refl\u00e8tent la richesse du patrimoine europ\u00e9en.<br \/>\nLe r\u00f4le du notaire est un fil conducteur qui traverse les \u00e9poques et l\u2019exercice de sa mission suit les \u00e9volutions culturelles, soci\u00e9tales et \u00e9conomiques mais aussi technologiques. C\u2019est pourquoi, l\u2019exposition pr\u00e9sente \u00e9galement les outils num\u00e9riques cr\u00e9\u00e9s par les notariats pour rendre un service moderne et performant \u00e0 leurs clients et aux Etats.[\/vc_column_text]<h2 class=\"grve-element grve-title grve-align-left grve-h3 title_section\" style=\"\"><span>Lieu ?<\/span><\/h2>[vc_column_text css=\u00a0\u00bb\u00a0\u00bb el_class=\u00a0\u00bbtext\u00a0\u00bb]Parlement Europ\u00e9en (B\u00e2timent ASP, 3e \u00e9tage, Distribution Centre Area, 3D), Bruxelles[\/vc_column_text]<h2 class=\"grve-element grve-title grve-align-left grve-h3 title_section\" style=\"\"><span>Organisateur?<\/span><\/h2>[vc_column_text css=\u00a0\u00bb\u00a0\u00bb el_class=\u00a0\u00bbtext\u00a0\u00bb]Conseil des Notariats de l&rsquo;Union Europ\u00e9enne (CNUE)<br \/>\nAvec le parrainage de l&rsquo;eurod\u00e9put\u00e9 Lukas Mandl (PPE, Autriche)[\/vc_column_text][vc_row_inner el_class=\u00a0\u00bbflex_cta\u00a0\u00bb][vc_column_inner]<div class=\"grve-element grve-align-left cta_custom cta_custom_blue\"><a href=\"https:\/\/www.notariesofeurope-exhibition.eu\/wp-content\/uploads\/2026\/03\/liste-actes-FR-2026_c.pdf\" title=\"Liste des actes\" target=\"_blank\" rel=\"noopener noreferrer\" class=\"grve-btn grve-btn-medium grve-square grve-bg-primary-1 grve-bg-hover-black\"><span>Consulter la liste des actes<\/span><\/a><\/div><div class=\"grve-element grve-align-left cta_custom cta_custom_blue\"><a href=\"https:\/\/www.notariesofeurope-exhibition.eu\/wp-content\/uploads\/2026\/03\/Communique-exposition-De-l-encre-u-cloud.docx\" title=\"Communiqu\u00e9 de presse\" target=\"_blank\" rel=\"noopener noreferrer\" class=\"grve-btn grve-btn-medium grve-square grve-bg-primary-1 grve-bg-hover-black\"><span>Communiqu\u00e9 de presse<\/span><\/a><\/div><div class=\"grve-element grve-align-left cta_custom cta_custom_blue\"><a href=\"\/fr\/heritage-numerique\" title=\"h\u00e9ritage num\u00e9rique\" class=\"grve-btn grve-btn-medium grve-square grve-bg-primary-1 grve-bg-hover-black\"><span>h\u00e9ritage num\u00e9rique<\/span><\/a><\/div>[\/vc_column_inner][\/vc_row_inner][\/vc_column][vc_column width=\u00a0\u00bb1\/2&Prime; tablet_width=\u00a0\u00bb1-2&Prime; el_class=\u00a0\u00bbright_col\u00a0\u00bb]<div class=\"grve-element grve-image poster grve-align-center\" style=\"\">  <div class=\"grve-image-wrapper\"><img loading=\"lazy\" decoding=\"async\" width=\"1200\" height=\"1600\" src=\"https:\/\/www.notariesofeurope-exhibition.eu\/wp-content\/uploads\/2026\/02\/affiche-exposition.webp\" class=\"attachment-full size-full\" alt=\"\" srcset=\"https:\/\/www.notariesofeurope-exhibition.eu\/wp-content\/uploads\/2026\/02\/affiche-exposition.webp 1200w, https:\/\/www.notariesofeurope-exhibition.eu\/wp-content\/uploads\/2026\/02\/affiche-exposition-225x300.webp 225w, https:\/\/www.notariesofeurope-exhibition.eu\/wp-content\/uploads\/2026\/02\/affiche-exposition-768x1024.webp 768w, https:\/\/www.notariesofeurope-exhibition.eu\/wp-content\/uploads\/2026\/02\/affiche-exposition-1152x1536.webp 1152w, https:\/\/www.notariesofeurope-exhibition.eu\/wp-content\/uploads\/2026\/02\/affiche-exposition-560x747.webp 560w, https:\/\/www.notariesofeurope-exhibition.eu\/wp-content\/uploads\/2026\/02\/affiche-exposition-840x1120.webp 840w\" sizes=\"auto, (max-width: 1200px) 100vw, 1200px\" \/>   <\/div><\/div><div class=\"grve-empty-space grve-height-3x\" style=\"\"><\/div>[\/vc_column][\/vc_row][vc_row bg_type=\u00a0\u00bbcolor\u00a0\u00bb padding_top_multiplier=\u00a0\u00bb\u00a0\u00bb padding_bottom_multiplier=\u00a0\u00bb\u00a0\u00bb desktop_visibility=\u00a0\u00bbhide\u00a0\u00bb tablet_visibility=\u00a0\u00bbhide\u00a0\u00bb tablet_sm_visibility=\u00a0\u00bbhide\u00a0\u00bb mobile_visibility=\u00a0\u00bbhide\u00a0\u00bb bg_color=\u00a0\u00bb#E7ECF3&Prime; el_class=\u00a0\u00bbinfo_page info_page_actes\u00a0\u00bb][vc_column tablet_sm_width=\u00a0\u00bb1&Prime;]<h2 class=\"grve-element grve-title grve-align-left grve-h3 title_section\" style=\"\"><span>Liste des actes<\/span><\/h2>[\/vc_column][\/vc_row]<\/p>\n<\/div>","protected":false},"excerpt":{"rendered":"<p>[vc_row bg_type=\u00a0\u00bbcolor\u00a0\u00bb padding_top_multiplier=\u00a0\u00bb\u00a0\u00bb padding_bottom_multiplier=\u00a0\u00bb\u00a0\u00bb bg_color=\u00a0\u00bb#E7ECF3&Prime; el_class=\u00a0\u00bbinfo_page\u00a0\u00bb][vc_column width=\u00a0\u00bb1\/2&Prime; tablet_width=\u00a0\u00bb1-2&Prime; tablet_sm_width=\u00a0\u00bb1&Prime;][vc_column_text css=\u00a0\u00bb\u00a0\u00bb el_class=\u00a0\u00bbtext\u00a0\u00bb]Le Parlement europ\u00e9en accueille l\u2019exposition \u00ab De l\u2019encre au cloud \u00bb du 16 au 20 mars prochain. L\u2019exposition se donne pour objectif de mettre en lumi\u00e8re des actes notari\u00e9s d\u2019une grande valeur historique conserv\u00e9s dans les archives nationales. D\u2019une p\u00e9riode allant du 13\u00e8me au 20\u00e8me [&hellip;]<\/p>\n","protected":false},"author":2,"featured_media":0,"parent":0,"menu_order":0,"comment_status":"closed","ping_status":"closed","template":"","meta":{"inline_featured_image":false,"footnotes":""},"class_list":["post-14","page","type-page","status-publish","hentry"],"yoast_head":"<!-- This site is optimized with the Yoast SEO plugin v26.9 - https:\/\/yoast.com\/product\/yoast-seo-wordpress\/ -->\n<title>Exposition - Notaries of Europe - Exhibition<\/title>\n<meta name=\"robots\" content=\"index, follow, max-snippet:-1, max-image-preview:large, max-video-preview:-1\" \/>\n<link rel=\"canonical\" href=\"https:\/\/www.notariesofeurope-exhibition.eu\/fr\/exposition\/\" \/>\n<meta property=\"og:locale\" content=\"fr_FR\" \/>\n<meta property=\"og:type\" content=\"article\" \/>\n<meta property=\"og:title\" content=\"Exposition - Notaries of Europe - Exhibition\" \/>\n<meta property=\"og:description\" content=\"[vc_row bg_type=\u00a0\u00bbcolor\u00a0\u00bb padding_top_multiplier=\u00a0\u00bb\u00a0\u00bb padding_bottom_multiplier=\u00a0\u00bb\u00a0\u00bb bg_color=\u00a0\u00bb#E7ECF3&Prime; el_class=\u00a0\u00bbinfo_page\u00a0\u00bb][vc_column width=\u00a0\u00bb1\/2&Prime; tablet_width=\u00a0\u00bb1-2&Prime; tablet_sm_width=\u00a0\u00bb1&Prime;][vc_column_text css=\u00a0\u00bb\u00a0\u00bb el_class=\u00a0\u00bbtext\u00a0\u00bb]Le Parlement europ\u00e9en accueille l\u2019exposition \u00ab De l\u2019encre au cloud \u00bb du 16 au 20 mars prochain. L\u2019exposition se donne pour objectif de mettre en lumi\u00e8re des actes notari\u00e9s d\u2019une grande valeur historique conserv\u00e9s dans les archives nationales. D\u2019une p\u00e9riode allant du 13\u00e8me au 20\u00e8me [&hellip;]\" \/>\n<meta property=\"og:url\" content=\"https:\/\/www.notariesofeurope-exhibition.eu\/fr\/exposition\/\" \/>\n<meta property=\"og:site_name\" content=\"Notaries of Europe - Exhibition\" \/>\n<meta property=\"article:modified_time\" content=\"2026-03-05T15:08:56+00:00\" \/>\n<meta name=\"twitter:card\" content=\"summary_large_image\" \/>\n<meta name=\"twitter:label1\" content=\"Dur\u00e9e de lecture estim\u00e9e\" \/>\n\t<meta name=\"twitter:data1\" content=\"2 minutes\" \/>\n<script type=\"application\/ld+json\" class=\"yoast-schema-graph\">{\"@context\":\"https:\/\/schema.org\",\"@graph\":[{\"@type\":\"WebPage\",\"@id\":\"https:\/\/www.notariesofeurope-exhibition.eu\/fr\/exposition\/\",\"url\":\"https:\/\/www.notariesofeurope-exhibition.eu\/fr\/exposition\/\",\"name\":\"Exposition - Notaries of Europe - Exhibition\",\"isPartOf\":{\"@id\":\"https:\/\/www.notariesofeurope-exhibition.eu\/#website\"},\"datePublished\":\"2019-09-04T08:45:45+00:00\",\"dateModified\":\"2026-03-05T15:08:56+00:00\",\"breadcrumb\":{\"@id\":\"https:\/\/www.notariesofeurope-exhibition.eu\/fr\/exposition\/#breadcrumb\"},\"inLanguage\":\"fr-FR\",\"potentialAction\":[{\"@type\":\"ReadAction\",\"target\":[\"https:\/\/www.notariesofeurope-exhibition.eu\/fr\/exposition\/\"]}]},{\"@type\":\"BreadcrumbList\",\"@id\":\"https:\/\/www.notariesofeurope-exhibition.eu\/fr\/exposition\/#breadcrumb\",\"itemListElement\":[{\"@type\":\"ListItem\",\"position\":1,\"name\":\"Accueil\",\"item\":\"https:\/\/www.notariesofeurope-exhibition.eu\/fr\/\"},{\"@type\":\"ListItem\",\"position\":2,\"name\":\"Exposition\"}]},{\"@type\":\"WebSite\",\"@id\":\"https:\/\/www.notariesofeurope-exhibition.eu\/#website\",\"url\":\"https:\/\/www.notariesofeurope-exhibition.eu\/\",\"name\":\"Notaries of Europe - Exhibition\",\"description\":\"CNUE\",\"potentialAction\":[{\"@type\":\"SearchAction\",\"target\":{\"@type\":\"EntryPoint\",\"urlTemplate\":\"https:\/\/www.notariesofeurope-exhibition.eu\/?s={search_term_string}\"},\"query-input\":{\"@type\":\"PropertyValueSpecification\",\"valueRequired\":true,\"valueName\":\"search_term_string\"}}],\"inLanguage\":\"fr-FR\"}]}<\/script>\n<!-- \/ Yoast SEO plugin. -->","yoast_head_json":{"title":"Exposition - Notaries of Europe - Exhibition","robots":{"index":"index","follow":"follow","max-snippet":"max-snippet:-1","max-image-preview":"max-image-preview:large","max-video-preview":"max-video-preview:-1"},"canonical":"https:\/\/www.notariesofeurope-exhibition.eu\/fr\/exposition\/","og_locale":"fr_FR","og_type":"article","og_title":"Exposition - Notaries of Europe - Exhibition","og_description":"[vc_row bg_type=\u00a0\u00bbcolor\u00a0\u00bb padding_top_multiplier=\u00a0\u00bb\u00a0\u00bb padding_bottom_multiplier=\u00a0\u00bb\u00a0\u00bb bg_color=\u00a0\u00bb#E7ECF3&Prime; el_class=\u00a0\u00bbinfo_page\u00a0\u00bb][vc_column width=\u00a0\u00bb1\/2&Prime; tablet_width=\u00a0\u00bb1-2&Prime; tablet_sm_width=\u00a0\u00bb1&Prime;][vc_column_text css=\u00a0\u00bb\u00a0\u00bb el_class=\u00a0\u00bbtext\u00a0\u00bb]Le Parlement europ\u00e9en accueille l\u2019exposition \u00ab De l\u2019encre au cloud \u00bb du 16 au 20 mars prochain. L\u2019exposition se donne pour objectif de mettre en lumi\u00e8re des actes notari\u00e9s d\u2019une grande valeur historique conserv\u00e9s dans les archives nationales. D\u2019une p\u00e9riode allant du 13\u00e8me au 20\u00e8me [&hellip;]","og_url":"https:\/\/www.notariesofeurope-exhibition.eu\/fr\/exposition\/","og_site_name":"Notaries of Europe - Exhibition","article_modified_time":"2026-03-05T15:08:56+00:00","twitter_card":"summary_large_image","twitter_misc":{"Dur\u00e9e de lecture estim\u00e9e":"2 minutes"},"schema":{"@context":"https:\/\/schema.org","@graph":[{"@type":"WebPage","@id":"https:\/\/www.notariesofeurope-exhibition.eu\/fr\/exposition\/","url":"https:\/\/www.notariesofeurope-exhibition.eu\/fr\/exposition\/","name":"Exposition - Notaries of Europe - Exhibition","isPartOf":{"@id":"https:\/\/www.notariesofeurope-exhibition.eu\/#website"},"datePublished":"2019-09-04T08:45:45+00:00","dateModified":"2026-03-05T15:08:56+00:00","breadcrumb":{"@id":"https:\/\/www.notariesofeurope-exhibition.eu\/fr\/exposition\/#breadcrumb"},"inLanguage":"fr-FR","potentialAction":[{"@type":"ReadAction","target":["https:\/\/www.notariesofeurope-exhibition.eu\/fr\/exposition\/"]}]},{"@type":"BreadcrumbList","@id":"https:\/\/www.notariesofeurope-exhibition.eu\/fr\/exposition\/#breadcrumb","itemListElement":[{"@type":"ListItem","position":1,"name":"Accueil","item":"https:\/\/www.notariesofeurope-exhibition.eu\/fr\/"},{"@type":"ListItem","position":2,"name":"Exposition"}]},{"@type":"WebSite","@id":"https:\/\/www.notariesofeurope-exhibition.eu\/#website","url":"https:\/\/www.notariesofeurope-exhibition.eu\/","name":"Notaries of Europe - Exhibition","description":"CNUE","potentialAction":[{"@type":"SearchAction","target":{"@type":"EntryPoint","urlTemplate":"https:\/\/www.notariesofeurope-exhibition.eu\/?s={search_term_string}"},"query-input":{"@type":"PropertyValueSpecification","valueRequired":true,"valueName":"search_term_string"}}],"inLanguage":"fr-FR"}]}},"_links":{"self":[{"href":"https:\/\/www.notariesofeurope-exhibition.eu\/fr\/wp-json\/wp\/v2\/pages\/14","targetHints":{"allow":["GET"]}}],"collection":[{"href":"https:\/\/www.notariesofeurope-exhibition.eu\/fr\/wp-json\/wp\/v2\/pages"}],"about":[{"href":"https:\/\/www.notariesofeurope-exhibition.eu\/fr\/wp-json\/wp\/v2\/types\/page"}],"author":[{"embeddable":true,"href":"https:\/\/www.notariesofeurope-exhibition.eu\/fr\/wp-json\/wp\/v2\/users\/2"}],"replies":[{"embeddable":true,"href":"https:\/\/www.notariesofeurope-exhibition.eu\/fr\/wp-json\/wp\/v2\/comments?post=14"}],"version-history":[{"count":59,"href":"https:\/\/www.notariesofeurope-exhibition.eu\/fr\/wp-json\/wp\/v2\/pages\/14\/revisions"}],"predecessor-version":[{"id":2497,"href":"https:\/\/www.notariesofeurope-exhibition.eu\/fr\/wp-json\/wp\/v2\/pages\/14\/revisions\/2497"}],"wp:attachment":[{"href":"https:\/\/www.notariesofeurope-exhibition.eu\/fr\/wp-json\/wp\/v2\/media?parent=14"}],"curies":[{"name":"wp","href":"https:\/\/api.w.org\/{rel}","templated":true}]}}