{"id":201,"date":"2019-09-17T15:32:57","date_gmt":"2019-09-17T13:32:57","guid":{"rendered":"http:\/\/staging.notariesofeurope-exhibition.eu\/?page_id=201"},"modified":"2026-03-04T15:19:13","modified_gmt":"2026-03-04T13:19:13","slug":"roumanie","status":"publish","type":"page","link":"https:\/\/www.notariesofeurope-exhibition.eu\/fr\/actes\/roumanie\/","title":{"rendered":"Roumanie"},"content":{"rendered":"<div class=\"wpb-content-wrapper\"><p>[vc_row bg_type=\u00a0\u00bbcolor\u00a0\u00bb padding_top_multiplier=\u00a0\u00bb\u00a0\u00bb padding_bottom_multiplier=\u00a0\u00bb\u00a0\u00bb bg_color=\u00a0\u00bb#E7ECF3&Prime; el_class=\u00a0\u00bbhero_page\u00a0\u00bb][vc_column width=\u00a0\u00bb1\/2&Prime; tablet_width=\u00a0\u00bb1&Prime; tablet_sm_width=\u00a0\u00bb1&Prime; el_class=\u00a0\u00bbaccord_actes\u00a0\u00bb]<div class=\"grve-element grve-box-icon grve-medium grve-side-icon grve-align-left title_pays\" style=\"\"><div class=\"grve-image-icon\"><img loading=\"lazy\" decoding=\"async\" width=\"1\" height=\"1\" src=\"https:\/\/www.notariesofeurope-exhibition.eu\/wp-content\/uploads\/2026\/02\/roumanie.svg\" class=\"attachment-full size-full\" alt=\"\" \/><\/div><div class=\"grve-box-content\"><div class=\"grve-box-title-wrapper\"><h1 class=\"grve-box-title grve-leader-text\">Roumanie<\/h1><\/div><\/div><\/div>[vc_tta_accordion active_section=\u00a0\u00bb999&Prime;][vc_tta_section title=\u00a0\u00bb1940 &#8211; Testament du grand diplomate Nicolae Titulescu\u00a0\u00bb tab_id=\u00a0\u00bb1568121683620-4df91743-a69c4917-7668ba07-2172&Prime;][vc_column_text css=\u00a0\u00bb\u00a0\u00bb]<\/p>\n<p style=\"text-align: center;\"><strong>Le testament de Nicolae Titulescu a \u00e9t\u00e9 authentifi\u00e9 par l\u2019Ambassade de la Roumanie \u00e0 Paris, sous le num\u00e9ro 27 du 04.03.1940. La copie conforme \u00e0 l\u2019original a \u00e9t\u00e9 enregistr\u00e9e \u00e0 l\u2019administration financi\u00e8re du secteur 1, sous le num\u00e9ro 56\/1946 et fait partie du dossier contenant la succession du d\u00e9funt Nicolae Titulescu.<\/strong><\/p>\n<p>Nicolae Titulescu (n\u00e9 le 4 mars 1882 \u00e0 Craiova, Roumanie \u2013 d\u00e9c\u00e9d\u00e9 le 17 mars 1941 \u00e0 Cannes, France) \u00e9tait un diplomate roumain, juriste, professeur et homme politique, ministre des Affaires \u00e9trang\u00e8res pour plusieurs mandats, ministre pl\u00e9nipotentiaire et membre titulaire de l\u2019Acad\u00e9mie Roumaine.<\/p>\n<p>En 1921, il est d\u00e9sign\u00e9 d\u00e9l\u00e9gu\u00e9 permanent de la Roumanie aupr\u00e8s de la Soci\u00e9t\u00e9 des Nations de Gen\u00e8ve, en \u00e9tant \u00e9lu deux fois comme Pr\u00e9sident de cette organisation internationale (en 1930 et 1931). Il m\u00e8ne une activit\u00e9 assidue pour consolider la coop\u00e9ration internationale, en promouvant la paix et la s\u00e9curit\u00e9 europ\u00e9ennes. En suivant cette ligne politique, Nicolae Titulescu signe en 1933, \u00e0 Londres, au nom du gouvernement roumain, la convention sur la d\u00e9finition de l\u2019agression et il d\u00e9ploie des efforts remarquables pour la conclusion en 1920-1921 de la Petite Entente et, entre 1933-1934, de l\u2019Entente balkanique (des pactes r\u00e9gionaux contre l\u2019agression de certains Etats).<\/p>\n<p>Le 29 ao\u00fbt 1936, le roi Charles II de Roumanie, en c\u00e9dant aux pressions du gouvernement et de son entourage pro-germanique, mais aussi aux pressions externes, l\u2019\u00e9carte de ses fonctions officielles et l\u2019oblige \u00e0 l\u2019exil. Il habite en Suisse, puis en France. Il d\u00e9c\u00e8de \u00e0 Cannes, le 17 mars 1941. En 1992, sa d\u00e9pouille est rapatri\u00e9e en Roumanie et enterr\u00e9e dans la cour de l\u2019\u00e9glise Saint Nicolas, \u00e0 \u015echeii Bra\u015fovului, \u00e0 la fin d\u2019une proc\u00e9dure juridique difficile men\u00e9e par M. Jean-Paul Carteron, le fondateur du forum de Crans-Montana.<\/p>\n<p><em>Uniunea Na\u0163ional\u0103 a Notarilor Publici din Romania.<\/em>[\/vc_column_text]<div class=\"grve-empty-space grve-height-1x\" style=\"\"><\/div><div class=\"grve-element grve-align-left\"><a href=\"\/wp-content\/uploads\/2019\/10\/roumanie-titulescu-1940_c.pdf\" title=\"T\u00e9l\u00e9charger\" target=\"_blank\" rel=\"noopener noreferrer\" class=\"grve-btn grve-btn-medium grve-extra-round grve-bg-primary-1 grve-bg-hover-primary-2\"><span><i class=\"entypo-icon entypo-icon-doc-text\"><\/i>Consulter l'Acte<\/span><\/a><\/div>[\/vc_tta_section][vc_tta_section title=\u00a0\u00bb1952 \/ 1954 &#8211; Page de l\u2019index du Registre des testaments \u00e9tabli au notariat de l\u2019Etat de la R\u00e9publique Populaire Roumaine et de la R\u00e9gion de Bucarest\u00a0\u00bb tab_id=\u00a0\u00bb1568121763115-b149af46-58854917-7668ba07-2172&Prime;][vc_column_text]Au chapitre \u00ab Dispositions finales et transitoires \u00bb (articles 110-111) de la loi no. 358 du 3 juillet 1944 pour l\u2019authentification et la l\u00e9galisation des actes, conf\u00e9rer une date certaine aux documents et l\u00e9galisation des copies des documents, est pr\u00e9vue la cr\u00e9ation, au Tribunal Ilfov \u2013 Section Notariale, du Registre des testaments authentiques et mystiques de tout le pays, registre unique au monde \u00e0 cette date.<\/p>\n<p>A partir de cette ann\u00e9e, toutes les sections notariales qui fonctionnaient dans le cadre des instances et les notaires publics qui donnaient la forme authentique aux testaments et d\u00e9clarations qui r\u00e9voquaient ou modifiaient les testaments, ainsi que les instances qui gardaient les testaments mystiques, avaient l\u2019obligation de communiquer des rapports sur ces documents au Tribunal Ilfov &#8211; Section Notariale, dans un maximum de 10 jours \u00e0 partir de la date o\u00f9 ils recevaient ou authentifiaient ce type d\u2019acte de disposition testamentaire. Les rapports contenaient des informations g\u00e9n\u00e9rales : nom, pr\u00e9nom du testateur ou du d\u00e9clarant, le caract\u00e8re authentique ou mystique du testament, la date et le num\u00e9ro sous lesquels elles \u00e9taient authentifi\u00e9es ou enregistr\u00e9es en instance ou par voie notari\u00e9e. Le notaire ou l\u2019instance qui, pour une certaine p\u00e9riode, n\u2019avait pas authentifi\u00e9 ou n\u2019avait pas re\u00e7u une disposition testamentaire, \u00e9tait oblig\u00e9(e) de compl\u00e9ter quand m\u00eame le rapport dans le d\u00e9lai pr\u00e9vu.<\/p>\n<p>Pour l\u2019enregistrement, on demandait un index g\u00e9n\u00e9ral et un index en ordre alphab\u00e9tique compl\u00e9t\u00e9s chaque jour, sous la directe supervision du premier greffier, qui conservait aussi les rapports.<\/p>\n<p>L\u2019index avait un caract\u00e8re confidentiel en ce qui concerne les testaments mystiques: on ne pouvait pas offrir des informations ou des certificats, sauf si on faisait la preuve du d\u00e9c\u00e8s du testateur.<\/p>\n<p>Par le d\u00e9cret no. 53\/1953 est pr\u00e9vue la cr\u00e9ation du registre des testaments authentiques et mystiques de tout le pays \u00e0 l\u2019Office Principal du Notariat d\u2019Etat de la Capitale de la R\u00e9publique Populaire Roumaine et de la R\u00e9gion de Bucarest. Les registres ont \u00e9t\u00e9 transf\u00e9r\u00e9s pour conservation \u00e0 l\u2019Office Principal du Notariat d\u2019Etat.<\/p>\n<p>Etant donn\u00e9 les nouvelles comp\u00e9tences successorales, le registre avait pour r\u00f4le d\u2019assurer l\u2019efficacit\u00e9 du syst\u00e8me notarial et en m\u00eame temps de r\u00e9duire les possibilit\u00e9s d\u2019erreur en cas de successions testamentaires. Les offices r\u00e9gionaux du notariat d\u2019Etat avaient l\u2019obligation de communiquer \u00e0 l\u2019office principal du notariat d\u2019Etat de la capitale de la R\u00e9publique Populaire Roumaine et de la R\u00e9gion de Bucarest, \u00e0 la fin de chaque mois, le total des testaments authentiques et des d\u00e9clarations authentiques, par lesquels on modifiait ou r\u00e9voquait les testaments, d\u00e9pos\u00e9s dans leur archive centrale, au cours du mois respectif.<\/p>\n<p>Le Registre des testaments a \u00e9t\u00e9 aboli durant une courte p\u00e9riode de temps, faute de percevoir son utilit\u00e9 et sa n\u00e9cessit\u00e9. Son utilit\u00e9 a \u00e9t\u00e9 vraiment comprise apr\u00e8s 50 ans, quand la forme digitalis\u00e9e du registre a \u00e9t\u00e9 cr\u00e9\u00e9e.<\/p>\n<p><em>Uniunea Na\u0163ional\u0103 a Notarilor Publici din Romania.<\/em>[\/vc_column_text]<div class=\"grve-empty-space grve-height-1x\" style=\"\"><\/div><div class=\"grve-element grve-align-left\"><a href=\"\/wp-content\/uploads\/2019\/10\/roumanie-registre-1952-1954_c.pdf\" title=\"T\u00e9l\u00e9charger\" target=\"_blank\" rel=\"noopener noreferrer\" class=\"grve-btn grve-btn-medium grve-extra-round grve-bg-primary-1 grve-bg-hover-primary-2\"><span><i class=\"entypo-icon entypo-icon-doc-text\"><\/i>Consulter l'Acte<\/span><\/a><\/div>[\/vc_tta_section][vc_tta_section title=\u00a0\u00bb1988 &#8211; Certificat successoral d\u2019Ana Aslan et premi\u00e8re page de l\u2019inventaire de la succession\u00a0\u00bb tab_id=\u00a0\u00bb1568121683682-ba504f17-dfe44917-7668ba07-2172&Prime;][vc_column_text]Ana Aslan-Vasilichia (n\u00e9e le 1er Javier 1897, \u00e0 Br\u0103ila \u2013 d\u00e9c\u00e9d\u00e9e le 20 mai 1988, \u00e0 Bucarest) est une des plus grandes personnalit\u00e9s f\u00e9minines de l\u2019histoire de la Roumanie. Elle a \u00e9t\u00e9 m\u00e9decin, sp\u00e9cialis\u00e9e en g\u00e9rontologie, acad\u00e9micien \u00e0 partir du 1974, directeur de l\u2019Institut National de G\u00e9riatrie et de G\u00e9rontologie (1958-1988). Ses recherches ont d\u00e9montr\u00e9 l\u2019importance de la proca\u00efne dans l\u2019am\u00e9lioration des disfonctionnements dystrophiques li\u00e9s \u00e0 l\u2019\u00e2ge, en appliquant les r\u00e9sultats de ses recherches dans la clinique de g\u00e9riatrie, Gerovital. De nombreuses personnalit\u00e9s de renomm\u00e9e internationale ont suivi le traitement Gerovital : Charles de Gaulle, J.F. Kennedy, Iosip Broz Tito, Indira Gandhi, Imelda Marcos, Marlene Dietrich, Konrad Adenauer, Charlie Chaplin, Kirk Douglas, Salvador Dali. Ana Aslan a invent\u00e9 (en collaboration avec la pharmacienne Elena Polovr\u0103geanu), le produit g\u00e9riatrique Aslavital, brevet\u00e9 et introduit dans la production industrielle en 1980.<\/p>\n<p>Membre de l\u2019Acad\u00e9mie des Sciences de New York, membre de l\u2019Union mondiale de m\u00e9decine prophylactique et d\u2019hygi\u00e8ne sociale, membre d\u2019Honneur du Centre europ\u00e9en de recherches m\u00e9dicales appliqu\u00e9es, membre du Conseil de direction de l&rsquo;Association internationale de g\u00e9rontologie, membre de la Soci\u00e9t\u00e9 Nationale de G\u00e9rontologie du Chili, Ana Aslan a re\u00e7u de nombreuses distinctions internationales : Le Prix International et la m\u00e9daille \u00ab\u00a0Leon Bernard\u00a0\u00bb, accord\u00e9s par L\u2019Organisation Mondiale de la Sant\u00e9 (1952), Merito della Republica \u2013 Italie, Chevalier de l\u2019ordre des Palmes acad\u00e9miques \u2013 France, Professeur Honoris Causa et docteur \u00e9m\u00e9rite de l\u2019Universit\u00e9 Bragan\u00e7a Paulista du Br\u00e9sil.<\/p>\n<p>Ana Aslan-Vasilichia est d\u00e9c\u00e9d\u00e9e le 20 mai 1988, \u00e0 l\u2019\u00e2ge de 91 ans, sans avoir d\u2019h\u00e9ritiers l\u00e9gaux ou testamentaires. Conform\u00e9ment au certificat successoral no. 1716\/1988 datant de 22 d\u00e9cembre 1988, \u00e9mis par le notariat d\u2019Etat du secteur 1, Bucarest, (dossier successoral no. 878\/1988), l\u2019enti\u00e8re masse successorale est revenue \u00e0 l\u2019Etat roumain.<\/p>\n<p><em>Uniunea Na\u0163ional\u0103 a Notarilor Publici din Romania.<\/em>[\/vc_column_text]<div class=\"grve-empty-space grve-height-1x\" style=\"\"><\/div><div class=\"grve-element grve-align-left\"><a href=\"\/wp-content\/uploads\/2019\/10\/roumanie-aslan-1988_c.pdf\" title=\"T\u00e9l\u00e9charger\" target=\"_blank\" rel=\"noopener noreferrer\" class=\"grve-btn grve-btn-medium grve-extra-round grve-bg-primary-1 grve-bg-hover-primary-2\"><span><i class=\"entypo-icon entypo-icon-doc-text\"><\/i>Consulter l'Acte<\/span><\/a><\/div>[\/vc_tta_section][\/vc_tta_accordion]<div class=\"grve-element grve-align-left cta_custom cta_custom_blue\"><a href=\"\/fr\/actes\/roumanie-ro\" title=\"ROM\u00c2NESC\" class=\"grve-btn grve-btn-medium grve-square grve-bg-primary-1 grve-bg-hover-black\"><span>ROM\u00c2NESC<\/span><\/a><\/div>[\/vc_column][vc_column width=\u00a0\u00bb1\/2&Prime; el_class=\u00a0\u00bbcol_img\u00a0\u00bb]<div class=\"grve-element grve-image img_actes_pays grve-align-center\" style=\"\">  <div class=\"grve-image-wrapper\"><img loading=\"lazy\" decoding=\"async\" width=\"1500\" height=\"1194\" src=\"https:\/\/www.notariesofeurope-exhibition.eu\/wp-content\/uploads\/2026\/02\/romania.webp\" class=\"attachment-full size-full\" alt=\"\" srcset=\"https:\/\/www.notariesofeurope-exhibition.eu\/wp-content\/uploads\/2026\/02\/romania.webp 1500w, https:\/\/www.notariesofeurope-exhibition.eu\/wp-content\/uploads\/2026\/02\/romania-300x239.webp 300w, https:\/\/www.notariesofeurope-exhibition.eu\/wp-content\/uploads\/2026\/02\/romania-1024x815.webp 1024w, https:\/\/www.notariesofeurope-exhibition.eu\/wp-content\/uploads\/2026\/02\/romania-768x611.webp 768w\" sizes=\"auto, (max-width: 1500px) 100vw, 1500px\" \/>   <\/div><\/div>[\/vc_column][\/vc_row][vc_row bg_type=\u00a0\u00bbcolor\u00a0\u00bb padding_top_multiplier=\u00a0\u00bb3x\u00a0\u00bb el_class=\u00a0\u00bbmap_section\u00a0\u00bb bg_color=\u00a0\u00bb#E7ECF3&Prime;][vc_column]<h2 class=\"grve-element grve-title grve-align-left grve-h3 title_section\" style=\"\"><span>Recherchez des actes d&rsquo;autres pays :<\/span><\/h2>[\/vc_column][\/vc_row][vc_row section_type=\u00a0\u00bbfullwidth\u00a0\u00bb bg_type=\u00a0\u00bbcolor\u00a0\u00bb padding_top_multiplier=\u00a0\u00bb\u00a0\u00bb padding_bottom_multiplier=\u00a0\u00bb\u00a0\u00bb columns_gap=\u00a0\u00bbnone\u00a0\u00bb bg_color=\u00a0\u00bb#E7ECF3&Prime;][vc_column][vc_column_text css=\u00a0\u00bb\u00a0\u00bb]<div id=\"mapplic-id48\" data-mapdata=\"{&quot;mapwidth&quot;:&quot;1200&quot;,&quot;mapheight&quot;:&quot;1200&quot;,&quot;minimap&quot;:false,&quot;zoombuttons&quot;:true,&quot;sidebar&quot;:false,&quot;search&quot;:false,&quot;hovertip&quot;:true,&quot;fullscreen&quot;:false,&quot;zoomlimit&quot;:&quot;2&quot;,&quot;mapfill&quot;:true,&quot;zoom&quot;:true,&quot;alphabetic&quot;:true,&quot;categories&quot;:[],&quot;levels&quot;:[{&quot;id&quot;:&quot;europe&quot;,&quot;title&quot;:&quot;Europe&quot;,&quot;map&quot;:&quot;\/\/www.notariesofeurope-exhibition.eu\/wp-content\/plugins\/mapplic\/maps\/europe.svg&quot;,&quot;minimap&quot;:&quot;https:\/\/www.notariesofeurope-exhibition.eu\/wp-content\/plugins\/mapplic\/maps\/europe-mini.jpg&quot;,&quot;locations&quot;:[{&quot;id&quot;:&quot;de&quot;,&quot;title&quot;:&quot;Allemagne&quot;,&quot;description&quot;:&quot;&lt;p&gt;Allemagne&lt;\/p&gt;&quot;,&quot;pin&quot;:&quot;hidden&quot;,&quot;link&quot;:&quot;\/fr\/actes\/allemagne&quot;,&quot;thumbnail&quot;:&quot;\/wp-content\/uploads\/2019\/09\/flag-allemagne-1.svg&quot;,&quot;image&quot;:&quot;\/wp-content\/uploads\/2019\/09\/flag-allemagne-1.svg&quot;,&quot;action&quot;:&quot;default&quot;,&quot;x&quot;:&quot;0.4366&quot;,&quot;y&quot;:&quot;0.5294&quot;},{&quot;id&quot;:&quot;fr&quot;,&quot;title&quot;:&quot;France&quot;,&quot;description&quot;:&quot;&lt;p&gt;France&lt;\/p&gt;&quot;,&quot;pin&quot;:&quot;hidden&quot;,&quot;link&quot;:&quot;\/fr\/actes\/france&quot;,&quot;action&quot;:&quot;open-link&quot;,&quot;x&quot;:&quot;0.3135&quot;,&quot;y&quot;:&quot;0.6364&quot;,&quot;image&quot;:&quot;\/wp-content\/uploads\/2019\/09\/flag-france.svg&quot;,&quot;thumbnail&quot;:&quot;\/wp-content\/uploads\/2019\/09\/flag-france.svg&quot;},{&quot;id&quot;:&quot;at&quot;,&quot;title&quot;:&quot;Autriche&quot;,&quot;description&quot;:&quot;&lt;p&gt;Autriche&lt;\/p&gt;&quot;,&quot;pin&quot;:&quot;hidden&quot;,&quot;action&quot;:&quot;default&quot;,&quot;x&quot;:&quot;0.5084&quot;,&quot;y&quot;:&quot;0.6182&quot;,&quot;thumbnail&quot;:&quot;\/wp-content\/uploads\/2019\/09\/flag-autriche.svg&quot;,&quot;image&quot;:&quot;\/wp-content\/uploads\/2019\/09\/flag-autriche.svg&quot;,&quot;link&quot;:&quot;\/fr\/actes\/autriche&quot;},{&quot;id&quot;:&quot;be&quot;,&quot;title&quot;:&quot;Belgique&quot;,&quot;description&quot;:&quot;&lt;p&gt;Belgique&lt;\/p&gt;&quot;,&quot;pin&quot;:&quot;hidden&quot;,&quot;link&quot;:&quot;\/fr\/actes\/belgique&quot;,&quot;thumbnail&quot;:&quot;\/wp-content\/uploads\/2019\/09\/flag-belgique.svg&quot;,&quot;image&quot;:&quot;\/wp-content\/uploads\/2019\/09\/flag-belgique.svg&quot;,&quot;action&quot;:&quot;default&quot;,&quot;x&quot;:&quot;0.3574&quot;,&quot;y&quot;:&quot;0.5358&quot;},{&quot;id&quot;:&quot;lu&quot;,&quot;title&quot;:&quot;Luxembourg&quot;,&quot;description&quot;:&quot;&lt;p&gt;Luxembourg&lt;\/p&gt;&quot;,&quot;pin&quot;:&quot;hidden&quot;,&quot;link&quot;:&quot;\/fr\/actes\/luxembourg&quot;,&quot;thumbnail&quot;:&quot;\/wp-content\/uploads\/2019\/09\/flag-luxembourg.svg&quot;,&quot;image&quot;:&quot;\/wp-content\/uploads\/2019\/09\/flag-luxembourg.svg&quot;,&quot;action&quot;:&quot;default&quot;,&quot;x&quot;:&quot;0.3777&quot;,&quot;y&quot;:&quot;0.5583&quot;},{&quot;id&quot;:&quot;nl&quot;,&quot;title&quot;:&quot;Pays-Bas&quot;,&quot;description&quot;:&quot;&lt;p&gt;Pays-Bas&lt;\/p&gt;&quot;,&quot;pin&quot;:&quot;hidden&quot;,&quot;link&quot;:&quot;\/fr\/actes\/pays-bas&quot;,&quot;thumbnail&quot;:&quot;\/wp-content\/uploads\/2019\/09\/flag-paysbas.svg&quot;,&quot;image&quot;:&quot;\/wp-content\/uploads\/2019\/09\/flag-paysbas.svg&quot;,&quot;action&quot;:&quot;open-link&quot;,&quot;x&quot;:&quot;0.3689&quot;,&quot;y&quot;:&quot;0.5010&quot;},{&quot;id&quot;:&quot;pl&quot;,&quot;title&quot;:&quot;Pologne&quot;,&quot;description&quot;:&quot;&lt;p&gt;Pologne&lt;\/p&gt;&quot;,&quot;pin&quot;:&quot;hidden&quot;,&quot;link&quot;:&quot;\/fr\/actes\/pologne&quot;,&quot;thumbnail&quot;:&quot;\/wp-content\/uploads\/2019\/09\/flag-pologne.svg&quot;,&quot;image&quot;:&quot;\/wp-content\/uploads\/2019\/09\/flag-pologne.svg&quot;,&quot;action&quot;:&quot;open-link&quot;,&quot;x&quot;:&quot;0.5715&quot;,&quot;y&quot;:&quot;0.4919&quot;},{&quot;id&quot;:&quot;bg&quot;,&quot;title&quot;:&quot;Bulgarie&quot;,&quot;description&quot;:&quot;&lt;p&gt;Bulgarie&lt;\/p&gt;&quot;,&quot;pin&quot;:&quot;hidden&quot;,&quot;link&quot;:&quot;\/fr\/actes\/bulgarie&quot;,&quot;thumbnail&quot;:&quot;\/wp-content\/uploads\/2019\/09\/flag-bulgarie.svg&quot;,&quot;image&quot;:&quot;\/wp-content\/uploads\/2019\/09\/flag-bulgarie.svg&quot;,&quot;action&quot;:&quot;open-link&quot;,&quot;x&quot;:&quot;0.7086&quot;,&quot;y&quot;:&quot;0.7149&quot;},{&quot;id&quot;:&quot;ro&quot;,&quot;title&quot;:&quot;Roumanie&quot;,&quot;description&quot;:&quot;&lt;p&gt;Roumanie&lt;\/p&gt;&quot;,&quot;pin&quot;:&quot;hidden&quot;,&quot;link&quot;:&quot;\/fr\/actes\/roumanie&quot;,&quot;thumbnail&quot;:&quot;\/wp-content\/uploads\/2019\/09\/flag-roumanie.svg&quot;,&quot;image&quot;:&quot;\/wp-content\/uploads\/2019\/09\/flag-roumanie.svg&quot;,&quot;action&quot;:&quot;open-link&quot;,&quot;x&quot;:&quot;0.6925&quot;,&quot;y&quot;:&quot;0.6389&quot;},{&quot;id&quot;:&quot;gr&quot;,&quot;title&quot;:&quot;Gr&egrave;ce&quot;,&quot;description&quot;:&quot;&lt;p&gt;Gr&egrave;ce&lt;\/p&gt;&quot;,&quot;pin&quot;:&quot;hidden&quot;,&quot;link&quot;:&quot;\/fr\/actes\/grece&quot;,&quot;thumbnail&quot;:&quot;\/wp-content\/uploads\/2019\/09\/flag-grece.svg&quot;,&quot;image&quot;:&quot;\/wp-content\/uploads\/2019\/09\/flag-grece.svg&quot;,&quot;action&quot;:&quot;open-link&quot;,&quot;x&quot;:&quot;0.6572&quot;,&quot;y&quot;:&quot;0.7995&quot;},{&quot;id&quot;:&quot;hr&quot;,&quot;title&quot;:&quot;Croatie&quot;,&quot;description&quot;:&quot;&lt;p&gt;Croatie&lt;\/p&gt;&quot;,&quot;pin&quot;:&quot;hidden&quot;,&quot;link&quot;:&quot;\/fr\/actes\/croatie&quot;,&quot;thumbnail&quot;:&quot;\/wp-content\/uploads\/2019\/09\/flag-croatie.svg&quot;,&quot;image&quot;:&quot;\/wp-content\/uploads\/2019\/09\/flag-croatie.svg&quot;,&quot;action&quot;:&quot;open-link&quot;,&quot;x&quot;:&quot;0.5426&quot;,&quot;y&quot;:&quot;0.6581&quot;},{&quot;id&quot;:&quot;si&quot;,&quot;title&quot;:&quot;Slov&eacute;nie&quot;,&quot;description&quot;:&quot;&lt;p&gt;Slov&eacute;nie&lt;\/p&gt;&quot;,&quot;pin&quot;:&quot;hidden&quot;,&quot;link&quot;:&quot;\/fr\/actes\/slovenie&quot;,&quot;thumbnail&quot;:&quot;\/wp-content\/uploads\/2019\/09\/flag-slovenie.svg&quot;,&quot;image&quot;:&quot;\/wp-content\/uploads\/2019\/09\/flag-slovenie.svg&quot;,&quot;action&quot;:&quot;open-link&quot;,&quot;x&quot;:&quot;0.5180&quot;,&quot;y&quot;:&quot;0.6503&quot;},{&quot;id&quot;:&quot;es&quot;,&quot;title&quot;:&quot;Espagne&quot;,&quot;description&quot;:&quot;&lt;p&gt;Espagne&lt;\/p&gt;&quot;,&quot;pin&quot;:&quot;hidden&quot;,&quot;link&quot;:&quot;\/fr\/actes\/espagne&quot;,&quot;thumbnail&quot;:&quot;\/wp-content\/uploads\/2019\/09\/flag-espagne.svg&quot;,&quot;image&quot;:&quot;\/wp-content\/uploads\/2019\/09\/flag-espagne.svg&quot;,&quot;action&quot;:&quot;default&quot;,&quot;x&quot;:&quot;0.1818&quot;,&quot;y&quot;:&quot;0.7905&quot;},{&quot;id&quot;:&quot;pt&quot;,&quot;title&quot;:&quot;Portugal&quot;,&quot;description&quot;:&quot;&lt;p&gt;Portugal&lt;\/p&gt;&quot;,&quot;pin&quot;:&quot;hidden&quot;,&quot;link&quot;:&quot;\/fr\/actes\/portugal&quot;,&quot;thumbnail&quot;:&quot;\/wp-content\/uploads\/2019\/09\/flag-portugal.svg&quot;,&quot;image&quot;:&quot;\/wp-content\/uploads\/2019\/09\/flag-portugal.svg&quot;,&quot;action&quot;:&quot;open-link&quot;,&quot;x&quot;:&quot;0.0962&quot;,&quot;y&quot;:&quot;0.7777&quot;},{&quot;id&quot;:&quot;hu&quot;,&quot;title&quot;:&quot;Hongrie&quot;,&quot;description&quot;:&quot;&lt;p&gt;Hongrie&lt;\/p&gt;&quot;,&quot;pin&quot;:&quot;hidden&quot;,&quot;link&quot;:&quot;\/fr\/actes\/hongrie&quot;,&quot;thumbnail&quot;:&quot;\/wp-content\/uploads\/2019\/09\/flag-hongrie.svg&quot;,&quot;image&quot;:&quot;\/wp-content\/uploads\/2019\/09\/flag-hongrie.svg&quot;,&quot;action&quot;:&quot;open-link&quot;,&quot;x&quot;:&quot;0.5919&quot;,&quot;y&quot;:&quot;0.6182&quot;},{&quot;id&quot;:&quot;it&quot;,&quot;title&quot;:&quot;Italie&quot;,&quot;description&quot;:&quot;&lt;p&gt;Italie&lt;\/p&gt;&quot;,&quot;pin&quot;:&quot;hidden&quot;,&quot;link&quot;:&quot;\/fr\/actes\/italie&quot;,&quot;thumbnail&quot;:&quot;\/wp-content\/uploads\/2019\/09\/flag-italie.svg&quot;,&quot;image&quot;:&quot;\/wp-content\/uploads\/2019\/09\/flag-italie.svg&quot;,&quot;action&quot;:&quot;open-link&quot;,&quot;x&quot;:&quot;0.4773&quot;,&quot;y&quot;:&quot;0.7263&quot;},{&quot;id&quot;:&quot;mt&quot;,&quot;title&quot;:&quot;Malte&quot;,&quot;description&quot;:&quot;&lt;p&gt;Malte&lt;\/p&gt;&quot;,&quot;pin&quot;:&quot;hidden&quot;,&quot;link&quot;:&quot;\/fr\/actes\/malte&quot;,&quot;thumbnail&quot;:&quot;\/wp-content\/uploads\/2019\/09\/flag-malte.svg&quot;,&quot;image&quot;:&quot;\/wp-content\/uploads\/2019\/09\/flag-malte.svg&quot;,&quot;action&quot;:&quot;open-link&quot;,&quot;x&quot;:&quot;0.5279&quot;,&quot;y&quot;:&quot;0.9085&quot;}]}],&quot;maxscale&quot;:&quot;2&quot;,&quot;clearbutton&quot;:true,&quot;mousewheel&quot;:false,&quot;deeplinking&quot;:true,&quot;fillcolor&quot;:&quot;#322d7c&quot;,&quot;action&quot;:&quot;open-link&quot;,&quot;height&quot;:&quot;100%&quot;,&quot;zoomoutclose&quot;:false,&quot;closezoomout&quot;:false,&quot;thumbholder&quot;:true,&quot;hidenofilter&quot;:false,&quot;linknewtab&quot;:false,&quot;csv&quot;:&quot;&quot;,&quot;topLat&quot;:&quot;55.058191&quot;,&quot;leftLng&quot;:&quot;5.866365&quot;,&quot;bottomLat&quot;:&quot;47.270172&quot;,&quot;rightLng&quot;:&quot;15.041747&quot;}\"><\/div>[\/vc_column_text][\/vc_column][\/vc_row]<\/p>\n<\/div>","protected":false},"excerpt":{"rendered":"<p>[vc_row bg_type=\u00a0\u00bbcolor\u00a0\u00bb padding_top_multiplier=\u00a0\u00bb\u00a0\u00bb padding_bottom_multiplier=\u00a0\u00bb\u00a0\u00bb bg_color=\u00a0\u00bb#E7ECF3&Prime; el_class=\u00a0\u00bbhero_page\u00a0\u00bb][vc_column width=\u00a0\u00bb1\/2&Prime; tablet_width=\u00a0\u00bb1&Prime; tablet_sm_width=\u00a0\u00bb1&Prime; el_class=\u00a0\u00bbaccord_actes\u00a0\u00bb][vc_tta_accordion active_section=\u00a0\u00bb999&Prime;][vc_tta_section title=\u00a0\u00bb1940 &#8211; Testament du grand diplomate Nicolae Titulescu\u00a0\u00bb tab_id=\u00a0\u00bb1568121683620-4df91743-a69c4917-7668ba07-2172&Prime;][vc_column_text css=\u00a0\u00bb\u00a0\u00bb] Le testament de Nicolae Titulescu a \u00e9t\u00e9 authentifi\u00e9 par l\u2019Ambassade de la Roumanie \u00e0 Paris, sous le num\u00e9ro 27 du 04.03.1940. La copie conforme \u00e0 l\u2019original a \u00e9t\u00e9 enregistr\u00e9e \u00e0 l\u2019administration financi\u00e8re du secteur [&hellip;]<\/p>\n","protected":false},"author":2,"featured_media":0,"parent":11,"menu_order":0,"comment_status":"closed","ping_status":"closed","template":"","meta":{"inline_featured_image":false,"footnotes":""},"class_list":["post-201","page","type-page","status-publish","hentry"],"yoast_head":"<!-- This site is optimized with the Yoast SEO plugin v26.9 - https:\/\/yoast.com\/product\/yoast-seo-wordpress\/ -->\n<title>Roumanie - Notaries of Europe - Exhibition<\/title>\n<meta name=\"robots\" content=\"index, follow, max-snippet:-1, max-image-preview:large, max-video-preview:-1\" \/>\n<link rel=\"canonical\" href=\"https:\/\/www.notariesofeurope-exhibition.eu\/fr\/actes\/roumanie\/\" \/>\n<meta property=\"og:locale\" content=\"fr_FR\" \/>\n<meta property=\"og:type\" content=\"article\" \/>\n<meta property=\"og:title\" content=\"Roumanie - Notaries of Europe - Exhibition\" \/>\n<meta property=\"og:description\" content=\"[vc_row bg_type=\u00a0\u00bbcolor\u00a0\u00bb padding_top_multiplier=\u00a0\u00bb\u00a0\u00bb padding_bottom_multiplier=\u00a0\u00bb\u00a0\u00bb bg_color=\u00a0\u00bb#E7ECF3&Prime; el_class=\u00a0\u00bbhero_page\u00a0\u00bb][vc_column width=\u00a0\u00bb1\/2&Prime; tablet_width=\u00a0\u00bb1&Prime; tablet_sm_width=\u00a0\u00bb1&Prime; el_class=\u00a0\u00bbaccord_actes\u00a0\u00bb][vc_tta_accordion active_section=\u00a0\u00bb999&Prime;][vc_tta_section title=\u00a0\u00bb1940 &#8211; Testament du grand diplomate Nicolae Titulescu\u00a0\u00bb tab_id=\u00a0\u00bb1568121683620-4df91743-a69c4917-7668ba07-2172&Prime;][vc_column_text css=\u00a0\u00bb\u00a0\u00bb] Le testament de Nicolae Titulescu a \u00e9t\u00e9 authentifi\u00e9 par l\u2019Ambassade de la Roumanie \u00e0 Paris, sous le num\u00e9ro 27 du 04.03.1940. La copie conforme \u00e0 l\u2019original a \u00e9t\u00e9 enregistr\u00e9e \u00e0 l\u2019administration financi\u00e8re du secteur [&hellip;]\" \/>\n<meta property=\"og:url\" content=\"https:\/\/www.notariesofeurope-exhibition.eu\/fr\/actes\/roumanie\/\" \/>\n<meta property=\"og:site_name\" content=\"Notaries of Europe - Exhibition\" \/>\n<meta property=\"article:modified_time\" content=\"2026-03-04T13:19:13+00:00\" \/>\n<meta name=\"twitter:card\" content=\"summary_large_image\" \/>\n<meta name=\"twitter:label1\" content=\"Dur\u00e9e de lecture estim\u00e9e\" \/>\n\t<meta name=\"twitter:data1\" content=\"6 minutes\" \/>\n<script type=\"application\/ld+json\" class=\"yoast-schema-graph\">{\"@context\":\"https:\/\/schema.org\",\"@graph\":[{\"@type\":\"WebPage\",\"@id\":\"https:\/\/www.notariesofeurope-exhibition.eu\/fr\/actes\/roumanie\/\",\"url\":\"https:\/\/www.notariesofeurope-exhibition.eu\/fr\/actes\/roumanie\/\",\"name\":\"Roumanie - Notaries of Europe - Exhibition\",\"isPartOf\":{\"@id\":\"https:\/\/www.notariesofeurope-exhibition.eu\/#website\"},\"datePublished\":\"2019-09-17T13:32:57+00:00\",\"dateModified\":\"2026-03-04T13:19:13+00:00\",\"breadcrumb\":{\"@id\":\"https:\/\/www.notariesofeurope-exhibition.eu\/fr\/actes\/roumanie\/#breadcrumb\"},\"inLanguage\":\"fr-FR\",\"potentialAction\":[{\"@type\":\"ReadAction\",\"target\":[\"https:\/\/www.notariesofeurope-exhibition.eu\/fr\/actes\/roumanie\/\"]}]},{\"@type\":\"BreadcrumbList\",\"@id\":\"https:\/\/www.notariesofeurope-exhibition.eu\/fr\/actes\/roumanie\/#breadcrumb\",\"itemListElement\":[{\"@type\":\"ListItem\",\"position\":1,\"name\":\"Accueil\",\"item\":\"https:\/\/www.notariesofeurope-exhibition.eu\/fr\/\"},{\"@type\":\"ListItem\",\"position\":2,\"name\":\"Actes\",\"item\":\"https:\/\/www.notariesofeurope-exhibition.eu\/fr\/actes\/\"},{\"@type\":\"ListItem\",\"position\":3,\"name\":\"Roumanie\"}]},{\"@type\":\"WebSite\",\"@id\":\"https:\/\/www.notariesofeurope-exhibition.eu\/#website\",\"url\":\"https:\/\/www.notariesofeurope-exhibition.eu\/\",\"name\":\"Notaries of Europe - Exhibition\",\"description\":\"CNUE\",\"potentialAction\":[{\"@type\":\"SearchAction\",\"target\":{\"@type\":\"EntryPoint\",\"urlTemplate\":\"https:\/\/www.notariesofeurope-exhibition.eu\/?s={search_term_string}\"},\"query-input\":{\"@type\":\"PropertyValueSpecification\",\"valueRequired\":true,\"valueName\":\"search_term_string\"}}],\"inLanguage\":\"fr-FR\"}]}<\/script>\n<!-- \/ Yoast SEO plugin. -->","yoast_head_json":{"title":"Roumanie - Notaries of Europe - Exhibition","robots":{"index":"index","follow":"follow","max-snippet":"max-snippet:-1","max-image-preview":"max-image-preview:large","max-video-preview":"max-video-preview:-1"},"canonical":"https:\/\/www.notariesofeurope-exhibition.eu\/fr\/actes\/roumanie\/","og_locale":"fr_FR","og_type":"article","og_title":"Roumanie - Notaries of Europe - Exhibition","og_description":"[vc_row bg_type=\u00a0\u00bbcolor\u00a0\u00bb padding_top_multiplier=\u00a0\u00bb\u00a0\u00bb padding_bottom_multiplier=\u00a0\u00bb\u00a0\u00bb bg_color=\u00a0\u00bb#E7ECF3&Prime; el_class=\u00a0\u00bbhero_page\u00a0\u00bb][vc_column width=\u00a0\u00bb1\/2&Prime; tablet_width=\u00a0\u00bb1&Prime; tablet_sm_width=\u00a0\u00bb1&Prime; el_class=\u00a0\u00bbaccord_actes\u00a0\u00bb][vc_tta_accordion active_section=\u00a0\u00bb999&Prime;][vc_tta_section title=\u00a0\u00bb1940 &#8211; Testament du grand diplomate Nicolae Titulescu\u00a0\u00bb tab_id=\u00a0\u00bb1568121683620-4df91743-a69c4917-7668ba07-2172&Prime;][vc_column_text css=\u00a0\u00bb\u00a0\u00bb] Le testament de Nicolae Titulescu a \u00e9t\u00e9 authentifi\u00e9 par l\u2019Ambassade de la Roumanie \u00e0 Paris, sous le num\u00e9ro 27 du 04.03.1940. La copie conforme \u00e0 l\u2019original a \u00e9t\u00e9 enregistr\u00e9e \u00e0 l\u2019administration financi\u00e8re du secteur [&hellip;]","og_url":"https:\/\/www.notariesofeurope-exhibition.eu\/fr\/actes\/roumanie\/","og_site_name":"Notaries of Europe - Exhibition","article_modified_time":"2026-03-04T13:19:13+00:00","twitter_card":"summary_large_image","twitter_misc":{"Dur\u00e9e de lecture estim\u00e9e":"6 minutes"},"schema":{"@context":"https:\/\/schema.org","@graph":[{"@type":"WebPage","@id":"https:\/\/www.notariesofeurope-exhibition.eu\/fr\/actes\/roumanie\/","url":"https:\/\/www.notariesofeurope-exhibition.eu\/fr\/actes\/roumanie\/","name":"Roumanie - Notaries of Europe - Exhibition","isPartOf":{"@id":"https:\/\/www.notariesofeurope-exhibition.eu\/#website"},"datePublished":"2019-09-17T13:32:57+00:00","dateModified":"2026-03-04T13:19:13+00:00","breadcrumb":{"@id":"https:\/\/www.notariesofeurope-exhibition.eu\/fr\/actes\/roumanie\/#breadcrumb"},"inLanguage":"fr-FR","potentialAction":[{"@type":"ReadAction","target":["https:\/\/www.notariesofeurope-exhibition.eu\/fr\/actes\/roumanie\/"]}]},{"@type":"BreadcrumbList","@id":"https:\/\/www.notariesofeurope-exhibition.eu\/fr\/actes\/roumanie\/#breadcrumb","itemListElement":[{"@type":"ListItem","position":1,"name":"Accueil","item":"https:\/\/www.notariesofeurope-exhibition.eu\/fr\/"},{"@type":"ListItem","position":2,"name":"Actes","item":"https:\/\/www.notariesofeurope-exhibition.eu\/fr\/actes\/"},{"@type":"ListItem","position":3,"name":"Roumanie"}]},{"@type":"WebSite","@id":"https:\/\/www.notariesofeurope-exhibition.eu\/#website","url":"https:\/\/www.notariesofeurope-exhibition.eu\/","name":"Notaries of Europe - Exhibition","description":"CNUE","potentialAction":[{"@type":"SearchAction","target":{"@type":"EntryPoint","urlTemplate":"https:\/\/www.notariesofeurope-exhibition.eu\/?s={search_term_string}"},"query-input":{"@type":"PropertyValueSpecification","valueRequired":true,"valueName":"search_term_string"}}],"inLanguage":"fr-FR"}]}},"_links":{"self":[{"href":"https:\/\/www.notariesofeurope-exhibition.eu\/fr\/wp-json\/wp\/v2\/pages\/201","targetHints":{"allow":["GET"]}}],"collection":[{"href":"https:\/\/www.notariesofeurope-exhibition.eu\/fr\/wp-json\/wp\/v2\/pages"}],"about":[{"href":"https:\/\/www.notariesofeurope-exhibition.eu\/fr\/wp-json\/wp\/v2\/types\/page"}],"author":[{"embeddable":true,"href":"https:\/\/www.notariesofeurope-exhibition.eu\/fr\/wp-json\/wp\/v2\/users\/2"}],"replies":[{"embeddable":true,"href":"https:\/\/www.notariesofeurope-exhibition.eu\/fr\/wp-json\/wp\/v2\/comments?post=201"}],"version-history":[{"count":20,"href":"https:\/\/www.notariesofeurope-exhibition.eu\/fr\/wp-json\/wp\/v2\/pages\/201\/revisions"}],"predecessor-version":[{"id":2476,"href":"https:\/\/www.notariesofeurope-exhibition.eu\/fr\/wp-json\/wp\/v2\/pages\/201\/revisions\/2476"}],"up":[{"embeddable":true,"href":"https:\/\/www.notariesofeurope-exhibition.eu\/fr\/wp-json\/wp\/v2\/pages\/11"}],"wp:attachment":[{"href":"https:\/\/www.notariesofeurope-exhibition.eu\/fr\/wp-json\/wp\/v2\/media?parent=201"}],"curies":[{"name":"wp","href":"https:\/\/api.w.org\/{rel}","templated":true}]}}