{"id":231,"date":"2019-09-17T15:52:36","date_gmt":"2019-09-17T13:52:36","guid":{"rendered":"http:\/\/staging.notariesofeurope-exhibition.eu\/?page_id=231"},"modified":"2026-02-16T17:58:40","modified_gmt":"2026-02-16T15:58:40","slug":"pologne","status":"publish","type":"page","link":"https:\/\/www.notariesofeurope-exhibition.eu\/fr\/actes\/pologne\/","title":{"rendered":"Pologne"},"content":{"rendered":"<div class=\"wpb-content-wrapper\"><p>[vc_row bg_type=\u00a0\u00bbcolor\u00a0\u00bb padding_top_multiplier=\u00a0\u00bb\u00a0\u00bb padding_bottom_multiplier=\u00a0\u00bb\u00a0\u00bb bg_color=\u00a0\u00bb#E7ECF3&Prime; el_class=\u00a0\u00bbhero_page\u00a0\u00bb][vc_column width=\u00a0\u00bb1\/2&Prime; tablet_width=\u00a0\u00bb1&Prime; tablet_sm_width=\u00a0\u00bb1&Prime; el_class=\u00a0\u00bbaccord_actes\u00a0\u00bb]<div class=\"grve-element grve-box-icon grve-medium grve-side-icon grve-align-left title_pays\" style=\"\"><div class=\"grve-image-icon\"><img loading=\"lazy\" decoding=\"async\" width=\"1\" height=\"1\" src=\"https:\/\/www.notariesofeurope-exhibition.eu\/wp-content\/uploads\/2026\/02\/pologne.svg\" class=\"attachment-full size-full\" alt=\"\" \/><\/div><div class=\"grve-box-content\"><div class=\"grve-box-title-wrapper\"><h1 class=\"grve-box-title grve-leader-text\">Pologne<\/h1><\/div><\/div><\/div>[vc_tta_accordion active_section=\u00a0\u00bb999&Prime;][vc_tta_section title=\u00a0\u00bb1411 &#8211; Premi\u00e8re paix de Toru\u0144\u00a0\u00bb tab_id=\u00a0\u00bb1568121683620-4df91743-a69c4917-766842b3-5d83&Prime;][vc_column_text]<\/p>\n<p style=\"text-align: center;\"><strong>Le 1er f\u00e9vrier 1411, Henryk de Plauen, grand ma\u00eetre de l\u2019Ordre teutonique, conclut \u00e0 Toru\u0144 la paix avec Ladislas, roi de Pologne, et Alexandre Witold, grand-duc de Lituanie.<\/strong><\/p>\n<p>La premi\u00e8re paix de Toru\u0144 met fin \u00e0 ce qu\u2019on appelle la Grande Guerre des ann\u00e9es 1409\u20131411. Bien que la Ie Paix de Toru\u0144 n\u2019ait pas apport\u00e9 une paix durable, elle a eu une grande importance pour la position de Ladislas Jagellon sur la sc\u00e8ne internationale. En cons\u00e9quence de cette paix, au mois de mars de 1412, Sigismond de Luxembourg et Ladislas Jagellon signent \u00e0 St\u00e1ra \u013dubov\u0148a un trait\u00e9 de paix qui \u00e9tablit Jagellon comme un souverain chr\u00e9tien et au r\u00e9sultat duquel prend fin l\u2019alliance hungaro-teutonique encerclant la Pologne.[\/vc_column_text]<div class=\"grve-empty-space grve-height-1x\" style=\"\"><\/div><div class=\"grve-element grve-align-left\"><a href=\"\/wp-content\/uploads\/2019\/10\/pologne-torun-1411_c.pdf\" title=\"T\u00e9l\u00e9charger\" target=\"_blank\" rel=\"noopener noreferrer\" class=\"grve-btn grve-btn-medium grve-extra-round grve-bg-primary-1 grve-bg-hover-primary-2\"><span><i class=\"entypo-icon entypo-icon-doc-text\"><\/i>Consulter l'Acte<\/span><\/a><\/div>[\/vc_tta_section][vc_tta_section title=\u00a0\u00bb1434 &#8211; Exp\u00e9dition faite \u00e0 B\u00e2le, par cinq notaires, du document dans lequel le Concile de B\u00e2le demande \u00e0 l\u2019\u00e9v\u00eaque de Lodi d\u2019acqu\u00e9rir des informations relatives au litige opposant l\u2019archev\u00eaque et le chapitre de Riga \u00e0 l\u2019ordre teutonique de Livonie\u00a0\u00bb tab_id=\u00a0\u00bb1568815482835-7e7c8a05-98bb\u00a0\u00bb][vc_column_text]<em>le 6 mars 1434<\/em><\/p>\n<p>L\u2019ordre teutonique de Livonie a impos\u00e9 de force au chapitre de Riga, suivant les r\u00e8gles de saint Augustin, la r\u00e8gle de l\u2019ordre allemand.<\/p>\n<p>Le document a trait au conflit de plus de deux cents ans entre les archev\u00eaques de Riga et l\u2019ordre teutonique. \u00a0Le conflit a \u00e9t\u00e9 provoqu\u00e9 par des tentatives de prise de pouvoir \u00e0 Riga par l\u2019ordre teutonique suite auxquelles, en 1297, les bourgeois de Riga ont d\u00e9moli la cour teutonique et mis \u00e0 mort la garnison de la place. Au cours des ann\u00e9es suivantes, la ville passe de mains en mains, jusqu\u2019au moment o\u00f9, dans les ann\u00e9es 1521\u20131524, Riga devient une ville luth\u00e9rienne.[\/vc_column_text]<div class=\"grve-empty-space grve-height-1x\" style=\"\"><\/div><div class=\"grve-element grve-align-left\"><a href=\"\/wp-content\/uploads\/2019\/10\/pologne-expedition-1434_c.pdf\" title=\"T\u00e9l\u00e9charger\" target=\"_blank\" rel=\"noopener noreferrer\" class=\"grve-btn grve-btn-medium grve-extra-round grve-bg-primary-1 grve-bg-hover-primary-2\"><span><i class=\"entypo-icon entypo-icon-doc-text\"><\/i>Consulter l'Acte<\/span><\/a><\/div>[\/vc_tta_section][vc_tta_section title=\u00a0\u00bb1812 &#8211; Derni\u00e8res volont\u00e9s et testament de J\u00f3zef Antoni Poniatowski\u00a0\u00bb tab_id=\u00a0\u00bb1572356502999-6418866d-a894&Prime;][vc_column_text css=\u00a0\u00bb\u00a0\u00bb]J\u00f3zef Antoni Poniatowski, prince aux armoiries de Cio\u0142ek (n\u00e9 le 7 mai 1763 \u00e0 Vienne, mort le 19 octobre 1813 pr\u00e8s de Leipzig), g\u00e9n\u00e9ral polonais, ministre de la Guerre, commandant en chef de l&rsquo;arm\u00e9e polonaise du duch\u00e9 de Varsovie, mar\u00e9chal de France, aristocrate, franc-ma\u00e7on, neveu du dernier roi de Pologne, Stanis\u0142aw August Poniatowski.<\/p>\n<p>Face \u00e0 une guerre imminente, le prince J\u00f3zef, \u00ab \u00e0 la mani\u00e8re d\u2019un chevalier prudent \u00bb, r\u00e9digea ses derni\u00e8res volont\u00e9s et son testament en juin 1812. Il r\u00e9digea le testament lui-m\u00eame, en fran\u00e7ais. \u00c0 son d\u00e9part de Varsovie, il d\u00e9posa le testament aupr\u00e8s d&rsquo;un officier de confiance, en pr\u00e9sence de deux t\u00e9moins, en donnant pour instruction qu&rsquo;apr\u00e8s sa mort, le testament soit remis aux personnes d\u00e9sign\u00e9es. Apr\u00e8s la confirmation officielle de la mort du prince J\u00f3zef, le testament fut ouvert et son contenu annonc\u00e9, comme pr\u00e9vu par le tribunal, le 3 d\u00e9cembre 1813. La proc\u00e9dure se d\u00e9roula dans la salle d&rsquo;audience du tribunal de Varsovie, en pr\u00e9sence d&rsquo;un juge, du d\u00e9positaire du testament, d&rsquo;un t\u00e9moin qui avait sign\u00e9 l&rsquo;enveloppe dans laquelle le testament \u00e9tait conserv\u00e9, d&rsquo;un notaire d\u00e9sign\u00e9 par le tribunal comme repr\u00e9sentant des h\u00e9ritiers absents et d&rsquo;un notaire qui s&rsquo;occupait de la succession. Apr\u00e8s avoir retir\u00e9 le sceau, le testament fut sorti de l&rsquo;enveloppe, chaque page et l&rsquo;enveloppe furent paraph\u00e9es par le juge, et apr\u00e8s lecture du document, il fut remis au notaire pour conservation, accompagn\u00e9 du protocole d&rsquo;ouverture. Le testament original fut conserv\u00e9 dans les archives successorales du prince J\u00f3zef Poniatowski et de la comtesse Teresa Tyszkiewiczowa.<\/p>\n<p>Le prince J\u00f3zef r\u00e9voqua tous les testaments pr\u00e9c\u00e9dents. Il nomma sa s\u0153ur unique, Teresa comtesse Tyszkiewiczowa, comme son h\u00e9riti\u00e8re (h\u00e9riti\u00e8re universelle). L&rsquo;intention du prince J\u00f3zef \u00e9tait probablement connue de sa s\u0153ur Teresa, qui vivait \u00e0 Paris depuis plusieurs ann\u00e9es, en union libre avec Charles-Maurice de Talleyrand-P\u00e9rigord. L&rsquo;absence de surveillance appropri\u00e9e conduit \u00e0 une s\u00e9rie de poursuites judiciaires avec les cr\u00e9anciers de la succession et les personnes qui s\u2019\u00e9taient appropri\u00e9 des biens appartenant \u00e0 la succession.<\/p>\n<p>Le prince J\u00f3zef n&rsquo;oublia pas d&rsquo;autres membres \u00e9loign\u00e9s de sa famille, ses deux fils ill\u00e9gitimes, ses camarades d&rsquo;armes et ses serviteurs, auxquels il l\u00e9gua des biens et des salaires. Enfin, il fit \u00e9galement l&rsquo;aum\u00f4ne aux mendiants de Varsovie.<\/p>\n<p><em>Archives d&rsquo;\u00c9tat \u00e0 Varsovie, \u00e9tude notariale de Walenty Skoroch\u00f3d-Majewski<\/em>[\/vc_column_text]<div class=\"grve-empty-space grve-height-1x\" style=\"\"><\/div><div class=\"grve-element grve-align-left\"><a href=\"\/wp-content\/uploads\/2026\/02\/pologne-jozef-antoni-poniatowski-1812.pdf\" title=\"T\u00e9l\u00e9charger\" target=\"_blank\" rel=\"noopener noreferrer\" class=\"grve-btn grve-btn-medium grve-extra-round grve-bg-primary-1 grve-bg-hover-primary-2\"><span><i class=\"entypo-icon entypo-icon-doc-text\"><\/i>Consulter l'Acte<\/span><\/a><\/div>[\/vc_tta_section][vc_tta_section title=\u00a0\u00bb1881 &#8211; Autorisation de William Lindley pour son fils, William Heerlein Lindley, du 5 juillet 1881, \u00e0 signer le contrat avec la municipalit\u00e9 de la ville de Varsovie, relatif \u00e0 l\u2019ex\u00e9cution d\u2019un r\u00e9seau de distribution des eaux et de canalisations \u00e0 Varsovie\u00a0\u00bb tab_id=\u00a0\u00bb1771257375288-76cfd73c-8243&Prime;][vc_column_text]<strong>William Lindley (n\u00e9 le 7 septembre 1808 \u00e0 Londres, mort le 22 mai 1900 \u00e0 Blackheath) \u2013 ing\u00e9nieur britannique. <\/strong><\/p>\n<p>Avec ses fils, il a con\u00e7u et construit des lignes ferroviaires, des r\u00e9seaux d\u2019adduction et d\u2019\u00e9vacuation de l\u2019eau dans environ 30 villes europ\u00e9ennes, entre autres \u00e0 Varsovie, Hambourg, B\u00e2le et Saint-P\u00e9tersbourg. S\u2019inspirant des id\u00e9es d\u2019Edwin Chadwick, r\u00e9formateur des \u0153uvres sociales et sanitaires, ses projets pr\u00e9voyaient les premiers canaux d\u2019\u00e9vacuation des eaux us\u00e9es de l\u2019\u00e8re moderne sur le continent europ\u00e9en. Pour ce qui est du commerce international, le document pr\u00e9sent\u00e9 est dot\u00e9 d\u2019int\u00e9ressantes l\u00e9galisations qui ne sont utilis\u00e9es aujourd\u2019hui que rarement. [\/vc_column_text]<div class=\"grve-empty-space grve-height-1x\" style=\"\"><\/div><div class=\"grve-element grve-align-left\"><a href=\"\/wp-content\/uploads\/2019\/10\/pologne-william-1881_c.pdf\" title=\"T\u00e9l\u00e9charger\" target=\"_blank\" rel=\"noopener noreferrer\" class=\"grve-btn grve-btn-medium grve-extra-round grve-bg-primary-1 grve-bg-hover-primary-2\"><span><i class=\"entypo-icon entypo-icon-doc-text\"><\/i>Consulter l'Acte<\/span><\/a><\/div>[\/vc_tta_section][\/vc_tta_accordion]<div class=\"grve-element grve-align-left cta_custom cta_custom_blue\"><a href=\"\/fr\/actes\/pologne-pl\" title=\"Polski\" class=\"grve-btn grve-btn-medium grve-square grve-bg-primary-1 grve-bg-hover-black\"><span>Polski<\/span><\/a><\/div>[\/vc_column][vc_column width=\u00a0\u00bb1\/2&Prime; el_class=\u00a0\u00bbcol_img\u00a0\u00bb]<div class=\"grve-element grve-image img_actes_pays grve-align-center\" style=\"\">  <div class=\"grve-image-wrapper\"><img loading=\"lazy\" decoding=\"async\" width=\"1500\" height=\"1194\" src=\"https:\/\/www.notariesofeurope-exhibition.eu\/wp-content\/uploads\/2026\/02\/poland.webp\" class=\"attachment-full size-full\" alt=\"\" srcset=\"https:\/\/www.notariesofeurope-exhibition.eu\/wp-content\/uploads\/2026\/02\/poland.webp 1500w, https:\/\/www.notariesofeurope-exhibition.eu\/wp-content\/uploads\/2026\/02\/poland-300x239.webp 300w, https:\/\/www.notariesofeurope-exhibition.eu\/wp-content\/uploads\/2026\/02\/poland-1024x815.webp 1024w, https:\/\/www.notariesofeurope-exhibition.eu\/wp-content\/uploads\/2026\/02\/poland-768x611.webp 768w\" sizes=\"auto, (max-width: 1500px) 100vw, 1500px\" \/>   <\/div><\/div>[\/vc_column][\/vc_row][vc_row bg_type=\u00a0\u00bbcolor\u00a0\u00bb padding_top_multiplier=\u00a0\u00bb3x\u00a0\u00bb el_class=\u00a0\u00bbmap_section\u00a0\u00bb bg_color=\u00a0\u00bb#E7ECF3&Prime;][vc_column]<h2 class=\"grve-element grve-title grve-align-left grve-h3 title_section\" style=\"\"><span>Recherchez des actes d&rsquo;autres pays :<\/span><\/h2>[\/vc_column][\/vc_row][vc_row section_type=\u00a0\u00bbfullwidth\u00a0\u00bb bg_type=\u00a0\u00bbcolor\u00a0\u00bb padding_top_multiplier=\u00a0\u00bb\u00a0\u00bb padding_bottom_multiplier=\u00a0\u00bb\u00a0\u00bb columns_gap=\u00a0\u00bbnone\u00a0\u00bb bg_color=\u00a0\u00bb#E7ECF3&Prime;][vc_column][vc_column_text css=\u00a0\u00bb\u00a0\u00bb]<div id=\"mapplic-id48\" data-mapdata=\"{&quot;mapwidth&quot;:&quot;1200&quot;,&quot;mapheight&quot;:&quot;1200&quot;,&quot;minimap&quot;:false,&quot;zoombuttons&quot;:true,&quot;sidebar&quot;:false,&quot;search&quot;:false,&quot;hovertip&quot;:true,&quot;fullscreen&quot;:false,&quot;zoomlimit&quot;:&quot;2&quot;,&quot;mapfill&quot;:true,&quot;zoom&quot;:true,&quot;alphabetic&quot;:true,&quot;categories&quot;:[],&quot;levels&quot;:[{&quot;id&quot;:&quot;europe&quot;,&quot;title&quot;:&quot;Europe&quot;,&quot;map&quot;:&quot;\/\/www.notariesofeurope-exhibition.eu\/wp-content\/plugins\/mapplic\/maps\/europe.svg&quot;,&quot;minimap&quot;:&quot;https:\/\/www.notariesofeurope-exhibition.eu\/wp-content\/plugins\/mapplic\/maps\/europe-mini.jpg&quot;,&quot;locations&quot;:[{&quot;id&quot;:&quot;de&quot;,&quot;title&quot;:&quot;Allemagne&quot;,&quot;description&quot;:&quot;&lt;p&gt;Allemagne&lt;\/p&gt;&quot;,&quot;pin&quot;:&quot;hidden&quot;,&quot;link&quot;:&quot;\/fr\/actes\/allemagne&quot;,&quot;thumbnail&quot;:&quot;\/wp-content\/uploads\/2019\/09\/flag-allemagne-1.svg&quot;,&quot;image&quot;:&quot;\/wp-content\/uploads\/2019\/09\/flag-allemagne-1.svg&quot;,&quot;action&quot;:&quot;default&quot;,&quot;x&quot;:&quot;0.4366&quot;,&quot;y&quot;:&quot;0.5294&quot;},{&quot;id&quot;:&quot;fr&quot;,&quot;title&quot;:&quot;France&quot;,&quot;description&quot;:&quot;&lt;p&gt;France&lt;\/p&gt;&quot;,&quot;pin&quot;:&quot;hidden&quot;,&quot;link&quot;:&quot;\/fr\/actes\/france&quot;,&quot;action&quot;:&quot;open-link&quot;,&quot;x&quot;:&quot;0.3135&quot;,&quot;y&quot;:&quot;0.6364&quot;,&quot;image&quot;:&quot;\/wp-content\/uploads\/2019\/09\/flag-france.svg&quot;,&quot;thumbnail&quot;:&quot;\/wp-content\/uploads\/2019\/09\/flag-france.svg&quot;},{&quot;id&quot;:&quot;at&quot;,&quot;title&quot;:&quot;Autriche&quot;,&quot;description&quot;:&quot;&lt;p&gt;Autriche&lt;\/p&gt;&quot;,&quot;pin&quot;:&quot;hidden&quot;,&quot;action&quot;:&quot;default&quot;,&quot;x&quot;:&quot;0.5084&quot;,&quot;y&quot;:&quot;0.6182&quot;,&quot;thumbnail&quot;:&quot;\/wp-content\/uploads\/2019\/09\/flag-autriche.svg&quot;,&quot;image&quot;:&quot;\/wp-content\/uploads\/2019\/09\/flag-autriche.svg&quot;,&quot;link&quot;:&quot;\/fr\/actes\/autriche&quot;},{&quot;id&quot;:&quot;be&quot;,&quot;title&quot;:&quot;Belgique&quot;,&quot;description&quot;:&quot;&lt;p&gt;Belgique&lt;\/p&gt;&quot;,&quot;pin&quot;:&quot;hidden&quot;,&quot;link&quot;:&quot;\/fr\/actes\/belgique&quot;,&quot;thumbnail&quot;:&quot;\/wp-content\/uploads\/2019\/09\/flag-belgique.svg&quot;,&quot;image&quot;:&quot;\/wp-content\/uploads\/2019\/09\/flag-belgique.svg&quot;,&quot;action&quot;:&quot;default&quot;,&quot;x&quot;:&quot;0.3574&quot;,&quot;y&quot;:&quot;0.5358&quot;},{&quot;id&quot;:&quot;lu&quot;,&quot;title&quot;:&quot;Luxembourg&quot;,&quot;description&quot;:&quot;&lt;p&gt;Luxembourg&lt;\/p&gt;&quot;,&quot;pin&quot;:&quot;hidden&quot;,&quot;link&quot;:&quot;\/fr\/actes\/luxembourg&quot;,&quot;thumbnail&quot;:&quot;\/wp-content\/uploads\/2019\/09\/flag-luxembourg.svg&quot;,&quot;image&quot;:&quot;\/wp-content\/uploads\/2019\/09\/flag-luxembourg.svg&quot;,&quot;action&quot;:&quot;default&quot;,&quot;x&quot;:&quot;0.3777&quot;,&quot;y&quot;:&quot;0.5583&quot;},{&quot;id&quot;:&quot;nl&quot;,&quot;title&quot;:&quot;Pays-Bas&quot;,&quot;description&quot;:&quot;&lt;p&gt;Pays-Bas&lt;\/p&gt;&quot;,&quot;pin&quot;:&quot;hidden&quot;,&quot;link&quot;:&quot;\/fr\/actes\/pays-bas&quot;,&quot;thumbnail&quot;:&quot;\/wp-content\/uploads\/2019\/09\/flag-paysbas.svg&quot;,&quot;image&quot;:&quot;\/wp-content\/uploads\/2019\/09\/flag-paysbas.svg&quot;,&quot;action&quot;:&quot;open-link&quot;,&quot;x&quot;:&quot;0.3689&quot;,&quot;y&quot;:&quot;0.5010&quot;},{&quot;id&quot;:&quot;pl&quot;,&quot;title&quot;:&quot;Pologne&quot;,&quot;description&quot;:&quot;&lt;p&gt;Pologne&lt;\/p&gt;&quot;,&quot;pin&quot;:&quot;hidden&quot;,&quot;link&quot;:&quot;\/fr\/actes\/pologne&quot;,&quot;thumbnail&quot;:&quot;\/wp-content\/uploads\/2019\/09\/flag-pologne.svg&quot;,&quot;image&quot;:&quot;\/wp-content\/uploads\/2019\/09\/flag-pologne.svg&quot;,&quot;action&quot;:&quot;open-link&quot;,&quot;x&quot;:&quot;0.5715&quot;,&quot;y&quot;:&quot;0.4919&quot;},{&quot;id&quot;:&quot;bg&quot;,&quot;title&quot;:&quot;Bulgarie&quot;,&quot;description&quot;:&quot;&lt;p&gt;Bulgarie&lt;\/p&gt;&quot;,&quot;pin&quot;:&quot;hidden&quot;,&quot;link&quot;:&quot;\/fr\/actes\/bulgarie&quot;,&quot;thumbnail&quot;:&quot;\/wp-content\/uploads\/2019\/09\/flag-bulgarie.svg&quot;,&quot;image&quot;:&quot;\/wp-content\/uploads\/2019\/09\/flag-bulgarie.svg&quot;,&quot;action&quot;:&quot;open-link&quot;,&quot;x&quot;:&quot;0.7086&quot;,&quot;y&quot;:&quot;0.7149&quot;},{&quot;id&quot;:&quot;ro&quot;,&quot;title&quot;:&quot;Roumanie&quot;,&quot;description&quot;:&quot;&lt;p&gt;Roumanie&lt;\/p&gt;&quot;,&quot;pin&quot;:&quot;hidden&quot;,&quot;link&quot;:&quot;\/fr\/actes\/roumanie&quot;,&quot;thumbnail&quot;:&quot;\/wp-content\/uploads\/2019\/09\/flag-roumanie.svg&quot;,&quot;image&quot;:&quot;\/wp-content\/uploads\/2019\/09\/flag-roumanie.svg&quot;,&quot;action&quot;:&quot;open-link&quot;,&quot;x&quot;:&quot;0.6925&quot;,&quot;y&quot;:&quot;0.6389&quot;},{&quot;id&quot;:&quot;gr&quot;,&quot;title&quot;:&quot;Gr&egrave;ce&quot;,&quot;description&quot;:&quot;&lt;p&gt;Gr&egrave;ce&lt;\/p&gt;&quot;,&quot;pin&quot;:&quot;hidden&quot;,&quot;link&quot;:&quot;\/fr\/actes\/grece&quot;,&quot;thumbnail&quot;:&quot;\/wp-content\/uploads\/2019\/09\/flag-grece.svg&quot;,&quot;image&quot;:&quot;\/wp-content\/uploads\/2019\/09\/flag-grece.svg&quot;,&quot;action&quot;:&quot;open-link&quot;,&quot;x&quot;:&quot;0.6572&quot;,&quot;y&quot;:&quot;0.7995&quot;},{&quot;id&quot;:&quot;hr&quot;,&quot;title&quot;:&quot;Croatie&quot;,&quot;description&quot;:&quot;&lt;p&gt;Croatie&lt;\/p&gt;&quot;,&quot;pin&quot;:&quot;hidden&quot;,&quot;link&quot;:&quot;\/fr\/actes\/croatie&quot;,&quot;thumbnail&quot;:&quot;\/wp-content\/uploads\/2019\/09\/flag-croatie.svg&quot;,&quot;image&quot;:&quot;\/wp-content\/uploads\/2019\/09\/flag-croatie.svg&quot;,&quot;action&quot;:&quot;open-link&quot;,&quot;x&quot;:&quot;0.5426&quot;,&quot;y&quot;:&quot;0.6581&quot;},{&quot;id&quot;:&quot;si&quot;,&quot;title&quot;:&quot;Slov&eacute;nie&quot;,&quot;description&quot;:&quot;&lt;p&gt;Slov&eacute;nie&lt;\/p&gt;&quot;,&quot;pin&quot;:&quot;hidden&quot;,&quot;link&quot;:&quot;\/fr\/actes\/slovenie&quot;,&quot;thumbnail&quot;:&quot;\/wp-content\/uploads\/2019\/09\/flag-slovenie.svg&quot;,&quot;image&quot;:&quot;\/wp-content\/uploads\/2019\/09\/flag-slovenie.svg&quot;,&quot;action&quot;:&quot;open-link&quot;,&quot;x&quot;:&quot;0.5180&quot;,&quot;y&quot;:&quot;0.6503&quot;},{&quot;id&quot;:&quot;es&quot;,&quot;title&quot;:&quot;Espagne&quot;,&quot;description&quot;:&quot;&lt;p&gt;Espagne&lt;\/p&gt;&quot;,&quot;pin&quot;:&quot;hidden&quot;,&quot;link&quot;:&quot;\/fr\/actes\/espagne&quot;,&quot;thumbnail&quot;:&quot;\/wp-content\/uploads\/2019\/09\/flag-espagne.svg&quot;,&quot;image&quot;:&quot;\/wp-content\/uploads\/2019\/09\/flag-espagne.svg&quot;,&quot;action&quot;:&quot;default&quot;,&quot;x&quot;:&quot;0.1818&quot;,&quot;y&quot;:&quot;0.7905&quot;},{&quot;id&quot;:&quot;pt&quot;,&quot;title&quot;:&quot;Portugal&quot;,&quot;description&quot;:&quot;&lt;p&gt;Portugal&lt;\/p&gt;&quot;,&quot;pin&quot;:&quot;hidden&quot;,&quot;link&quot;:&quot;\/fr\/actes\/portugal&quot;,&quot;thumbnail&quot;:&quot;\/wp-content\/uploads\/2019\/09\/flag-portugal.svg&quot;,&quot;image&quot;:&quot;\/wp-content\/uploads\/2019\/09\/flag-portugal.svg&quot;,&quot;action&quot;:&quot;open-link&quot;,&quot;x&quot;:&quot;0.0962&quot;,&quot;y&quot;:&quot;0.7777&quot;},{&quot;id&quot;:&quot;hu&quot;,&quot;title&quot;:&quot;Hongrie&quot;,&quot;description&quot;:&quot;&lt;p&gt;Hongrie&lt;\/p&gt;&quot;,&quot;pin&quot;:&quot;hidden&quot;,&quot;link&quot;:&quot;\/fr\/actes\/hongrie&quot;,&quot;thumbnail&quot;:&quot;\/wp-content\/uploads\/2019\/09\/flag-hongrie.svg&quot;,&quot;image&quot;:&quot;\/wp-content\/uploads\/2019\/09\/flag-hongrie.svg&quot;,&quot;action&quot;:&quot;open-link&quot;,&quot;x&quot;:&quot;0.5919&quot;,&quot;y&quot;:&quot;0.6182&quot;},{&quot;id&quot;:&quot;it&quot;,&quot;title&quot;:&quot;Italie&quot;,&quot;description&quot;:&quot;&lt;p&gt;Italie&lt;\/p&gt;&quot;,&quot;pin&quot;:&quot;hidden&quot;,&quot;link&quot;:&quot;\/fr\/actes\/italie&quot;,&quot;thumbnail&quot;:&quot;\/wp-content\/uploads\/2019\/09\/flag-italie.svg&quot;,&quot;image&quot;:&quot;\/wp-content\/uploads\/2019\/09\/flag-italie.svg&quot;,&quot;action&quot;:&quot;open-link&quot;,&quot;x&quot;:&quot;0.4773&quot;,&quot;y&quot;:&quot;0.7263&quot;},{&quot;id&quot;:&quot;mt&quot;,&quot;title&quot;:&quot;Malte&quot;,&quot;description&quot;:&quot;&lt;p&gt;Malte&lt;\/p&gt;&quot;,&quot;pin&quot;:&quot;hidden&quot;,&quot;link&quot;:&quot;\/fr\/actes\/malte&quot;,&quot;thumbnail&quot;:&quot;\/wp-content\/uploads\/2019\/09\/flag-malte.svg&quot;,&quot;image&quot;:&quot;\/wp-content\/uploads\/2019\/09\/flag-malte.svg&quot;,&quot;action&quot;:&quot;open-link&quot;,&quot;x&quot;:&quot;0.5279&quot;,&quot;y&quot;:&quot;0.9085&quot;}]}],&quot;maxscale&quot;:&quot;2&quot;,&quot;clearbutton&quot;:true,&quot;mousewheel&quot;:false,&quot;deeplinking&quot;:true,&quot;fillcolor&quot;:&quot;#322d7c&quot;,&quot;action&quot;:&quot;open-link&quot;,&quot;height&quot;:&quot;100%&quot;,&quot;zoomoutclose&quot;:false,&quot;closezoomout&quot;:false,&quot;thumbholder&quot;:true,&quot;hidenofilter&quot;:false,&quot;linknewtab&quot;:false,&quot;csv&quot;:&quot;&quot;,&quot;topLat&quot;:&quot;55.058191&quot;,&quot;leftLng&quot;:&quot;5.866365&quot;,&quot;bottomLat&quot;:&quot;47.270172&quot;,&quot;rightLng&quot;:&quot;15.041747&quot;}\"><\/div>[\/vc_column_text][\/vc_column][\/vc_row]<\/p>\n<\/div>","protected":false},"excerpt":{"rendered":"<p>[vc_row bg_type=\u00a0\u00bbcolor\u00a0\u00bb padding_top_multiplier=\u00a0\u00bb\u00a0\u00bb padding_bottom_multiplier=\u00a0\u00bb\u00a0\u00bb bg_color=\u00a0\u00bb#E7ECF3&Prime; el_class=\u00a0\u00bbhero_page\u00a0\u00bb][vc_column width=\u00a0\u00bb1\/2&Prime; tablet_width=\u00a0\u00bb1&Prime; tablet_sm_width=\u00a0\u00bb1&Prime; el_class=\u00a0\u00bbaccord_actes\u00a0\u00bb][vc_tta_accordion active_section=\u00a0\u00bb999&Prime;][vc_tta_section title=\u00a0\u00bb1411 &#8211; Premi\u00e8re paix de Toru\u0144\u00a0\u00bb tab_id=\u00a0\u00bb1568121683620-4df91743-a69c4917-766842b3-5d83&Prime;][vc_column_text] Le 1er f\u00e9vrier 1411, Henryk de Plauen, grand ma\u00eetre de l\u2019Ordre teutonique, conclut \u00e0 Toru\u0144 la paix avec Ladislas, roi de Pologne, et Alexandre Witold, grand-duc de Lituanie. La premi\u00e8re paix de Toru\u0144 met fin \u00e0 ce [&hellip;]<\/p>\n","protected":false},"author":2,"featured_media":0,"parent":11,"menu_order":0,"comment_status":"closed","ping_status":"closed","template":"","meta":{"inline_featured_image":false,"footnotes":""},"class_list":["post-231","page","type-page","status-publish","hentry"],"yoast_head":"<!-- This site is optimized with the Yoast SEO plugin v26.9 - https:\/\/yoast.com\/product\/yoast-seo-wordpress\/ -->\n<title>Pologne - Notaries of Europe - Exhibition<\/title>\n<meta name=\"robots\" content=\"index, follow, max-snippet:-1, max-image-preview:large, max-video-preview:-1\" \/>\n<link rel=\"canonical\" href=\"https:\/\/www.notariesofeurope-exhibition.eu\/fr\/actes\/pologne\/\" \/>\n<meta property=\"og:locale\" content=\"fr_FR\" \/>\n<meta property=\"og:type\" content=\"article\" \/>\n<meta property=\"og:title\" content=\"Pologne - Notaries of Europe - Exhibition\" \/>\n<meta property=\"og:description\" content=\"[vc_row bg_type=\u00a0\u00bbcolor\u00a0\u00bb padding_top_multiplier=\u00a0\u00bb\u00a0\u00bb padding_bottom_multiplier=\u00a0\u00bb\u00a0\u00bb bg_color=\u00a0\u00bb#E7ECF3&Prime; el_class=\u00a0\u00bbhero_page\u00a0\u00bb][vc_column width=\u00a0\u00bb1\/2&Prime; tablet_width=\u00a0\u00bb1&Prime; tablet_sm_width=\u00a0\u00bb1&Prime; el_class=\u00a0\u00bbaccord_actes\u00a0\u00bb][vc_tta_accordion active_section=\u00a0\u00bb999&Prime;][vc_tta_section title=\u00a0\u00bb1411 &#8211; Premi\u00e8re paix de Toru\u0144\u00a0\u00bb tab_id=\u00a0\u00bb1568121683620-4df91743-a69c4917-766842b3-5d83&Prime;][vc_column_text] Le 1er f\u00e9vrier 1411, Henryk de Plauen, grand ma\u00eetre de l\u2019Ordre teutonique, conclut \u00e0 Toru\u0144 la paix avec Ladislas, roi de Pologne, et Alexandre Witold, grand-duc de Lituanie. La premi\u00e8re paix de Toru\u0144 met fin \u00e0 ce [&hellip;]\" \/>\n<meta property=\"og:url\" content=\"https:\/\/www.notariesofeurope-exhibition.eu\/fr\/actes\/pologne\/\" \/>\n<meta property=\"og:site_name\" content=\"Notaries of Europe - Exhibition\" \/>\n<meta property=\"article:modified_time\" content=\"2026-02-16T15:58:40+00:00\" \/>\n<meta name=\"twitter:card\" content=\"summary_large_image\" \/>\n<meta name=\"twitter:label1\" content=\"Dur\u00e9e de lecture estim\u00e9e\" \/>\n\t<meta name=\"twitter:data1\" content=\"5 minutes\" \/>\n<script type=\"application\/ld+json\" class=\"yoast-schema-graph\">{\"@context\":\"https:\/\/schema.org\",\"@graph\":[{\"@type\":\"WebPage\",\"@id\":\"https:\/\/www.notariesofeurope-exhibition.eu\/fr\/actes\/pologne\/\",\"url\":\"https:\/\/www.notariesofeurope-exhibition.eu\/fr\/actes\/pologne\/\",\"name\":\"Pologne - Notaries of Europe - Exhibition\",\"isPartOf\":{\"@id\":\"https:\/\/www.notariesofeurope-exhibition.eu\/#website\"},\"datePublished\":\"2019-09-17T13:52:36+00:00\",\"dateModified\":\"2026-02-16T15:58:40+00:00\",\"breadcrumb\":{\"@id\":\"https:\/\/www.notariesofeurope-exhibition.eu\/fr\/actes\/pologne\/#breadcrumb\"},\"inLanguage\":\"fr-FR\",\"potentialAction\":[{\"@type\":\"ReadAction\",\"target\":[\"https:\/\/www.notariesofeurope-exhibition.eu\/fr\/actes\/pologne\/\"]}]},{\"@type\":\"BreadcrumbList\",\"@id\":\"https:\/\/www.notariesofeurope-exhibition.eu\/fr\/actes\/pologne\/#breadcrumb\",\"itemListElement\":[{\"@type\":\"ListItem\",\"position\":1,\"name\":\"Accueil\",\"item\":\"https:\/\/www.notariesofeurope-exhibition.eu\/fr\/\"},{\"@type\":\"ListItem\",\"position\":2,\"name\":\"Actes\",\"item\":\"https:\/\/www.notariesofeurope-exhibition.eu\/fr\/actes\/\"},{\"@type\":\"ListItem\",\"position\":3,\"name\":\"Pologne\"}]},{\"@type\":\"WebSite\",\"@id\":\"https:\/\/www.notariesofeurope-exhibition.eu\/#website\",\"url\":\"https:\/\/www.notariesofeurope-exhibition.eu\/\",\"name\":\"Notaries of Europe - Exhibition\",\"description\":\"CNUE\",\"potentialAction\":[{\"@type\":\"SearchAction\",\"target\":{\"@type\":\"EntryPoint\",\"urlTemplate\":\"https:\/\/www.notariesofeurope-exhibition.eu\/?s={search_term_string}\"},\"query-input\":{\"@type\":\"PropertyValueSpecification\",\"valueRequired\":true,\"valueName\":\"search_term_string\"}}],\"inLanguage\":\"fr-FR\"}]}<\/script>\n<!-- \/ Yoast SEO plugin. -->","yoast_head_json":{"title":"Pologne - Notaries of Europe - Exhibition","robots":{"index":"index","follow":"follow","max-snippet":"max-snippet:-1","max-image-preview":"max-image-preview:large","max-video-preview":"max-video-preview:-1"},"canonical":"https:\/\/www.notariesofeurope-exhibition.eu\/fr\/actes\/pologne\/","og_locale":"fr_FR","og_type":"article","og_title":"Pologne - Notaries of Europe - Exhibition","og_description":"[vc_row bg_type=\u00a0\u00bbcolor\u00a0\u00bb padding_top_multiplier=\u00a0\u00bb\u00a0\u00bb padding_bottom_multiplier=\u00a0\u00bb\u00a0\u00bb bg_color=\u00a0\u00bb#E7ECF3&Prime; el_class=\u00a0\u00bbhero_page\u00a0\u00bb][vc_column width=\u00a0\u00bb1\/2&Prime; tablet_width=\u00a0\u00bb1&Prime; tablet_sm_width=\u00a0\u00bb1&Prime; el_class=\u00a0\u00bbaccord_actes\u00a0\u00bb][vc_tta_accordion active_section=\u00a0\u00bb999&Prime;][vc_tta_section title=\u00a0\u00bb1411 &#8211; Premi\u00e8re paix de Toru\u0144\u00a0\u00bb tab_id=\u00a0\u00bb1568121683620-4df91743-a69c4917-766842b3-5d83&Prime;][vc_column_text] Le 1er f\u00e9vrier 1411, Henryk de Plauen, grand ma\u00eetre de l\u2019Ordre teutonique, conclut \u00e0 Toru\u0144 la paix avec Ladislas, roi de Pologne, et Alexandre Witold, grand-duc de Lituanie. La premi\u00e8re paix de Toru\u0144 met fin \u00e0 ce [&hellip;]","og_url":"https:\/\/www.notariesofeurope-exhibition.eu\/fr\/actes\/pologne\/","og_site_name":"Notaries of Europe - Exhibition","article_modified_time":"2026-02-16T15:58:40+00:00","twitter_card":"summary_large_image","twitter_misc":{"Dur\u00e9e de lecture estim\u00e9e":"5 minutes"},"schema":{"@context":"https:\/\/schema.org","@graph":[{"@type":"WebPage","@id":"https:\/\/www.notariesofeurope-exhibition.eu\/fr\/actes\/pologne\/","url":"https:\/\/www.notariesofeurope-exhibition.eu\/fr\/actes\/pologne\/","name":"Pologne - Notaries of Europe - Exhibition","isPartOf":{"@id":"https:\/\/www.notariesofeurope-exhibition.eu\/#website"},"datePublished":"2019-09-17T13:52:36+00:00","dateModified":"2026-02-16T15:58:40+00:00","breadcrumb":{"@id":"https:\/\/www.notariesofeurope-exhibition.eu\/fr\/actes\/pologne\/#breadcrumb"},"inLanguage":"fr-FR","potentialAction":[{"@type":"ReadAction","target":["https:\/\/www.notariesofeurope-exhibition.eu\/fr\/actes\/pologne\/"]}]},{"@type":"BreadcrumbList","@id":"https:\/\/www.notariesofeurope-exhibition.eu\/fr\/actes\/pologne\/#breadcrumb","itemListElement":[{"@type":"ListItem","position":1,"name":"Accueil","item":"https:\/\/www.notariesofeurope-exhibition.eu\/fr\/"},{"@type":"ListItem","position":2,"name":"Actes","item":"https:\/\/www.notariesofeurope-exhibition.eu\/fr\/actes\/"},{"@type":"ListItem","position":3,"name":"Pologne"}]},{"@type":"WebSite","@id":"https:\/\/www.notariesofeurope-exhibition.eu\/#website","url":"https:\/\/www.notariesofeurope-exhibition.eu\/","name":"Notaries of Europe - Exhibition","description":"CNUE","potentialAction":[{"@type":"SearchAction","target":{"@type":"EntryPoint","urlTemplate":"https:\/\/www.notariesofeurope-exhibition.eu\/?s={search_term_string}"},"query-input":{"@type":"PropertyValueSpecification","valueRequired":true,"valueName":"search_term_string"}}],"inLanguage":"fr-FR"}]}},"_links":{"self":[{"href":"https:\/\/www.notariesofeurope-exhibition.eu\/fr\/wp-json\/wp\/v2\/pages\/231","targetHints":{"allow":["GET"]}}],"collection":[{"href":"https:\/\/www.notariesofeurope-exhibition.eu\/fr\/wp-json\/wp\/v2\/pages"}],"about":[{"href":"https:\/\/www.notariesofeurope-exhibition.eu\/fr\/wp-json\/wp\/v2\/types\/page"}],"author":[{"embeddable":true,"href":"https:\/\/www.notariesofeurope-exhibition.eu\/fr\/wp-json\/wp\/v2\/users\/2"}],"replies":[{"embeddable":true,"href":"https:\/\/www.notariesofeurope-exhibition.eu\/fr\/wp-json\/wp\/v2\/comments?post=231"}],"version-history":[{"count":26,"href":"https:\/\/www.notariesofeurope-exhibition.eu\/fr\/wp-json\/wp\/v2\/pages\/231\/revisions"}],"predecessor-version":[{"id":2270,"href":"https:\/\/www.notariesofeurope-exhibition.eu\/fr\/wp-json\/wp\/v2\/pages\/231\/revisions\/2270"}],"up":[{"embeddable":true,"href":"https:\/\/www.notariesofeurope-exhibition.eu\/fr\/wp-json\/wp\/v2\/pages\/11"}],"wp:attachment":[{"href":"https:\/\/www.notariesofeurope-exhibition.eu\/fr\/wp-json\/wp\/v2\/media?parent=231"}],"curies":[{"name":"wp","href":"https:\/\/api.w.org\/{rel}","templated":true}]}}