{"id":2874,"date":"2026-03-10T17:34:13","date_gmt":"2026-03-10T15:34:13","guid":{"rendered":"https:\/\/www.notariesofeurope-exhibition.eu\/de-lencre-au-cloud\/rencontre-amy\/amy\/"},"modified":"2026-03-13T12:23:24","modified_gmt":"2026-03-13T10:23:24","slug":"amy","status":"publish","type":"page","link":"https:\/\/www.notariesofeurope-exhibition.eu\/fr\/de-lencre-au-cloud\/rencontre-amy\/amy\/","title":{"rendered":"Amy"},"content":{"rendered":"<div class=\"wpb-content-wrapper\"><p>[vc_row bg_type=\u00a0\u00bbcolor\u00a0\u00bb padding_top_multiplier=\u00a0\u00bb\u00a0\u00bb padding_bottom_multiplier=\u00a0\u00bb\u00a0\u00bb columns_gap=\u00a0\u00bbnone\u00a0\u00bb bg_color=\u00a0\u00bb#E7ECF300&Prime; el_class=\u00a0\u00bbinfo_page page_quiz page_form\u00a0\u00bb][vc_column tablet_width=\u00a0\u00bb1&Prime; tablet_sm_width=\u00a0\u00bb1&Prime; el_class=\u00a0\u00bbcontent_quiz\u00a0\u00bb][vc_column_text css=\u00a0\u00bb\u00a0\u00bb el_class=\u00a0\u00bbtext context\u00a0\u00bb]<strong>Amy souhaite que sa communaut\u00e9 garde un espace pour se souvenir d\u2019elle.<\/strong><br \/>\n<strong>Aide Amy \u00e0 cr\u00e9er son espace m\u00e9moriel virtuel !<\/strong>[\/vc_column_text][vc_column_text css=\u00a0\u00bb\u00a0\u00bb el_class=\u00a0\u00bbtext custom_form\u00a0\u00bb]<div class=\"frm_forms  with_frm_style frm_style_formidable-style\" id=\"frm_form_15_container\" data-token=\"830b83766f6fb3c07a8dc2639d87c921\">\n<form enctype=\"multipart\/form-data\" method=\"post\" class=\"frm-show-form  frm_js_validate  frm_ajax_submit  frm_pro_form \" id=\"form_tina2242\" data-token=\"830b83766f6fb3c07a8dc2639d87c921\">\n<div class=\"frm_form_fields  frm_page_num_1\">\n<fieldset>\n<legend class=\"frm_screen_reader\">Amy FR TABLETTE<\/legend>\r\n\r\n<div class=\"frm_fields_container\">\n<input type=\"hidden\" name=\"frm_action\" value=\"create\" \/>\n<input type=\"hidden\" name=\"form_id\" value=\"15\" \/>\n<input type=\"hidden\" name=\"frm_hide_fields_15\" id=\"frm_hide_fields_15\" value=\"\" \/>\n<input type=\"hidden\" name=\"form_key\" value=\"tina2242\" \/>\n<input type=\"hidden\" name=\"item_meta[0]\" value=\"\" \/>\n<input type=\"hidden\" id=\"frm_submit_entry_15\" name=\"frm_submit_entry_15\" value=\"13a2c7ab55\" \/><input type=\"hidden\" name=\"_wp_http_referer\" value=\"\/fr\/wp-json\/wp\/v2\/pages\/2874\" \/><div id=\"frm_field_123_container\" class=\"frm_form_field form-field  frm_top_container q_1_amy vertical_radio\">\r\n\t<div  id=\"field_3dbly342_label\" class=\"frm_primary_label\">Quel contenu Amy souhaite-t-elle conserver dans son espace comm\u00e9moratif ?\r\n\t\t<span class=\"frm_required\" aria-hidden=\"true\"><\/span>\r\n\t<\/div>\r\n\t<div class=\"frm_opt_container\" aria-labelledby=\"field_3dbly342_label\" role=\"group\">\t\t<div class=\"frm_checkbox\" id=\"frm_checkbox_123-0\">\t\t\t<label  for=\"field_3dbly342-0\">\n\t\t\t<input type=\"checkbox\" name=\"item_meta[123][]\" id=\"field_3dbly342-0\" value=\"Photos embl\u00e9matiques\"  data-invmsg=\"Quel contenu Amy souhaite-t-elle conserver dans son espace comm\u00e9moratif ? is invalid\"   \/> Photos embl\u00e9matiques<\/label><\/div>\n\t\t<div class=\"frm_checkbox\" id=\"frm_checkbox_123-1\">\t\t\t<label  for=\"field_3dbly342-1\">\n\t\t\t<input type=\"checkbox\" name=\"item_meta[123][]\" id=\"field_3dbly342-1\" value=\"Vid\u00e9os souvenirs\"  data-invmsg=\"Quel contenu Amy souhaite-t-elle conserver dans son espace comm\u00e9moratif ? is invalid\"   \/> Vid\u00e9os souvenirs<\/label><\/div>\n\t\t<div class=\"frm_checkbox\" id=\"frm_checkbox_123-2\">\t\t\t<label  for=\"field_3dbly342-2\">\n\t\t\t<input type=\"checkbox\" name=\"item_meta[123][]\" id=\"field_3dbly342-2\" value=\"Textes (citations, messages importants)\"  data-invmsg=\"Quel contenu Amy souhaite-t-elle conserver dans son espace comm\u00e9moratif ? is invalid\"   \/> Textes (citations, messages importants)<\/label><\/div>\n\t\t<div class=\"frm_checkbox\" id=\"frm_checkbox_123-3\">\t\t\t<label  for=\"field_3dbly342-3\">\n\t\t\t<input type=\"checkbox\" name=\"item_meta[123][]\" id=\"field_3dbly342-3\" value=\"T\u00e9moignages de proches\"  data-invmsg=\"Quel contenu Amy souhaite-t-elle conserver dans son espace comm\u00e9moratif ? is invalid\"   \/> T\u00e9moignages de proches<\/label><\/div>\n<\/div>\r\n\t\r\n\t\r\n<\/div>\n<input type=\"hidden\" name=\"frm_page_order_15\" id=\"frm_page_order_15\" value=\"4\" \/><input type=\"hidden\" name=\"item_meta[125]\" id=\"field_fnpu352-0\" value=\"\"     \/>\n<input type=\"hidden\" name=\"item_meta[126]\" id=\"field_3gow852\" value=\"\"     \/>\n<input type=\"hidden\" name=\"item_meta[127]\" id=\"field_dl23b52-0\" value=\"\"     \/>\n<input type=\"hidden\" name=\"item_meta[128]\" id=\"field_rumu052\" value=\"\"     \/>\n<input type=\"hidden\" name=\"item_meta[129]\" id=\"field_8s6cp52-0\" value=\"\"     \/>\n<input type=\"hidden\" name=\"item_meta[130]\" id=\"field_b60sd42\" value=\"\"     \/>\n<input type=\"hidden\" name=\"item_meta[131]\" id=\"field_h5zzx42-0\" value=\"\"     \/>\n<input type=\"hidden\" name=\"item_meta[132]\" id=\"field_submit342\" value=\"\"     \/>\n\t<input type=\"hidden\" name=\"item_key\" value=\"\" \/>\n\t\t\t<div id=\"frm_field_157_container\">\n\t\t\t<label for=\"field_qhwez\" >\n\t\t\t\tSi vous \u00eates un humain, ne remplissez pas ce champ.\t\t\t<\/label>\n\t\t\t<input  id=\"field_qhwez\" type=\"text\" class=\"frm_form_field form-field frm_verify\" name=\"item_meta[157]\" value=\"\"  \/>\n\t\t<\/div>\n\t\t<input name=\"frm_state\" type=\"hidden\" value=\"uUDIrnYOOK4K3iCvhcDxwamCHgjaHT1+ncv20oFUGsvBcF9HTrx0fKemAp3zGsdF\" \/><div class=\"frm_submit frm_flex\">\r\n<button class=\"frm_button_submit\" type=\"submit\"  >Suivant<\/button>\r\n\r\n\r\n\r\n<\/div><\/div>\n<\/fieldset>\n<\/div>\n\n<\/form>\n<\/div>\n[\/vc_column_text][\/vc_column][\/vc_row][vc_row bg_type=\u00a0\u00bbcolor\u00a0\u00bb el_class=\u00a0\u00bbchange_img_character\u00a0\u00bb bg_color=\u00a0\u00bb#E7ECF400&Prime;][vc_column]<div class=\"grve-element grve-image grve-align-center\" style=\"\">  <div class=\"grve-image-wrapper\"><a href=\"\/ink-to-cloud\" title=\"Change character\"><img loading=\"lazy\" decoding=\"async\" width=\"1\" height=\"1\" src=\"https:\/\/www.notariesofeurope-exhibition.eu\/wp-content\/uploads\/2026\/02\/amy.svg\" class=\"attachment-full size-full\" alt=\"\" \/><\/a>   <\/div><\/div><div class=\"grve-element grve-align-left cta_quiz_character_fr\"><a href=\"\/fr\/de-lencre-au-cloud\" title=\"Changer de personnage\" class=\"grve-btn grve-btn-medium grve-square grve-bg-primary-1 grve-bg-hover-black\"><span>Changer de personnage<\/span><\/a><\/div>[\/vc_column][\/vc_row]<\/p>\n<\/div>","protected":false},"excerpt":{"rendered":"<p>[vc_row bg_type=\u00a0\u00bbcolor\u00a0\u00bb padding_top_multiplier=\u00a0\u00bb\u00a0\u00bb padding_bottom_multiplier=\u00a0\u00bb\u00a0\u00bb columns_gap=\u00a0\u00bbnone\u00a0\u00bb bg_color=\u00a0\u00bb#E7ECF300&Prime; el_class=\u00a0\u00bbinfo_page page_quiz page_form\u00a0\u00bb][vc_column tablet_width=\u00a0\u00bb1&Prime; tablet_sm_width=\u00a0\u00bb1&Prime; el_class=\u00a0\u00bbcontent_quiz\u00a0\u00bb][vc_column_text css=\u00a0\u00bb\u00a0\u00bb el_class=\u00a0\u00bbtext context\u00a0\u00bb]Amy souhaite que sa communaut\u00e9 garde un espace pour se souvenir d\u2019elle. Aide Amy \u00e0 cr\u00e9er son espace m\u00e9moriel virtuel ![\/vc_column_text][vc_column_text css=\u00a0\u00bb\u00a0\u00bb el_class=\u00a0\u00bbtext custom_form\u00a0\u00bb][\/vc_column_text][\/vc_column][\/vc_row][vc_row bg_type=\u00a0\u00bbcolor\u00a0\u00bb el_class=\u00a0\u00bbchange_img_character\u00a0\u00bb bg_color=\u00a0\u00bb#E7ECF400&Prime;][vc_column][\/vc_column][\/vc_row]<\/p>\n","protected":false},"author":2,"featured_media":0,"parent":2862,"menu_order":0,"comment_status":"closed","ping_status":"closed","template":"","meta":{"inline_featured_image":false,"footnotes":""},"class_list":["post-2874","page","type-page","status-publish","hentry"],"yoast_head":"<!-- This site is optimized with the Yoast SEO plugin v26.9 - https:\/\/yoast.com\/product\/yoast-seo-wordpress\/ -->\n<title>Amy - Notaries of Europe - Exhibition<\/title>\n<meta name=\"robots\" content=\"noindex, nofollow\" \/>\n<meta property=\"og:locale\" content=\"fr_FR\" \/>\n<meta property=\"og:type\" content=\"article\" \/>\n<meta property=\"og:title\" content=\"Amy - Notaries of Europe - Exhibition\" \/>\n<meta property=\"og:description\" content=\"[vc_row bg_type=\u00a0\u00bbcolor\u00a0\u00bb padding_top_multiplier=\u00a0\u00bb\u00a0\u00bb padding_bottom_multiplier=\u00a0\u00bb\u00a0\u00bb columns_gap=\u00a0\u00bbnone\u00a0\u00bb bg_color=\u00a0\u00bb#E7ECF300&Prime; el_class=\u00a0\u00bbinfo_page page_quiz page_form\u00a0\u00bb][vc_column tablet_width=\u00a0\u00bb1&Prime; tablet_sm_width=\u00a0\u00bb1&Prime; el_class=\u00a0\u00bbcontent_quiz\u00a0\u00bb][vc_column_text css=\u00a0\u00bb\u00a0\u00bb el_class=\u00a0\u00bbtext context\u00a0\u00bb]Amy souhaite que sa communaut\u00e9 garde un espace pour se souvenir d\u2019elle. Aide Amy \u00e0 cr\u00e9er son espace m\u00e9moriel virtuel ![\/vc_column_text][vc_column_text css=\u00a0\u00bb\u00a0\u00bb el_class=\u00a0\u00bbtext custom_form\u00a0\u00bb][\/vc_column_text][\/vc_column][\/vc_row][vc_row bg_type=\u00a0\u00bbcolor\u00a0\u00bb el_class=\u00a0\u00bbchange_img_character\u00a0\u00bb bg_color=\u00a0\u00bb#E7ECF400&Prime;][vc_column][\/vc_column][\/vc_row]\" \/>\n<meta property=\"og:url\" content=\"https:\/\/www.notariesofeurope-exhibition.eu\/fr\/de-lencre-au-cloud\/rencontre-amy\/amy\/\" \/>\n<meta property=\"og:site_name\" content=\"Notaries of Europe - Exhibition\" \/>\n<meta property=\"article:modified_time\" content=\"2026-03-13T10:23:24+00:00\" \/>\n<meta name=\"twitter:card\" content=\"summary_large_image\" \/>\n<meta name=\"twitter:label1\" content=\"Dur\u00e9e de lecture estim\u00e9e\" \/>\n\t<meta name=\"twitter:data1\" content=\"1 minute\" \/>\n<script type=\"application\/ld+json\" class=\"yoast-schema-graph\">{\"@context\":\"https:\/\/schema.org\",\"@graph\":[{\"@type\":\"WebPage\",\"@id\":\"https:\/\/www.notariesofeurope-exhibition.eu\/fr\/de-lencre-au-cloud\/rencontre-amy\/amy\/\",\"url\":\"https:\/\/www.notariesofeurope-exhibition.eu\/fr\/de-lencre-au-cloud\/rencontre-amy\/amy\/\",\"name\":\"Amy - Notaries of Europe - Exhibition\",\"isPartOf\":{\"@id\":\"https:\/\/www.notariesofeurope-exhibition.eu\/#website\"},\"datePublished\":\"2026-03-10T15:34:13+00:00\",\"dateModified\":\"2026-03-13T10:23:24+00:00\",\"breadcrumb\":{\"@id\":\"https:\/\/www.notariesofeurope-exhibition.eu\/fr\/de-lencre-au-cloud\/rencontre-amy\/amy\/#breadcrumb\"},\"inLanguage\":\"fr-FR\",\"potentialAction\":[{\"@type\":\"ReadAction\",\"target\":[\"https:\/\/www.notariesofeurope-exhibition.eu\/fr\/de-lencre-au-cloud\/rencontre-amy\/amy\/\"]}]},{\"@type\":\"BreadcrumbList\",\"@id\":\"https:\/\/www.notariesofeurope-exhibition.eu\/fr\/de-lencre-au-cloud\/rencontre-amy\/amy\/#breadcrumb\",\"itemListElement\":[{\"@type\":\"ListItem\",\"position\":1,\"name\":\"Accueil\",\"item\":\"https:\/\/www.notariesofeurope-exhibition.eu\/fr\/\"},{\"@type\":\"ListItem\",\"position\":2,\"name\":\"De l&#8217;encre au cloud\",\"item\":\"https:\/\/www.notariesofeurope-exhibition.eu\/fr\/de-lencre-au-cloud\/\"},{\"@type\":\"ListItem\",\"position\":3,\"name\":\"Rencontre Amy\",\"item\":\"https:\/\/www.notariesofeurope-exhibition.eu\/fr\/de-lencre-au-cloud\/rencontre-amy\/\"},{\"@type\":\"ListItem\",\"position\":4,\"name\":\"Amy\"}]},{\"@type\":\"WebSite\",\"@id\":\"https:\/\/www.notariesofeurope-exhibition.eu\/#website\",\"url\":\"https:\/\/www.notariesofeurope-exhibition.eu\/\",\"name\":\"Notaries of Europe - Exhibition\",\"description\":\"CNUE\",\"potentialAction\":[{\"@type\":\"SearchAction\",\"target\":{\"@type\":\"EntryPoint\",\"urlTemplate\":\"https:\/\/www.notariesofeurope-exhibition.eu\/?s={search_term_string}\"},\"query-input\":{\"@type\":\"PropertyValueSpecification\",\"valueRequired\":true,\"valueName\":\"search_term_string\"}}],\"inLanguage\":\"fr-FR\"}]}<\/script>\n<!-- \/ Yoast SEO plugin. -->","yoast_head_json":{"title":"Amy - Notaries of Europe - Exhibition","robots":{"index":"noindex","follow":"nofollow"},"og_locale":"fr_FR","og_type":"article","og_title":"Amy - Notaries of Europe - Exhibition","og_description":"[vc_row bg_type=\u00a0\u00bbcolor\u00a0\u00bb padding_top_multiplier=\u00a0\u00bb\u00a0\u00bb padding_bottom_multiplier=\u00a0\u00bb\u00a0\u00bb columns_gap=\u00a0\u00bbnone\u00a0\u00bb bg_color=\u00a0\u00bb#E7ECF300&Prime; el_class=\u00a0\u00bbinfo_page page_quiz page_form\u00a0\u00bb][vc_column tablet_width=\u00a0\u00bb1&Prime; tablet_sm_width=\u00a0\u00bb1&Prime; el_class=\u00a0\u00bbcontent_quiz\u00a0\u00bb][vc_column_text css=\u00a0\u00bb\u00a0\u00bb el_class=\u00a0\u00bbtext context\u00a0\u00bb]Amy souhaite que sa communaut\u00e9 garde un espace pour se souvenir d\u2019elle. Aide Amy \u00e0 cr\u00e9er son espace m\u00e9moriel virtuel ![\/vc_column_text][vc_column_text css=\u00a0\u00bb\u00a0\u00bb el_class=\u00a0\u00bbtext custom_form\u00a0\u00bb][\/vc_column_text][\/vc_column][\/vc_row][vc_row bg_type=\u00a0\u00bbcolor\u00a0\u00bb el_class=\u00a0\u00bbchange_img_character\u00a0\u00bb bg_color=\u00a0\u00bb#E7ECF400&Prime;][vc_column][\/vc_column][\/vc_row]","og_url":"https:\/\/www.notariesofeurope-exhibition.eu\/fr\/de-lencre-au-cloud\/rencontre-amy\/amy\/","og_site_name":"Notaries of Europe - Exhibition","article_modified_time":"2026-03-13T10:23:24+00:00","twitter_card":"summary_large_image","twitter_misc":{"Dur\u00e9e de lecture estim\u00e9e":"1 minute"},"schema":{"@context":"https:\/\/schema.org","@graph":[{"@type":"WebPage","@id":"https:\/\/www.notariesofeurope-exhibition.eu\/fr\/de-lencre-au-cloud\/rencontre-amy\/amy\/","url":"https:\/\/www.notariesofeurope-exhibition.eu\/fr\/de-lencre-au-cloud\/rencontre-amy\/amy\/","name":"Amy - Notaries of Europe - Exhibition","isPartOf":{"@id":"https:\/\/www.notariesofeurope-exhibition.eu\/#website"},"datePublished":"2026-03-10T15:34:13+00:00","dateModified":"2026-03-13T10:23:24+00:00","breadcrumb":{"@id":"https:\/\/www.notariesofeurope-exhibition.eu\/fr\/de-lencre-au-cloud\/rencontre-amy\/amy\/#breadcrumb"},"inLanguage":"fr-FR","potentialAction":[{"@type":"ReadAction","target":["https:\/\/www.notariesofeurope-exhibition.eu\/fr\/de-lencre-au-cloud\/rencontre-amy\/amy\/"]}]},{"@type":"BreadcrumbList","@id":"https:\/\/www.notariesofeurope-exhibition.eu\/fr\/de-lencre-au-cloud\/rencontre-amy\/amy\/#breadcrumb","itemListElement":[{"@type":"ListItem","position":1,"name":"Accueil","item":"https:\/\/www.notariesofeurope-exhibition.eu\/fr\/"},{"@type":"ListItem","position":2,"name":"De l&#8217;encre au cloud","item":"https:\/\/www.notariesofeurope-exhibition.eu\/fr\/de-lencre-au-cloud\/"},{"@type":"ListItem","position":3,"name":"Rencontre Amy","item":"https:\/\/www.notariesofeurope-exhibition.eu\/fr\/de-lencre-au-cloud\/rencontre-amy\/"},{"@type":"ListItem","position":4,"name":"Amy"}]},{"@type":"WebSite","@id":"https:\/\/www.notariesofeurope-exhibition.eu\/#website","url":"https:\/\/www.notariesofeurope-exhibition.eu\/","name":"Notaries of Europe - Exhibition","description":"CNUE","potentialAction":[{"@type":"SearchAction","target":{"@type":"EntryPoint","urlTemplate":"https:\/\/www.notariesofeurope-exhibition.eu\/?s={search_term_string}"},"query-input":{"@type":"PropertyValueSpecification","valueRequired":true,"valueName":"search_term_string"}}],"inLanguage":"fr-FR"}]}},"_links":{"self":[{"href":"https:\/\/www.notariesofeurope-exhibition.eu\/fr\/wp-json\/wp\/v2\/pages\/2874","targetHints":{"allow":["GET"]}}],"collection":[{"href":"https:\/\/www.notariesofeurope-exhibition.eu\/fr\/wp-json\/wp\/v2\/pages"}],"about":[{"href":"https:\/\/www.notariesofeurope-exhibition.eu\/fr\/wp-json\/wp\/v2\/types\/page"}],"author":[{"embeddable":true,"href":"https:\/\/www.notariesofeurope-exhibition.eu\/fr\/wp-json\/wp\/v2\/users\/2"}],"replies":[{"embeddable":true,"href":"https:\/\/www.notariesofeurope-exhibition.eu\/fr\/wp-json\/wp\/v2\/comments?post=2874"}],"version-history":[{"count":4,"href":"https:\/\/www.notariesofeurope-exhibition.eu\/fr\/wp-json\/wp\/v2\/pages\/2874\/revisions"}],"predecessor-version":[{"id":2885,"href":"https:\/\/www.notariesofeurope-exhibition.eu\/fr\/wp-json\/wp\/v2\/pages\/2874\/revisions\/2885"}],"up":[{"embeddable":true,"href":"https:\/\/www.notariesofeurope-exhibition.eu\/fr\/wp-json\/wp\/v2\/pages\/2862"}],"wp:attachment":[{"href":"https:\/\/www.notariesofeurope-exhibition.eu\/fr\/wp-json\/wp\/v2\/media?parent=2874"}],"curies":[{"name":"wp","href":"https:\/\/api.w.org\/{rel}","templated":true}]}}