{"id":450,"date":"2019-10-01T10:39:18","date_gmt":"2019-10-01T08:39:18","guid":{"rendered":"http:\/\/staging.notariesofeurope-exhibition.eu\/?page_id=450"},"modified":"2026-02-16T11:59:04","modified_gmt":"2026-02-16T09:59:04","slug":"allemagne-de","status":"publish","type":"page","link":"https:\/\/www.notariesofeurope-exhibition.eu\/fr\/actes\/allemagne-de\/","title":{"rendered":"Allemagne-DE"},"content":{"rendered":"<div class=\"wpb-content-wrapper\"><p>[vc_row bg_type=\u00a0\u00bbcolor\u00a0\u00bb padding_top_multiplier=\u00a0\u00bb\u00a0\u00bb padding_bottom_multiplier=\u00a0\u00bb\u00a0\u00bb bg_color=\u00a0\u00bb#E7ECF3&Prime; el_class=\u00a0\u00bbhero_page\u00a0\u00bb][vc_column width=\u00a0\u00bb1\/2&Prime; tablet_width=\u00a0\u00bb1&Prime; tablet_sm_width=\u00a0\u00bb1&Prime; el_class=\u00a0\u00bbaccord_actes\u00a0\u00bb]<div class=\"grve-element grve-box-icon grve-medium grve-side-icon grve-align-left title_pays\" style=\"\"><div class=\"grve-image-icon\"><img loading=\"lazy\" decoding=\"async\" width=\"1\" height=\"1\" src=\"https:\/\/www.notariesofeurope-exhibition.eu\/wp-content\/uploads\/2026\/02\/allemagne.svg\" class=\"attachment-full size-full\" alt=\"\" \/><\/div><div class=\"grve-box-content\"><div class=\"grve-box-title-wrapper\"><h1 class=\"grve-box-title grve-leader-text\">Deutschland<\/h1><\/div><\/div><\/div>[vc_tta_accordion active_section=\u00a0\u00bb999&Prime;][vc_tta_section title=\u00a0\u00bb1873 &#8211; Kaufvertrag &#8211; Kauf der Herreninsel durch K\u00f6nig Ludwig II. von Bayern\u00a0\u00bb tab_id=\u00a0\u00bb1568121683620-4df91743-a69c\u00a0\u00bb][vc_column_text]<\/p>\n<p style=\"text-align: center;\"><strong>K\u00f6nig Ludwig II. von Bayern (* 25. August 1845 auf Schloss Nymphenburg, + 13. Juni 1886 im Starnberger See)<\/strong><\/p>\n<p>Ludwig II. wuchs \u00fcberwiegend auf Schloss Hohenschwangau bei F\u00fcssen auf. Im Alter von sechzehn Jahren kam Ludwig erstmals mit den Opern Richard Wagners in Ber\u00fchrung, die einen lebenslangen, tiefen Eindruck hinterlie\u00dfen. Im Alter von achtzehn Jahren, nach dem Tod seines Vaters Maximilian II., \u00fcbernahm Ludwig die Regierungsgesch\u00e4fte. Sein Hauptinteresse galt der F\u00f6rderung von Musik und Kultur. Ludwig nahm die Regierungsgesch\u00e4fte sehr ernst, zeigte aber an den milit\u00e4rischen Belangen wenig Interesse. Tats\u00e4chlich gab er der Kunst, architektonischen Ideen, Neuerungen der Technik und seiner romantischen Ader den Vorrang. Dennoch musste er zwei Kriege f\u00fchren (1866 und 1870\/71), was er weniger aus politischer Einsicht, sondern vielmehr einem Zwang nachgebend tat.<br \/>\nLudwig II. hatte sich selten in der \u00d6ffentlichkeit gezeigt. Er lebte stets sehr zur\u00fcckgezogen und da er kaum tags\u00fcber, sondern \u00f6fters des Nachts bei Spazierg\u00e4ngen zu sehen war, erhielt er den Namen \u201eMondk\u00f6nig\u201c. Lediglich der Bau seiner Schl\u00f6sser (Neuschwanstein, Linderhof und Herrenchiemsee) konnte sein Interesse an der Au\u00dfenwelt noch wachhalten. Jedoch waren seine Schulden so hoch, dass die Arbeiten daran zeitweise oder ganz eingestellt werden mussten. 1886 wurde er deshalb von seinem Kabinett entm\u00fcndigt und verhaftet und in Gewahrsam nach Schloss Berg am Starnberger See gebracht. Dort ertrank er am 13. Juni 1886 zusammen mit dem Arzt Dr. Bernhard von Gudden im See.<\/p>\n<p><strong><span style=\"text-decoration: underline;\">Die Urkunde<\/span><\/strong><br \/>\n<em>M\u00fcnchen, 10. September 1873 (Kaufurkunde)<\/em><\/p>\n<p>Die Herreninsel (auch Herrenw\u00f6rth) ist mit einer Gesamtfl\u00e4che von 238 ha die gr\u00f6\u00dfte der drei im Chiemsee liegenden Inseln. Bis zur S\u00e4kularisierung (1803) war sie im Besitz von Kloster Herrenchiemsee. Nach der Aufl\u00f6sung des Bistums Chiemsee im Jahre 1808 war die Insel in wechselndem Besitz, was 1870 beinahe dazu f\u00fchrte, dass es durch einen der kurzzeitigen Besitzer, eine w\u00fcrttembergische Holzverwertungsgesellschaft, zu einer kompletten Abholzung der Waldbest\u00e4nde gekommen w\u00e4re. So erwarb Ludwig II. am 10. September 1873 die Insel f\u00fcr 350.000 fl und rettete damit deren W\u00e4lder. Die Idee, dort ein Schloss zu errichten, entstand erst 1874\/75, als die Entw\u00fcrfe f\u00fcr den Bau von Meicost Ettal bzw. Tmeicos Ettal, einem Refugium nach dem Vorbild von Versailles, immer ausufernder wurden und der vorgesehene Bauplatz im Graswangtal nicht mehr ausreichte. So verlagerte Ludwig II. den Standort seines \u201eVersailles\u201c auf die Herreninsel im Chiemsee.<\/p>\n<p>Ludwig II. erschien nicht pers\u00f6nlich vor dem Notar Karl Hacker in M\u00fcnchen zur Unterzeichnung der Kaufurkunde, sondern erm\u00e4chtigte seinen Hofsekret\u00e4r Lorenz von D\u00fcfflipp, den Kauf vorzunehmen, weshalb der Urkunde die eigenh\u00e4ndig unterzeichnete Erm\u00e4chtigung des K\u00f6nigs beigeheftet ist.<\/p>\n<p><em>StAM (EIH) Notariat M\u00fcnchen III UR 2391\/1873<\/em><br \/>\n<em>Or., Pap., geheftet, 33 x 22 cm<\/em>[\/vc_column_text]<div class=\"grve-empty-space grve-height-1x\" style=\"\"><\/div><div class=\"grve-element grve-align-left\"><a href=\"\/wp-content\/uploads\/2019\/09\/allemagne-vente-1873_c.pdf\" title=\"T\u00e9l\u00e9charger\" target=\"_blank\" rel=\"noopener noreferrer\" class=\"grve-btn grve-btn-medium grve-extra-round grve-bg-primary-1 grve-bg-hover-primary-2\"><span><i class=\"entypo-icon entypo-icon-doc-text\"><\/i>Consulter l'Acte<\/span><\/a><\/div>[\/vc_tta_section][vc_tta_section title=\u00a0\u00bb1903 &#8211; Adoptionsurkunde &#8211; Wilhelm Conrad R\u00f6ntgen (Entdecker der R\u00f6ntgenstrahlen)\u00a0\u00bb tab_id=\u00a0\u00bb1568121763115-b149af46-5885&Prime;][vc_column_text]<\/p>\n<p style=\"text-align: center;\"><strong>Wilhelm Conrad R\u00f6ntgen (* 27. M\u00e4rz 1845 in Lennep bei Remscheid, Rheinland, + 10. Februar 1923 in M\u00fcnchen)<\/strong><\/p>\n<p>Wilhelm Conrad R\u00f6ntgen, der Entdecker der R\u00f6ntgenstrahlen, wurde am 27. M\u00e4rz 1845 im Rheinland als Sohn eines Tuchfabrikanten geboren. Im Jahr 1848 zog die Familie in die Niederlande, woher Wilhelms Mutter stammte. Seine Kindheit und Jugend verbrachte er in Apeldoom. Nach dem Besuch der Technischen Schule in Utrecht studierte er zun\u00e4chst Ingenieurwissenschaften, dann Physik in Z\u00fcrich. Seine wissenschaftliche T\u00e4tigkeit f\u00fchrte ihn nach W\u00fcrzburg, Stra\u00dfburg, Hohenheim bei Stuttgart und Gie\u00dfen. 1888 wurde er schlie\u00dflich Ordinarius in W\u00fcrzburg, wo er 1895 die heute allgemein als R\u00f6ntgenstrahlen bekannten X-Strahlen entdeckte. Unter den ersten R\u00f6ntgenaufnahmen befand sich die Hand seiner Frau. F\u00fcr diese in der Medizin nicht mehr wegzudenkende Errungenschaft wurde er mit mehreren Orden und nicht zuletzt 1901 mit dem ersten Nobelpreis f\u00fcr Physik ausgezeichnet. Ab 1900 bis zu seiner Emeritierung war R\u00f6ntgen Professor an der Universit\u00e4t M\u00fcnchen. Er starb 1923 &#8211; vier Jahre nach dem Tod seiner Frau &#8211; in M\u00fcnchen. Wie er es sich gew\u00fcnscht hatte, fand er seine letzte Ruhest\u00e4tte auf dem Alten Friedhof in Gie\u00dfen, wo auch seine Eltern bestattet worden waren.<\/p>\n<p><strong><span style=\"text-decoration: underline;\">Die Urkunde<\/span><\/strong><br \/>\n<em>M\u00fcnchen, 23. Februar 1903 (Adoptionsurkunde)<\/em><\/p>\n<p>R\u00f6ntgen war seit Januar 1872 mit der Wirtstochter Anna Bertha Ludwig aus Z\u00fcrich verheiratet. Die Ehe blieb allerdings kinderlos, weshalb das Paar Josephina Bertha Ludwig, die Nichte Anna Berthas, die seit 1887 im Haus der R\u00f6ntgens wohnte und von dem Ehepaar betreut wurde, am 23. Februar 1903 adoptierte. Josephina Ludwig war zu diesem Zeitpunkt bereits 21 Jahre alt. Es wurde bestimmt, dass der neue Name \u201eR\u00f6ntgen\u201d ihrem fr\u00fcheren Familiennamen \u201eLudwig\u201d hinzugef\u00fcgt wird und sie von der gesetzlichen Erbfolge ausgeschlossen ist. Trotzdem bestimmten R\u00f6ntgen und seine Frau in ihrem Testament neben Freunden, Hausbediensteten, karitativen Einrichtungen und der Stadt Lennep auch ihre Adoptivtochter als Erbin.<\/p>\n<p><em>StAM (EIH) Notariat M\u00fcnchen II UR 1903\/770 (K 2592)<\/em><br \/>\n<em>Or., Pap., geheftet, 33 x 22 cm<\/em>[\/vc_column_text]<div class=\"grve-empty-space grve-height-1x\" style=\"\"><\/div><div class=\"grve-element grve-align-left\"><a href=\"\/wp-content\/uploads\/2019\/09\/allemagne-adoption-1903_c.pdf\" title=\"T\u00e9l\u00e9charger\" target=\"_blank\" rel=\"noopener noreferrer\" class=\"grve-btn grve-btn-medium grve-extra-round grve-bg-primary-1 grve-bg-hover-primary-2\"><span><i class=\"entypo-icon entypo-icon-doc-text\"><\/i>Consulter l'Acte<\/span><\/a><\/div>[\/vc_tta_section][vc_tta_section title=\u00a0\u00bb1943 &#8211; Georg Franz Josef Luitpold Maria von Bayern \u2013 das Testament\u00a0\u00bb tab_id=\u00a0\u00bb1568121683682-ba504f17-dfe4&Prime;][vc_column_text]<\/p>\n<p style=\"text-align: center;\"><strong>Georg Franz Josef Luitpold Maria von Bayern (* 2. April 1880 in M\u00fcnchen, 31. Mai 1943 in Rom)<\/strong><\/p>\n<p>Georg von Bayern, der Enkel Kaiser Franz Josephs von \u00d6sterreich, war seit 1897 Leutnant beim Bayerischen Infanterie-Leib-Regiment und stieg in der Armee bis zum Major auf. Im Ersten Weltkrieg stand Georg von Bayern als Offizier an der West- und Ostfront, erhielt das Eiserne Kreuz 1. Klasse sowie andere Auszeichnungen und erreichte den Rang eines Oberst. 1919 begann Georg in Innsbruck ein Theologiestudium und wurde am 21. M\u00e4rz 1921 zum Priester geweiht. Er promovierte anschlie\u00dfend in Innsbruck in Kirchenrecht und ging nach Rom, wo er seine Studien fortsetzte und 1925 an der P\u00e4pstlichen Akademie graduiert wurde. Am Vatikan avancierte er zum Apostolischen Protonotar. W\u00e4hrend seiner r\u00f6mischen Zeit lebte Prinz Georg in der Villa San Francesco mit den dortigen Waldbreitbacher Franziskanerbr\u00fcdern, die sich der Krankenpflege verschrieben hatten.<\/p>\n<p><strong><span style=\"text-decoration: underline;\">Das Testament <\/span><\/strong><\/p>\n<p>Georg von Bayern starb mit 63 Jahren in Rom und ist auf dem deutschen Friedhof Campo Santo Teutonico beigesetzt. Er soll sich bei der Pflege von Kranken mit Tuberkulose angesteckt haben. Testamentarisch hinterlie\u00df er Geld f\u00fcr neue Bronzetore der Peterskirche. Von seiner Stiftung wurden u.a. das \u201eTor des Todes\u201c von Giacomo Manzu und das \u201eTor der Sakramente\u201c von Venanzo Crocetti finanziert.<\/p>\n<p><em>StAM AG M\u00fcnchen NR 1943\/4678<\/em><br \/>\n<em>Or., Pap., 33 x 22 cm<\/em>[\/vc_column_text]<div class=\"grve-empty-space grve-height-1x\" style=\"\"><\/div><div class=\"grve-element grve-align-left\"><a href=\"\/wp-content\/uploads\/2019\/09\/allemagne-testament-1943_c.pdf\" title=\"T\u00e9l\u00e9charger\" target=\"_blank\" rel=\"noopener noreferrer\" class=\"grve-btn grve-btn-medium grve-extra-round grve-bg-primary-1 grve-bg-hover-primary-2\"><span><i class=\"entypo-icon entypo-icon-doc-text\"><\/i>Consulter l'Acte<\/span><\/a><\/div>[\/vc_tta_section][\/vc_tta_accordion]<div class=\"grve-element grve-align-left cta_custom cta_custom_blue\"><a href=\"\/fr\/actes\/allemagne\" title=\"Fran\u00e7ais\" class=\"grve-btn grve-btn-medium grve-square grve-bg-primary-1 grve-bg-hover-black\"><span>Fran\u00e7ais<\/span><\/a><\/div>[\/vc_column][vc_column width=\u00a0\u00bb1\/2&Prime; el_class=\u00a0\u00bbcol_img\u00a0\u00bb]<div class=\"grve-element grve-image img_actes_pays grve-align-center\" style=\"\">  <div class=\"grve-image-wrapper\"><img loading=\"lazy\" decoding=\"async\" width=\"1500\" height=\"1194\" src=\"https:\/\/www.notariesofeurope-exhibition.eu\/wp-content\/uploads\/2026\/02\/germany.webp\" class=\"attachment-full size-full\" alt=\"\" srcset=\"https:\/\/www.notariesofeurope-exhibition.eu\/wp-content\/uploads\/2026\/02\/germany.webp 1500w, https:\/\/www.notariesofeurope-exhibition.eu\/wp-content\/uploads\/2026\/02\/germany-300x239.webp 300w, https:\/\/www.notariesofeurope-exhibition.eu\/wp-content\/uploads\/2026\/02\/germany-1024x815.webp 1024w, https:\/\/www.notariesofeurope-exhibition.eu\/wp-content\/uploads\/2026\/02\/germany-768x611.webp 768w\" sizes=\"auto, (max-width: 1500px) 100vw, 1500px\" \/>   <\/div><\/div>[\/vc_column][\/vc_row][vc_row bg_type=\u00a0\u00bbcolor\u00a0\u00bb padding_top_multiplier=\u00a0\u00bb3x\u00a0\u00bb el_class=\u00a0\u00bbmap_section\u00a0\u00bb bg_color=\u00a0\u00bb#E7ECF3&Prime;][vc_column]<h2 class=\"grve-element grve-title grve-align-left grve-h3 title_section\" style=\"\"><span>Recherchez des actes d&rsquo;autres pays :<\/span><\/h2>[\/vc_column][\/vc_row][vc_row section_type=\u00a0\u00bbfullwidth\u00a0\u00bb bg_type=\u00a0\u00bbcolor\u00a0\u00bb padding_top_multiplier=\u00a0\u00bb\u00a0\u00bb padding_bottom_multiplier=\u00a0\u00bb\u00a0\u00bb columns_gap=\u00a0\u00bbnone\u00a0\u00bb bg_color=\u00a0\u00bb#E7ECF3&Prime;][vc_column][vc_column_text css=\u00a0\u00bb\u00a0\u00bb]<div id=\"mapplic-id48\" data-mapdata=\"{&quot;mapwidth&quot;:&quot;1200&quot;,&quot;mapheight&quot;:&quot;1200&quot;,&quot;minimap&quot;:false,&quot;zoombuttons&quot;:true,&quot;sidebar&quot;:false,&quot;search&quot;:false,&quot;hovertip&quot;:true,&quot;fullscreen&quot;:false,&quot;zoomlimit&quot;:&quot;2&quot;,&quot;mapfill&quot;:true,&quot;zoom&quot;:true,&quot;alphabetic&quot;:true,&quot;categories&quot;:[],&quot;levels&quot;:[{&quot;id&quot;:&quot;europe&quot;,&quot;title&quot;:&quot;Europe&quot;,&quot;map&quot;:&quot;\/\/www.notariesofeurope-exhibition.eu\/wp-content\/plugins\/mapplic\/maps\/europe.svg&quot;,&quot;minimap&quot;:&quot;https:\/\/www.notariesofeurope-exhibition.eu\/wp-content\/plugins\/mapplic\/maps\/europe-mini.jpg&quot;,&quot;locations&quot;:[{&quot;id&quot;:&quot;de&quot;,&quot;title&quot;:&quot;Allemagne&quot;,&quot;description&quot;:&quot;&lt;p&gt;Allemagne&lt;\/p&gt;&quot;,&quot;pin&quot;:&quot;hidden&quot;,&quot;link&quot;:&quot;\/fr\/actes\/allemagne&quot;,&quot;thumbnail&quot;:&quot;\/wp-content\/uploads\/2019\/09\/flag-allemagne-1.svg&quot;,&quot;image&quot;:&quot;\/wp-content\/uploads\/2019\/09\/flag-allemagne-1.svg&quot;,&quot;action&quot;:&quot;default&quot;,&quot;x&quot;:&quot;0.4366&quot;,&quot;y&quot;:&quot;0.5294&quot;},{&quot;id&quot;:&quot;fr&quot;,&quot;title&quot;:&quot;France&quot;,&quot;description&quot;:&quot;&lt;p&gt;France&lt;\/p&gt;&quot;,&quot;pin&quot;:&quot;hidden&quot;,&quot;link&quot;:&quot;\/fr\/actes\/france&quot;,&quot;action&quot;:&quot;open-link&quot;,&quot;x&quot;:&quot;0.3135&quot;,&quot;y&quot;:&quot;0.6364&quot;,&quot;image&quot;:&quot;\/wp-content\/uploads\/2019\/09\/flag-france.svg&quot;,&quot;thumbnail&quot;:&quot;\/wp-content\/uploads\/2019\/09\/flag-france.svg&quot;},{&quot;id&quot;:&quot;at&quot;,&quot;title&quot;:&quot;Autriche&quot;,&quot;description&quot;:&quot;&lt;p&gt;Autriche&lt;\/p&gt;&quot;,&quot;pin&quot;:&quot;hidden&quot;,&quot;action&quot;:&quot;default&quot;,&quot;x&quot;:&quot;0.5084&quot;,&quot;y&quot;:&quot;0.6182&quot;,&quot;thumbnail&quot;:&quot;\/wp-content\/uploads\/2019\/09\/flag-autriche.svg&quot;,&quot;image&quot;:&quot;\/wp-content\/uploads\/2019\/09\/flag-autriche.svg&quot;,&quot;link&quot;:&quot;\/fr\/actes\/autriche&quot;},{&quot;id&quot;:&quot;be&quot;,&quot;title&quot;:&quot;Belgique&quot;,&quot;description&quot;:&quot;&lt;p&gt;Belgique&lt;\/p&gt;&quot;,&quot;pin&quot;:&quot;hidden&quot;,&quot;link&quot;:&quot;\/fr\/actes\/belgique&quot;,&quot;thumbnail&quot;:&quot;\/wp-content\/uploads\/2019\/09\/flag-belgique.svg&quot;,&quot;image&quot;:&quot;\/wp-content\/uploads\/2019\/09\/flag-belgique.svg&quot;,&quot;action&quot;:&quot;default&quot;,&quot;x&quot;:&quot;0.3574&quot;,&quot;y&quot;:&quot;0.5358&quot;},{&quot;id&quot;:&quot;lu&quot;,&quot;title&quot;:&quot;Luxembourg&quot;,&quot;description&quot;:&quot;&lt;p&gt;Luxembourg&lt;\/p&gt;&quot;,&quot;pin&quot;:&quot;hidden&quot;,&quot;link&quot;:&quot;\/fr\/actes\/luxembourg&quot;,&quot;thumbnail&quot;:&quot;\/wp-content\/uploads\/2019\/09\/flag-luxembourg.svg&quot;,&quot;image&quot;:&quot;\/wp-content\/uploads\/2019\/09\/flag-luxembourg.svg&quot;,&quot;action&quot;:&quot;default&quot;,&quot;x&quot;:&quot;0.3777&quot;,&quot;y&quot;:&quot;0.5583&quot;},{&quot;id&quot;:&quot;nl&quot;,&quot;title&quot;:&quot;Pays-Bas&quot;,&quot;description&quot;:&quot;&lt;p&gt;Pays-Bas&lt;\/p&gt;&quot;,&quot;pin&quot;:&quot;hidden&quot;,&quot;link&quot;:&quot;\/fr\/actes\/pays-bas&quot;,&quot;thumbnail&quot;:&quot;\/wp-content\/uploads\/2019\/09\/flag-paysbas.svg&quot;,&quot;image&quot;:&quot;\/wp-content\/uploads\/2019\/09\/flag-paysbas.svg&quot;,&quot;action&quot;:&quot;open-link&quot;,&quot;x&quot;:&quot;0.3689&quot;,&quot;y&quot;:&quot;0.5010&quot;},{&quot;id&quot;:&quot;pl&quot;,&quot;title&quot;:&quot;Pologne&quot;,&quot;description&quot;:&quot;&lt;p&gt;Pologne&lt;\/p&gt;&quot;,&quot;pin&quot;:&quot;hidden&quot;,&quot;link&quot;:&quot;\/fr\/actes\/pologne&quot;,&quot;thumbnail&quot;:&quot;\/wp-content\/uploads\/2019\/09\/flag-pologne.svg&quot;,&quot;image&quot;:&quot;\/wp-content\/uploads\/2019\/09\/flag-pologne.svg&quot;,&quot;action&quot;:&quot;open-link&quot;,&quot;x&quot;:&quot;0.5715&quot;,&quot;y&quot;:&quot;0.4919&quot;},{&quot;id&quot;:&quot;bg&quot;,&quot;title&quot;:&quot;Bulgarie&quot;,&quot;description&quot;:&quot;&lt;p&gt;Bulgarie&lt;\/p&gt;&quot;,&quot;pin&quot;:&quot;hidden&quot;,&quot;link&quot;:&quot;\/fr\/actes\/bulgarie&quot;,&quot;thumbnail&quot;:&quot;\/wp-content\/uploads\/2019\/09\/flag-bulgarie.svg&quot;,&quot;image&quot;:&quot;\/wp-content\/uploads\/2019\/09\/flag-bulgarie.svg&quot;,&quot;action&quot;:&quot;open-link&quot;,&quot;x&quot;:&quot;0.7086&quot;,&quot;y&quot;:&quot;0.7149&quot;},{&quot;id&quot;:&quot;ro&quot;,&quot;title&quot;:&quot;Roumanie&quot;,&quot;description&quot;:&quot;&lt;p&gt;Roumanie&lt;\/p&gt;&quot;,&quot;pin&quot;:&quot;hidden&quot;,&quot;link&quot;:&quot;\/fr\/actes\/roumanie&quot;,&quot;thumbnail&quot;:&quot;\/wp-content\/uploads\/2019\/09\/flag-roumanie.svg&quot;,&quot;image&quot;:&quot;\/wp-content\/uploads\/2019\/09\/flag-roumanie.svg&quot;,&quot;action&quot;:&quot;open-link&quot;,&quot;x&quot;:&quot;0.6925&quot;,&quot;y&quot;:&quot;0.6389&quot;},{&quot;id&quot;:&quot;gr&quot;,&quot;title&quot;:&quot;Gr&egrave;ce&quot;,&quot;description&quot;:&quot;&lt;p&gt;Gr&egrave;ce&lt;\/p&gt;&quot;,&quot;pin&quot;:&quot;hidden&quot;,&quot;link&quot;:&quot;\/fr\/actes\/grece&quot;,&quot;thumbnail&quot;:&quot;\/wp-content\/uploads\/2019\/09\/flag-grece.svg&quot;,&quot;image&quot;:&quot;\/wp-content\/uploads\/2019\/09\/flag-grece.svg&quot;,&quot;action&quot;:&quot;open-link&quot;,&quot;x&quot;:&quot;0.6572&quot;,&quot;y&quot;:&quot;0.7995&quot;},{&quot;id&quot;:&quot;hr&quot;,&quot;title&quot;:&quot;Croatie&quot;,&quot;description&quot;:&quot;&lt;p&gt;Croatie&lt;\/p&gt;&quot;,&quot;pin&quot;:&quot;hidden&quot;,&quot;link&quot;:&quot;\/fr\/actes\/croatie&quot;,&quot;thumbnail&quot;:&quot;\/wp-content\/uploads\/2019\/09\/flag-croatie.svg&quot;,&quot;image&quot;:&quot;\/wp-content\/uploads\/2019\/09\/flag-croatie.svg&quot;,&quot;action&quot;:&quot;open-link&quot;,&quot;x&quot;:&quot;0.5426&quot;,&quot;y&quot;:&quot;0.6581&quot;},{&quot;id&quot;:&quot;si&quot;,&quot;title&quot;:&quot;Slov&eacute;nie&quot;,&quot;description&quot;:&quot;&lt;p&gt;Slov&eacute;nie&lt;\/p&gt;&quot;,&quot;pin&quot;:&quot;hidden&quot;,&quot;link&quot;:&quot;\/fr\/actes\/slovenie&quot;,&quot;thumbnail&quot;:&quot;\/wp-content\/uploads\/2019\/09\/flag-slovenie.svg&quot;,&quot;image&quot;:&quot;\/wp-content\/uploads\/2019\/09\/flag-slovenie.svg&quot;,&quot;action&quot;:&quot;open-link&quot;,&quot;x&quot;:&quot;0.5180&quot;,&quot;y&quot;:&quot;0.6503&quot;},{&quot;id&quot;:&quot;es&quot;,&quot;title&quot;:&quot;Espagne&quot;,&quot;description&quot;:&quot;&lt;p&gt;Espagne&lt;\/p&gt;&quot;,&quot;pin&quot;:&quot;hidden&quot;,&quot;link&quot;:&quot;\/fr\/actes\/espagne&quot;,&quot;thumbnail&quot;:&quot;\/wp-content\/uploads\/2019\/09\/flag-espagne.svg&quot;,&quot;image&quot;:&quot;\/wp-content\/uploads\/2019\/09\/flag-espagne.svg&quot;,&quot;action&quot;:&quot;default&quot;,&quot;x&quot;:&quot;0.1818&quot;,&quot;y&quot;:&quot;0.7905&quot;},{&quot;id&quot;:&quot;pt&quot;,&quot;title&quot;:&quot;Portugal&quot;,&quot;description&quot;:&quot;&lt;p&gt;Portugal&lt;\/p&gt;&quot;,&quot;pin&quot;:&quot;hidden&quot;,&quot;link&quot;:&quot;\/fr\/actes\/portugal&quot;,&quot;thumbnail&quot;:&quot;\/wp-content\/uploads\/2019\/09\/flag-portugal.svg&quot;,&quot;image&quot;:&quot;\/wp-content\/uploads\/2019\/09\/flag-portugal.svg&quot;,&quot;action&quot;:&quot;open-link&quot;,&quot;x&quot;:&quot;0.0962&quot;,&quot;y&quot;:&quot;0.7777&quot;},{&quot;id&quot;:&quot;hu&quot;,&quot;title&quot;:&quot;Hongrie&quot;,&quot;description&quot;:&quot;&lt;p&gt;Hongrie&lt;\/p&gt;&quot;,&quot;pin&quot;:&quot;hidden&quot;,&quot;link&quot;:&quot;\/fr\/actes\/hongrie&quot;,&quot;thumbnail&quot;:&quot;\/wp-content\/uploads\/2019\/09\/flag-hongrie.svg&quot;,&quot;image&quot;:&quot;\/wp-content\/uploads\/2019\/09\/flag-hongrie.svg&quot;,&quot;action&quot;:&quot;open-link&quot;,&quot;x&quot;:&quot;0.5919&quot;,&quot;y&quot;:&quot;0.6182&quot;},{&quot;id&quot;:&quot;it&quot;,&quot;title&quot;:&quot;Italie&quot;,&quot;description&quot;:&quot;&lt;p&gt;Italie&lt;\/p&gt;&quot;,&quot;pin&quot;:&quot;hidden&quot;,&quot;link&quot;:&quot;\/fr\/actes\/italie&quot;,&quot;thumbnail&quot;:&quot;\/wp-content\/uploads\/2019\/09\/flag-italie.svg&quot;,&quot;image&quot;:&quot;\/wp-content\/uploads\/2019\/09\/flag-italie.svg&quot;,&quot;action&quot;:&quot;open-link&quot;,&quot;x&quot;:&quot;0.4773&quot;,&quot;y&quot;:&quot;0.7263&quot;},{&quot;id&quot;:&quot;mt&quot;,&quot;title&quot;:&quot;Malte&quot;,&quot;description&quot;:&quot;&lt;p&gt;Malte&lt;\/p&gt;&quot;,&quot;pin&quot;:&quot;hidden&quot;,&quot;link&quot;:&quot;\/fr\/actes\/malte&quot;,&quot;thumbnail&quot;:&quot;\/wp-content\/uploads\/2019\/09\/flag-malte.svg&quot;,&quot;image&quot;:&quot;\/wp-content\/uploads\/2019\/09\/flag-malte.svg&quot;,&quot;action&quot;:&quot;open-link&quot;,&quot;x&quot;:&quot;0.5279&quot;,&quot;y&quot;:&quot;0.9085&quot;}]}],&quot;maxscale&quot;:&quot;2&quot;,&quot;clearbutton&quot;:true,&quot;mousewheel&quot;:false,&quot;deeplinking&quot;:true,&quot;fillcolor&quot;:&quot;#322d7c&quot;,&quot;action&quot;:&quot;open-link&quot;,&quot;height&quot;:&quot;100%&quot;,&quot;zoomoutclose&quot;:false,&quot;closezoomout&quot;:false,&quot;thumbholder&quot;:true,&quot;hidenofilter&quot;:false,&quot;linknewtab&quot;:false,&quot;csv&quot;:&quot;&quot;,&quot;topLat&quot;:&quot;55.058191&quot;,&quot;leftLng&quot;:&quot;5.866365&quot;,&quot;bottomLat&quot;:&quot;47.270172&quot;,&quot;rightLng&quot;:&quot;15.041747&quot;}\"><\/div>[\/vc_column_text][\/vc_column][\/vc_row]<\/p>\n<\/div>","protected":false},"excerpt":{"rendered":"<p>[vc_row bg_type=\u00a0\u00bbcolor\u00a0\u00bb padding_top_multiplier=\u00a0\u00bb\u00a0\u00bb padding_bottom_multiplier=\u00a0\u00bb\u00a0\u00bb bg_color=\u00a0\u00bb#E7ECF3&Prime; el_class=\u00a0\u00bbhero_page\u00a0\u00bb][vc_column width=\u00a0\u00bb1\/2&Prime; tablet_width=\u00a0\u00bb1&Prime; tablet_sm_width=\u00a0\u00bb1&Prime; el_class=\u00a0\u00bbaccord_actes\u00a0\u00bb][vc_tta_accordion active_section=\u00a0\u00bb999&Prime;][vc_tta_section title=\u00a0\u00bb1873 &#8211; Kaufvertrag &#8211; Kauf der Herreninsel durch K\u00f6nig Ludwig II. von Bayern\u00a0\u00bb tab_id=\u00a0\u00bb1568121683620-4df91743-a69c\u00a0\u00bb][vc_column_text] K\u00f6nig Ludwig II. von Bayern (* 25. August 1845 auf Schloss Nymphenburg, + 13. Juni 1886 im Starnberger See) Ludwig II. wuchs \u00fcberwiegend auf Schloss Hohenschwangau bei F\u00fcssen auf. Im [&hellip;]<\/p>\n","protected":false},"author":2,"featured_media":0,"parent":11,"menu_order":0,"comment_status":"closed","ping_status":"closed","template":"","meta":{"inline_featured_image":false,"footnotes":""},"class_list":["post-450","page","type-page","status-publish","hentry"],"yoast_head":"<!-- This site is optimized with the Yoast SEO plugin v26.9 - https:\/\/yoast.com\/product\/yoast-seo-wordpress\/ -->\n<title>Allemagne-DE - Notaries of Europe - Exhibition<\/title>\n<meta name=\"robots\" content=\"index, follow, max-snippet:-1, max-image-preview:large, max-video-preview:-1\" \/>\n<link rel=\"canonical\" href=\"https:\/\/www.notariesofeurope-exhibition.eu\/fr\/actes\/allemagne-de\/\" \/>\n<meta property=\"og:locale\" content=\"fr_FR\" \/>\n<meta property=\"og:type\" content=\"article\" \/>\n<meta property=\"og:title\" content=\"Allemagne-DE - Notaries of Europe - Exhibition\" \/>\n<meta property=\"og:description\" content=\"[vc_row bg_type=\u00a0\u00bbcolor\u00a0\u00bb padding_top_multiplier=\u00a0\u00bb\u00a0\u00bb padding_bottom_multiplier=\u00a0\u00bb\u00a0\u00bb bg_color=\u00a0\u00bb#E7ECF3&Prime; el_class=\u00a0\u00bbhero_page\u00a0\u00bb][vc_column width=\u00a0\u00bb1\/2&Prime; tablet_width=\u00a0\u00bb1&Prime; tablet_sm_width=\u00a0\u00bb1&Prime; el_class=\u00a0\u00bbaccord_actes\u00a0\u00bb][vc_tta_accordion active_section=\u00a0\u00bb999&Prime;][vc_tta_section title=\u00a0\u00bb1873 &#8211; Kaufvertrag &#8211; Kauf der Herreninsel durch K\u00f6nig Ludwig II. von Bayern\u00a0\u00bb tab_id=\u00a0\u00bb1568121683620-4df91743-a69c\u00a0\u00bb][vc_column_text] K\u00f6nig Ludwig II. von Bayern (* 25. August 1845 auf Schloss Nymphenburg, + 13. Juni 1886 im Starnberger See) Ludwig II. wuchs \u00fcberwiegend auf Schloss Hohenschwangau bei F\u00fcssen auf. Im [&hellip;]\" \/>\n<meta property=\"og:url\" content=\"https:\/\/www.notariesofeurope-exhibition.eu\/fr\/actes\/allemagne-de\/\" \/>\n<meta property=\"og:site_name\" content=\"Notaries of Europe - Exhibition\" \/>\n<meta property=\"article:modified_time\" content=\"2026-02-16T09:59:04+00:00\" \/>\n<meta name=\"twitter:card\" content=\"summary_large_image\" \/>\n<meta name=\"twitter:label1\" content=\"Dur\u00e9e de lecture estim\u00e9e\" \/>\n\t<meta name=\"twitter:data1\" content=\"6 minutes\" \/>\n<script type=\"application\/ld+json\" class=\"yoast-schema-graph\">{\"@context\":\"https:\/\/schema.org\",\"@graph\":[{\"@type\":\"WebPage\",\"@id\":\"https:\/\/www.notariesofeurope-exhibition.eu\/fr\/actes\/allemagne-de\/\",\"url\":\"https:\/\/www.notariesofeurope-exhibition.eu\/fr\/actes\/allemagne-de\/\",\"name\":\"Allemagne-DE - Notaries of Europe - Exhibition\",\"isPartOf\":{\"@id\":\"https:\/\/www.notariesofeurope-exhibition.eu\/#website\"},\"datePublished\":\"2019-10-01T08:39:18+00:00\",\"dateModified\":\"2026-02-16T09:59:04+00:00\",\"breadcrumb\":{\"@id\":\"https:\/\/www.notariesofeurope-exhibition.eu\/fr\/actes\/allemagne-de\/#breadcrumb\"},\"inLanguage\":\"fr-FR\",\"potentialAction\":[{\"@type\":\"ReadAction\",\"target\":[\"https:\/\/www.notariesofeurope-exhibition.eu\/fr\/actes\/allemagne-de\/\"]}]},{\"@type\":\"BreadcrumbList\",\"@id\":\"https:\/\/www.notariesofeurope-exhibition.eu\/fr\/actes\/allemagne-de\/#breadcrumb\",\"itemListElement\":[{\"@type\":\"ListItem\",\"position\":1,\"name\":\"Accueil\",\"item\":\"https:\/\/www.notariesofeurope-exhibition.eu\/fr\/\"},{\"@type\":\"ListItem\",\"position\":2,\"name\":\"Actes\",\"item\":\"https:\/\/www.notariesofeurope-exhibition.eu\/fr\/actes\/\"},{\"@type\":\"ListItem\",\"position\":3,\"name\":\"Allemagne-DE\"}]},{\"@type\":\"WebSite\",\"@id\":\"https:\/\/www.notariesofeurope-exhibition.eu\/#website\",\"url\":\"https:\/\/www.notariesofeurope-exhibition.eu\/\",\"name\":\"Notaries of Europe - Exhibition\",\"description\":\"CNUE\",\"potentialAction\":[{\"@type\":\"SearchAction\",\"target\":{\"@type\":\"EntryPoint\",\"urlTemplate\":\"https:\/\/www.notariesofeurope-exhibition.eu\/?s={search_term_string}\"},\"query-input\":{\"@type\":\"PropertyValueSpecification\",\"valueRequired\":true,\"valueName\":\"search_term_string\"}}],\"inLanguage\":\"fr-FR\"}]}<\/script>\n<!-- \/ Yoast SEO plugin. -->","yoast_head_json":{"title":"Allemagne-DE - Notaries of Europe - Exhibition","robots":{"index":"index","follow":"follow","max-snippet":"max-snippet:-1","max-image-preview":"max-image-preview:large","max-video-preview":"max-video-preview:-1"},"canonical":"https:\/\/www.notariesofeurope-exhibition.eu\/fr\/actes\/allemagne-de\/","og_locale":"fr_FR","og_type":"article","og_title":"Allemagne-DE - Notaries of Europe - Exhibition","og_description":"[vc_row bg_type=\u00a0\u00bbcolor\u00a0\u00bb padding_top_multiplier=\u00a0\u00bb\u00a0\u00bb padding_bottom_multiplier=\u00a0\u00bb\u00a0\u00bb bg_color=\u00a0\u00bb#E7ECF3&Prime; el_class=\u00a0\u00bbhero_page\u00a0\u00bb][vc_column width=\u00a0\u00bb1\/2&Prime; tablet_width=\u00a0\u00bb1&Prime; tablet_sm_width=\u00a0\u00bb1&Prime; el_class=\u00a0\u00bbaccord_actes\u00a0\u00bb][vc_tta_accordion active_section=\u00a0\u00bb999&Prime;][vc_tta_section title=\u00a0\u00bb1873 &#8211; Kaufvertrag &#8211; Kauf der Herreninsel durch K\u00f6nig Ludwig II. von Bayern\u00a0\u00bb tab_id=\u00a0\u00bb1568121683620-4df91743-a69c\u00a0\u00bb][vc_column_text] K\u00f6nig Ludwig II. von Bayern (* 25. August 1845 auf Schloss Nymphenburg, + 13. Juni 1886 im Starnberger See) Ludwig II. wuchs \u00fcberwiegend auf Schloss Hohenschwangau bei F\u00fcssen auf. Im [&hellip;]","og_url":"https:\/\/www.notariesofeurope-exhibition.eu\/fr\/actes\/allemagne-de\/","og_site_name":"Notaries of Europe - Exhibition","article_modified_time":"2026-02-16T09:59:04+00:00","twitter_card":"summary_large_image","twitter_misc":{"Dur\u00e9e de lecture estim\u00e9e":"6 minutes"},"schema":{"@context":"https:\/\/schema.org","@graph":[{"@type":"WebPage","@id":"https:\/\/www.notariesofeurope-exhibition.eu\/fr\/actes\/allemagne-de\/","url":"https:\/\/www.notariesofeurope-exhibition.eu\/fr\/actes\/allemagne-de\/","name":"Allemagne-DE - Notaries of Europe - Exhibition","isPartOf":{"@id":"https:\/\/www.notariesofeurope-exhibition.eu\/#website"},"datePublished":"2019-10-01T08:39:18+00:00","dateModified":"2026-02-16T09:59:04+00:00","breadcrumb":{"@id":"https:\/\/www.notariesofeurope-exhibition.eu\/fr\/actes\/allemagne-de\/#breadcrumb"},"inLanguage":"fr-FR","potentialAction":[{"@type":"ReadAction","target":["https:\/\/www.notariesofeurope-exhibition.eu\/fr\/actes\/allemagne-de\/"]}]},{"@type":"BreadcrumbList","@id":"https:\/\/www.notariesofeurope-exhibition.eu\/fr\/actes\/allemagne-de\/#breadcrumb","itemListElement":[{"@type":"ListItem","position":1,"name":"Accueil","item":"https:\/\/www.notariesofeurope-exhibition.eu\/fr\/"},{"@type":"ListItem","position":2,"name":"Actes","item":"https:\/\/www.notariesofeurope-exhibition.eu\/fr\/actes\/"},{"@type":"ListItem","position":3,"name":"Allemagne-DE"}]},{"@type":"WebSite","@id":"https:\/\/www.notariesofeurope-exhibition.eu\/#website","url":"https:\/\/www.notariesofeurope-exhibition.eu\/","name":"Notaries of Europe - Exhibition","description":"CNUE","potentialAction":[{"@type":"SearchAction","target":{"@type":"EntryPoint","urlTemplate":"https:\/\/www.notariesofeurope-exhibition.eu\/?s={search_term_string}"},"query-input":{"@type":"PropertyValueSpecification","valueRequired":true,"valueName":"search_term_string"}}],"inLanguage":"fr-FR"}]}},"_links":{"self":[{"href":"https:\/\/www.notariesofeurope-exhibition.eu\/fr\/wp-json\/wp\/v2\/pages\/450","targetHints":{"allow":["GET"]}}],"collection":[{"href":"https:\/\/www.notariesofeurope-exhibition.eu\/fr\/wp-json\/wp\/v2\/pages"}],"about":[{"href":"https:\/\/www.notariesofeurope-exhibition.eu\/fr\/wp-json\/wp\/v2\/types\/page"}],"author":[{"embeddable":true,"href":"https:\/\/www.notariesofeurope-exhibition.eu\/fr\/wp-json\/wp\/v2\/users\/2"}],"replies":[{"embeddable":true,"href":"https:\/\/www.notariesofeurope-exhibition.eu\/fr\/wp-json\/wp\/v2\/comments?post=450"}],"version-history":[{"count":19,"href":"https:\/\/www.notariesofeurope-exhibition.eu\/fr\/wp-json\/wp\/v2\/pages\/450\/revisions"}],"predecessor-version":[{"id":2167,"href":"https:\/\/www.notariesofeurope-exhibition.eu\/fr\/wp-json\/wp\/v2\/pages\/450\/revisions\/2167"}],"up":[{"embeddable":true,"href":"https:\/\/www.notariesofeurope-exhibition.eu\/fr\/wp-json\/wp\/v2\/pages\/11"}],"wp:attachment":[{"href":"https:\/\/www.notariesofeurope-exhibition.eu\/fr\/wp-json\/wp\/v2\/media?parent=450"}],"curies":[{"name":"wp","href":"https:\/\/api.w.org\/{rel}","templated":true}]}}