{"id":85,"date":"2019-09-06T15:34:46","date_gmt":"2019-09-06T13:34:46","guid":{"rendered":"http:\/\/staging.notariesofeurope-exhibition.eu\/?page_id=85"},"modified":"2026-03-04T12:36:08","modified_gmt":"2026-03-04T10:36:08","slug":"allemagne","status":"publish","type":"page","link":"https:\/\/www.notariesofeurope-exhibition.eu\/fr\/actes\/allemagne\/","title":{"rendered":"Allemagne"},"content":{"rendered":"<div class=\"wpb-content-wrapper\"><p>[vc_row bg_type=\u00a0\u00bbcolor\u00a0\u00bb padding_top_multiplier=\u00a0\u00bb\u00a0\u00bb padding_bottom_multiplier=\u00a0\u00bb\u00a0\u00bb bg_color=\u00a0\u00bb#E7ECF3&Prime; el_class=\u00a0\u00bbhero_page\u00a0\u00bb][vc_column width=\u00a0\u00bb1\/2&Prime; tablet_width=\u00a0\u00bb1&Prime; tablet_sm_width=\u00a0\u00bb1&Prime; el_class=\u00a0\u00bbaccord_actes\u00a0\u00bb]<div class=\"grve-element grve-box-icon grve-medium grve-side-icon grve-align-left title_pays\" style=\"\"><div class=\"grve-image-icon\"><img loading=\"lazy\" decoding=\"async\" width=\"1\" height=\"1\" src=\"https:\/\/www.notariesofeurope-exhibition.eu\/wp-content\/uploads\/2026\/02\/allemagne.svg\" class=\"attachment-full size-full\" alt=\"\" \/><\/div><div class=\"grve-box-content\"><div class=\"grve-box-title-wrapper\"><h1 class=\"grve-box-title grve-leader-text\">Allemagne<\/h1><\/div><\/div><\/div>[vc_tta_accordion active_section=\u00a0\u00bb999&Prime;][vc_tta_section title=\u00a0\u00bb1873 &#8211; Contrat de vente &#8211; Achat de l&rsquo;\u00cele de Herreninsel par le roi Louis II de Bavi\u00e8re\u00a0\u00bb tab_id=\u00a0\u00bb1568121683620-4df91743-a69c\u00a0\u00bb][vc_column_text css=\u00a0\u00bb\u00a0\u00bb]<\/p>\n<p style=\"text-align: center;\"><strong>Le roi Louis II de Bavi\u00e8re <\/strong><strong>(* 25 ao\u00fbt 1845 au ch\u00e2teau de Nymphenburg, + 13 juin 1886 au lac de Starnberg)<\/strong><\/p>\n<p>Le roi Louis II grandit principalement au ch\u00e2teau de Hohenschwangau pr\u00e8s de F\u00fcssen. \u00c0 l\u2019\u00e2ge de 16 ans, Louis d\u00e9couvrit pour la premi\u00e8re fois les op\u00e9ras de Richard Wagner. Ils lui laiss\u00e8rent une impression profonde et durable. Il acc\u00e8da au tr\u00f4ne \u00e0 l\u2019\u00e2ge de 18 ans apr\u00e8s la mort de son p\u00e8re. Il se concentra sur la promotion de la musique et de la culture. En effet, Louis prenait ses affaires gouvernementales tr\u00e8s au s\u00e9rieux, mais s\u2019int\u00e9ressait peu aux questions militaires. Il s\u2019int\u00e9ressait davantage \u00e0 l\u2019art, aux projets architecturaux et aux innovations techniques et avait une forte tendance au romantisme. N\u00e9anmoins, il dut faire deux guerres (en 1866 et 1870\/71), moins pour des raisons politiques, mais plut\u00f4t en raison de pressions sociales.<br \/>\nEnsuite, Louis II se retira de plus en plus de la vie publique et se fit \u00e0 peine voir pendant la journ\u00e9e. Il pr\u00e9f\u00e9rait plut\u00f4t se promener la nuit et on l\u2019appelait ainsi \u00ab Roi de la Lune \u00bb. Ce n\u2019est que gr\u00e2ce \u00e0 la construction de ses ch\u00e2teaux (Neuschwanstein, Linderhof et Herrenchiemsee) qu\u2019il s&rsquo;int\u00e9ressait encore au monde ext\u00e9rieur, mais comme il d\u00e9pensait toutes ses recettes royales et s&rsquo;endettait, ses ch\u00e2teaux ne pouvaient \u00eatre achev\u00e9s. C\u2019est pourquoi, en 1886, ses ministres l\u2019ont d\u00e9clar\u00e9 fou. Louis fut ensuite transport\u00e9 au ch\u00e2teau de Berg, au bord du lac de Starnberg, o\u00f9 il se noya dans des circonstances myst\u00e9rieuses avec le Dr. Bernhard von Gudden le 13 juin 1886.<\/p>\n<p><strong><span style=\"text-decoration: underline;\">L\u2019acte notari\u00e9<\/span><\/strong><br \/>\n<em>Munich, le 10 septembre 1873 (contrat de vente)<\/em><\/p>\n<p>Herreninsel (aussi connu sous le nom de Herrenw\u00f6rth), d\u2019une superficie totale de 238 hectares, est la plus grande des trois \u00eeles principales du lac Chiemsee. Jusqu\u2019\u00e0 la s\u00e9cularisation en 1803, l\u2019\u00eele appartenait au couvent de Herrenchiemsee. Apr\u00e8s la dissolution du dioc\u00e8se du lac Chiemsee en 1808, l\u2019\u00eele changea de propri\u00e9taires \u00e0 plusieurs reprises. En 1870, l\u2019\u00eele faillit \u00eatre enti\u00e8rement d\u00e9bois\u00e9e par un producteur de bois du Bade-Wurtemberg, propri\u00e9taire de l\u2019\u00eele pendant une courte p\u00e9riode. Heureusement, Louis II acheta l\u2019\u00eele de Herrenchiemsee pour 350 000 florins le 10 septembre 1873 et sauva la for\u00eat. L\u2019id\u00e9e de construire un ch\u00e2teau sur l\u2019\u00eele naquit seulement en 1874\/75, lorsque les plans de construction de Meicost Ettal ou Tmeicos Ettal, un palais r\u00e9sidentiel \u00e0 l\u2019image de Versailles, furent toujours plus excessifs, de sorte que la surface du chantier pr\u00e9vu dans la vall\u00e9e du Graswang ne suff\u00eet plus. C\u2019est ainsi que Louis II d\u00e9localisa son \u00ab Versailles \u00bb vers l&rsquo;\u00eele de Herreninsel sur le lac Chiemsee.<\/p>\n<p>Louis II lui-m\u00eame n\u2019\u00e9tait pas pr\u00e9sent pour signer le contrat de vente devant le notaire Karl Hacker \u00e0 Munich, mais il avait charg\u00e9 son secr\u00e9taire Lorenz von D\u00fcfflipp de passer la vente. Par cons\u00e9quent, la procuration sign\u00e9e par le Roi lui-m\u00eame est jointe \u00e0 l\u2019acte notari\u00e9.<\/p>\n<p><em>StAM (EIH) \u00e9tude notariale Munich III, num\u00e9ro de registre 2391\/1873<\/em><br \/>\n<em>Original, papier, agraf\u00e9, 33 x 22 cm<\/em>[\/vc_column_text]<div class=\"grve-empty-space grve-height-1x\" style=\"\"><\/div><div class=\"grve-element grve-align-left\"><a href=\"\/wp-content\/uploads\/2019\/09\/allemagne-vente-1873_c.pdf\" title=\"T\u00e9l\u00e9charger\" target=\"_blank\" rel=\"noopener noreferrer\" class=\"grve-btn grve-btn-medium grve-extra-round grve-bg-primary-1 grve-bg-hover-primary-2\"><span><i class=\"entypo-icon entypo-icon-doc-text\"><\/i>Consulter l'Acte<\/span><\/a><\/div>[\/vc_tta_section][vc_tta_section title=\u00a0\u00bb1903 &#8211; Acte d&rsquo;adoption &#8211; Wilhelm Conrad R\u00f6ntgen (d\u00e9couvreur des rayons X)\u00a0\u00bb tab_id=\u00a0\u00bb1568121763115-b149af46-5885&Prime;][vc_column_text]<\/p>\n<p style=\"text-align: center;\"><strong>Wilhelm Conrad R\u00f6ntgen (* 27 mars 1845 \u00e0 Lennep pr\u00e8s de Remscheid, Rh\u00e9nanie, + 10 f\u00e9vrier 1923 \u00e0 Munich) <\/strong><\/p>\n<p>D\u00e9couvreur des rayons X, Wilhelm Conrad R\u00f6ntgen naquit le 27 mars 1845 en Rh\u00e9nanie, fils d\u2019un fabricant de tissus. En 1848, sa famille s\u2019installa aux Pays-Bas, pays d&rsquo;origine de la m\u00e8re de Wilhelm. Il passa son enfance et sa jeunesse \u00e0 Apeldoom. Apr\u00e8s ses \u00e9tudes techniques \u00e0 Utrecht, il \u00e9tudia d\u2019abord l&rsquo;ing\u00e9nierie, puis la physique \u00e0 Zurich. Ses activit\u00e9s scientifiques l\u2019amen\u00e8rent \u00e0 W\u00fcrzburg, Strasbourg, Hohenheim pr\u00e8s de Stuttgart et Giessen. En 1888, il obtint enfin la chaire de physique \u00e0 l\u2019Universit\u00e9 de W\u00fcrzburg, o\u00f9 il d\u00e9couvrit les c\u00e9l\u00e8bres rayons X, aujourd\u2019hui appel\u00e9s rayons R\u00f6ntgen. L\u2019une de ses toutes premi\u00e8res photos \u00e0 l\u2019aide de rayons X \u00e9tait celle de la main de son \u00e9pouse. Pour cette perc\u00e9e m\u00e9dicale, il re\u00e7ut plusieurs prix et, finalement, le premier prix Nobel de physique en 1901. De 1900 \u00e0 son statut \u00e9m\u00e9rite, R\u00f6ntgen fut professeur \u00e0 l\u2019Universit\u00e9 de Munich. Il mourut en 1923, quatre ans apr\u00e8s la mort de sa femme, \u00e0 Munich. Conform\u00e9ment \u00e0 son testament, il trouva sa derni\u00e8re demeure dans l\u2019ancien cimeti\u00e8re de Giessen, o\u00f9 ses parents sont \u00e9galement enterr\u00e9s.<\/p>\n<p><strong><span style=\"text-decoration: underline;\">L\u2019acte notari\u00e9 <\/span><\/strong><br \/>\n<em>Munich, le 23 f\u00e9vrier 1903 (acte d\u2019adoption)<\/em><\/p>\n<p>En janvier 1872, R\u00f6ntgen \u00e9pousa Anna Bertha Ludwig, fille d\u2019un aubergiste de Zurich. Le mariage restait sans enfant, mais le 23 f\u00e9vrier 1903, le couple d\u00e9cida d\u2019adopter Josephina Bertha Ludwig, la ni\u00e8ce d\u2019Anna Bertha, qui vivait dans la maison de la famille R\u00f6ntgen depuis 1887 et \u00e9tait \u00e9lev\u00e9e par le couple. Josephina Ludwig fut adopt\u00e9e \u00e0 l\u2019\u00e2ge de 21 ans. On d\u00e9cida que son nouveau nom \u00ab R\u00f6ntgen \u00bb serait ajout\u00e9 \u00e0 son ancien nom de famille \u00ab Ludwig \u00bb et qu\u2019elle serait exclue de la succession l\u00e9gale. N\u00e9anmoins, R\u00f6ntgen et son \u00e9pouse d\u00e9sign\u00e8rent leur fille adoptive h\u00e9riti\u00e8re dans leur testament, \u00e0 c\u00f4t\u00e9 d\u2019amis, de domestiques, d\u2019institutions caritatives et de la ville de Lennep.<\/p>\n<p><em>StAM (EIH) \u00e9tude notariale Munich II, num\u00e9ro de registre 1903\/770 (K 2592)<\/em><br \/>\n<em>Original, papier, agraf\u00e9, 33 x 22 cm<\/em>[\/vc_column_text]<div class=\"grve-empty-space grve-height-1x\" style=\"\"><\/div><div class=\"grve-element grve-align-left\"><a href=\"\/wp-content\/uploads\/2019\/09\/allemagne-adoption-1903_c.pdf\" title=\"T\u00e9l\u00e9charger\" target=\"_blank\" rel=\"noopener noreferrer\" class=\"grve-btn grve-btn-medium grve-extra-round grve-bg-primary-1 grve-bg-hover-primary-2\"><span><i class=\"entypo-icon entypo-icon-doc-text\"><\/i>Consulter l'Acte<\/span><\/a><\/div>[\/vc_tta_section][vc_tta_section title=\u00a0\u00bb1943 &#8211; Georg Franz Josef Luitpold Maria de Bavi\u00e8re \u2013 le testament\u00a0\u00bb tab_id=\u00a0\u00bb1568121683682-ba504f17-dfe4&Prime;][vc_column_text]<\/p>\n<p style=\"text-align: center;\"><strong> Georg Franz Josef Luitpold Maria de Bavi\u00e8re (* 2 avril 1880 \u00e0 Munich, 31 mai 1943 \u00e0 Rome) <\/strong><\/p>\n<p>En 1897, Georg de Bavi\u00e8re, petit-fils de l\u2019empereur Fran\u00e7ois-Joseph d\u2019Autriche, entra dans l\u2019arm\u00e9e bavaroise en tant que lieutenant affect\u00e9 au r\u00e9giment d\u2019infanterie des sauveteurs et fut promu au grade de major. Pendant la Premi\u00e8re Guerre mondiale, Georg de Bavi\u00e8re combattit sur le front occidental et sur le front oriental. Il obtint la Croix de fer, d&rsquo;autres d\u00e9corations et le grade de colonel. En 1919, Georg commen\u00e7a \u00e0 \u00e9tudier la th\u00e9ologie \u00e0 Innsbruck et fut ordonn\u00e9 pr\u00eatre catholique le 21 mars 1921. Par la suite, il obtint un doctorat en droit canonique. Il poursuivit ses \u00e9tudes religieuses \u00e0 Rome et obtint son dipl\u00f4me en 1925 \u00e0 l\u2019Acad\u00e9mie pontificale eccl\u00e9siastique. Dans la Cit\u00e9 du Vatican, il fut nomm\u00e9 protonotaire apostolique. Tout au long de son s\u00e9jour \u00e0 Rome, Prince George v\u00e9cut \u00e0 la Villa San Francesco avec les Fr\u00e8res franciscains de Waldbreitbach, qui se consacraient \u00e0 soigner les malades.<\/p>\n<p><strong><span style=\"text-decoration: underline;\"> Le testament <\/span><\/strong><\/p>\n<p>Georg de Bavi\u00e8re mourut \u00e0 l\u2019\u00e2ge de 63 ans \u00e0 Rome et fut enterr\u00e9 au cimeti\u00e8re allemand Campo Santo Teutonico. On dit qu\u2019il est mort de la tuberculose, contract\u00e9e pendant qu\u2019il soignait les malades. Dans son testament, il laissa de l\u2019argent pour de nouvelles portes en bronze de la Basilique Saint-Pierre. Sa donation finan\u00e7a entre autres les c\u00e9l\u00e8bres \u0153uvres d\u2019art \u00ab Porte de la mort \u00bb construite par le sculpteur Giacomo Manz\u00f9 et \u00ab La Porte des Sacrements \u00bb construite par le sculpteur Venanzo Crocetti.<\/p>\n<p><em>StAM AG \u00e9tude notariale Munich, num\u00e9ro de registre 1943\/4678<br \/>\nOriginal, papier, 33 x 22 cm<\/em>[\/vc_column_text]<div class=\"grve-empty-space grve-height-1x\" style=\"\"><\/div><div class=\"grve-element grve-align-left\"><a href=\"\/wp-content\/uploads\/2019\/09\/allemagne-testament-1943_c.pdf\" title=\"T\u00e9l\u00e9charger\" target=\"_blank\" rel=\"noopener noreferrer\" class=\"grve-btn grve-btn-medium grve-extra-round grve-bg-primary-1 grve-bg-hover-primary-2\"><span><i class=\"entypo-icon entypo-icon-doc-text\"><\/i>Consulter l'Acte<\/span><\/a><\/div>[\/vc_tta_section][\/vc_tta_accordion]<div class=\"grve-element grve-align-left cta_custom cta_custom_blue\"><a href=\"\/fr\/actes\/allemagne-de\/\" title=\"Deutsch\" class=\"grve-btn grve-btn-medium grve-square grve-bg-primary-1 grve-bg-hover-black\"><span>Deutsch<\/span><\/a><\/div>[\/vc_column][vc_column width=\u00a0\u00bb1\/2&Prime; el_class=\u00a0\u00bbcol_img\u00a0\u00bb]<div class=\"grve-element grve-image img_actes_pays grve-align-center\" style=\"\">  <div class=\"grve-image-wrapper\"><img loading=\"lazy\" decoding=\"async\" width=\"1500\" height=\"1194\" src=\"https:\/\/www.notariesofeurope-exhibition.eu\/wp-content\/uploads\/2026\/02\/germany.webp\" class=\"attachment-full size-full\" alt=\"\" srcset=\"https:\/\/www.notariesofeurope-exhibition.eu\/wp-content\/uploads\/2026\/02\/germany.webp 1500w, https:\/\/www.notariesofeurope-exhibition.eu\/wp-content\/uploads\/2026\/02\/germany-300x239.webp 300w, https:\/\/www.notariesofeurope-exhibition.eu\/wp-content\/uploads\/2026\/02\/germany-1024x815.webp 1024w, https:\/\/www.notariesofeurope-exhibition.eu\/wp-content\/uploads\/2026\/02\/germany-768x611.webp 768w\" sizes=\"auto, (max-width: 1500px) 100vw, 1500px\" \/>   <\/div><\/div>[\/vc_column][\/vc_row][vc_row bg_type=\u00a0\u00bbcolor\u00a0\u00bb padding_top_multiplier=\u00a0\u00bb3x\u00a0\u00bb el_class=\u00a0\u00bbmap_section\u00a0\u00bb bg_color=\u00a0\u00bb#E7ECF3&Prime;][vc_column]<h2 class=\"grve-element grve-title grve-align-left grve-h3 title_section\" style=\"\"><span>Recherchez des actes d&rsquo;autres pays :<\/span><\/h2>[\/vc_column][\/vc_row][vc_row section_type=\u00a0\u00bbfullwidth\u00a0\u00bb bg_type=\u00a0\u00bbcolor\u00a0\u00bb padding_top_multiplier=\u00a0\u00bb\u00a0\u00bb padding_bottom_multiplier=\u00a0\u00bb\u00a0\u00bb columns_gap=\u00a0\u00bbnone\u00a0\u00bb bg_color=\u00a0\u00bb#E7ECF3&Prime;][vc_column][vc_column_text css=\u00a0\u00bb\u00a0\u00bb]<div id=\"mapplic-id48\" data-mapdata=\"{&quot;mapwidth&quot;:&quot;1200&quot;,&quot;mapheight&quot;:&quot;1200&quot;,&quot;minimap&quot;:false,&quot;zoombuttons&quot;:true,&quot;sidebar&quot;:false,&quot;search&quot;:false,&quot;hovertip&quot;:true,&quot;fullscreen&quot;:false,&quot;zoomlimit&quot;:&quot;2&quot;,&quot;mapfill&quot;:true,&quot;zoom&quot;:true,&quot;alphabetic&quot;:true,&quot;categories&quot;:[],&quot;levels&quot;:[{&quot;id&quot;:&quot;europe&quot;,&quot;title&quot;:&quot;Europe&quot;,&quot;map&quot;:&quot;\/\/www.notariesofeurope-exhibition.eu\/wp-content\/plugins\/mapplic\/maps\/europe.svg&quot;,&quot;minimap&quot;:&quot;https:\/\/www.notariesofeurope-exhibition.eu\/wp-content\/plugins\/mapplic\/maps\/europe-mini.jpg&quot;,&quot;locations&quot;:[{&quot;id&quot;:&quot;de&quot;,&quot;title&quot;:&quot;Allemagne&quot;,&quot;description&quot;:&quot;&lt;p&gt;Allemagne&lt;\/p&gt;&quot;,&quot;pin&quot;:&quot;hidden&quot;,&quot;link&quot;:&quot;\/fr\/actes\/allemagne&quot;,&quot;thumbnail&quot;:&quot;\/wp-content\/uploads\/2019\/09\/flag-allemagne-1.svg&quot;,&quot;image&quot;:&quot;\/wp-content\/uploads\/2019\/09\/flag-allemagne-1.svg&quot;,&quot;action&quot;:&quot;default&quot;,&quot;x&quot;:&quot;0.4366&quot;,&quot;y&quot;:&quot;0.5294&quot;},{&quot;id&quot;:&quot;fr&quot;,&quot;title&quot;:&quot;France&quot;,&quot;description&quot;:&quot;&lt;p&gt;France&lt;\/p&gt;&quot;,&quot;pin&quot;:&quot;hidden&quot;,&quot;link&quot;:&quot;\/fr\/actes\/france&quot;,&quot;action&quot;:&quot;open-link&quot;,&quot;x&quot;:&quot;0.3135&quot;,&quot;y&quot;:&quot;0.6364&quot;,&quot;image&quot;:&quot;\/wp-content\/uploads\/2019\/09\/flag-france.svg&quot;,&quot;thumbnail&quot;:&quot;\/wp-content\/uploads\/2019\/09\/flag-france.svg&quot;},{&quot;id&quot;:&quot;at&quot;,&quot;title&quot;:&quot;Autriche&quot;,&quot;description&quot;:&quot;&lt;p&gt;Autriche&lt;\/p&gt;&quot;,&quot;pin&quot;:&quot;hidden&quot;,&quot;action&quot;:&quot;default&quot;,&quot;x&quot;:&quot;0.5084&quot;,&quot;y&quot;:&quot;0.6182&quot;,&quot;thumbnail&quot;:&quot;\/wp-content\/uploads\/2019\/09\/flag-autriche.svg&quot;,&quot;image&quot;:&quot;\/wp-content\/uploads\/2019\/09\/flag-autriche.svg&quot;,&quot;link&quot;:&quot;\/fr\/actes\/autriche&quot;},{&quot;id&quot;:&quot;be&quot;,&quot;title&quot;:&quot;Belgique&quot;,&quot;description&quot;:&quot;&lt;p&gt;Belgique&lt;\/p&gt;&quot;,&quot;pin&quot;:&quot;hidden&quot;,&quot;link&quot;:&quot;\/fr\/actes\/belgique&quot;,&quot;thumbnail&quot;:&quot;\/wp-content\/uploads\/2019\/09\/flag-belgique.svg&quot;,&quot;image&quot;:&quot;\/wp-content\/uploads\/2019\/09\/flag-belgique.svg&quot;,&quot;action&quot;:&quot;default&quot;,&quot;x&quot;:&quot;0.3574&quot;,&quot;y&quot;:&quot;0.5358&quot;},{&quot;id&quot;:&quot;lu&quot;,&quot;title&quot;:&quot;Luxembourg&quot;,&quot;description&quot;:&quot;&lt;p&gt;Luxembourg&lt;\/p&gt;&quot;,&quot;pin&quot;:&quot;hidden&quot;,&quot;link&quot;:&quot;\/fr\/actes\/luxembourg&quot;,&quot;thumbnail&quot;:&quot;\/wp-content\/uploads\/2019\/09\/flag-luxembourg.svg&quot;,&quot;image&quot;:&quot;\/wp-content\/uploads\/2019\/09\/flag-luxembourg.svg&quot;,&quot;action&quot;:&quot;default&quot;,&quot;x&quot;:&quot;0.3777&quot;,&quot;y&quot;:&quot;0.5583&quot;},{&quot;id&quot;:&quot;nl&quot;,&quot;title&quot;:&quot;Pays-Bas&quot;,&quot;description&quot;:&quot;&lt;p&gt;Pays-Bas&lt;\/p&gt;&quot;,&quot;pin&quot;:&quot;hidden&quot;,&quot;link&quot;:&quot;\/fr\/actes\/pays-bas&quot;,&quot;thumbnail&quot;:&quot;\/wp-content\/uploads\/2019\/09\/flag-paysbas.svg&quot;,&quot;image&quot;:&quot;\/wp-content\/uploads\/2019\/09\/flag-paysbas.svg&quot;,&quot;action&quot;:&quot;open-link&quot;,&quot;x&quot;:&quot;0.3689&quot;,&quot;y&quot;:&quot;0.5010&quot;},{&quot;id&quot;:&quot;pl&quot;,&quot;title&quot;:&quot;Pologne&quot;,&quot;description&quot;:&quot;&lt;p&gt;Pologne&lt;\/p&gt;&quot;,&quot;pin&quot;:&quot;hidden&quot;,&quot;link&quot;:&quot;\/fr\/actes\/pologne&quot;,&quot;thumbnail&quot;:&quot;\/wp-content\/uploads\/2019\/09\/flag-pologne.svg&quot;,&quot;image&quot;:&quot;\/wp-content\/uploads\/2019\/09\/flag-pologne.svg&quot;,&quot;action&quot;:&quot;open-link&quot;,&quot;x&quot;:&quot;0.5715&quot;,&quot;y&quot;:&quot;0.4919&quot;},{&quot;id&quot;:&quot;bg&quot;,&quot;title&quot;:&quot;Bulgarie&quot;,&quot;description&quot;:&quot;&lt;p&gt;Bulgarie&lt;\/p&gt;&quot;,&quot;pin&quot;:&quot;hidden&quot;,&quot;link&quot;:&quot;\/fr\/actes\/bulgarie&quot;,&quot;thumbnail&quot;:&quot;\/wp-content\/uploads\/2019\/09\/flag-bulgarie.svg&quot;,&quot;image&quot;:&quot;\/wp-content\/uploads\/2019\/09\/flag-bulgarie.svg&quot;,&quot;action&quot;:&quot;open-link&quot;,&quot;x&quot;:&quot;0.7086&quot;,&quot;y&quot;:&quot;0.7149&quot;},{&quot;id&quot;:&quot;ro&quot;,&quot;title&quot;:&quot;Roumanie&quot;,&quot;description&quot;:&quot;&lt;p&gt;Roumanie&lt;\/p&gt;&quot;,&quot;pin&quot;:&quot;hidden&quot;,&quot;link&quot;:&quot;\/fr\/actes\/roumanie&quot;,&quot;thumbnail&quot;:&quot;\/wp-content\/uploads\/2019\/09\/flag-roumanie.svg&quot;,&quot;image&quot;:&quot;\/wp-content\/uploads\/2019\/09\/flag-roumanie.svg&quot;,&quot;action&quot;:&quot;open-link&quot;,&quot;x&quot;:&quot;0.6925&quot;,&quot;y&quot;:&quot;0.6389&quot;},{&quot;id&quot;:&quot;gr&quot;,&quot;title&quot;:&quot;Gr&egrave;ce&quot;,&quot;description&quot;:&quot;&lt;p&gt;Gr&egrave;ce&lt;\/p&gt;&quot;,&quot;pin&quot;:&quot;hidden&quot;,&quot;link&quot;:&quot;\/fr\/actes\/grece&quot;,&quot;thumbnail&quot;:&quot;\/wp-content\/uploads\/2019\/09\/flag-grece.svg&quot;,&quot;image&quot;:&quot;\/wp-content\/uploads\/2019\/09\/flag-grece.svg&quot;,&quot;action&quot;:&quot;open-link&quot;,&quot;x&quot;:&quot;0.6572&quot;,&quot;y&quot;:&quot;0.7995&quot;},{&quot;id&quot;:&quot;hr&quot;,&quot;title&quot;:&quot;Croatie&quot;,&quot;description&quot;:&quot;&lt;p&gt;Croatie&lt;\/p&gt;&quot;,&quot;pin&quot;:&quot;hidden&quot;,&quot;link&quot;:&quot;\/fr\/actes\/croatie&quot;,&quot;thumbnail&quot;:&quot;\/wp-content\/uploads\/2019\/09\/flag-croatie.svg&quot;,&quot;image&quot;:&quot;\/wp-content\/uploads\/2019\/09\/flag-croatie.svg&quot;,&quot;action&quot;:&quot;open-link&quot;,&quot;x&quot;:&quot;0.5426&quot;,&quot;y&quot;:&quot;0.6581&quot;},{&quot;id&quot;:&quot;si&quot;,&quot;title&quot;:&quot;Slov&eacute;nie&quot;,&quot;description&quot;:&quot;&lt;p&gt;Slov&eacute;nie&lt;\/p&gt;&quot;,&quot;pin&quot;:&quot;hidden&quot;,&quot;link&quot;:&quot;\/fr\/actes\/slovenie&quot;,&quot;thumbnail&quot;:&quot;\/wp-content\/uploads\/2019\/09\/flag-slovenie.svg&quot;,&quot;image&quot;:&quot;\/wp-content\/uploads\/2019\/09\/flag-slovenie.svg&quot;,&quot;action&quot;:&quot;open-link&quot;,&quot;x&quot;:&quot;0.5180&quot;,&quot;y&quot;:&quot;0.6503&quot;},{&quot;id&quot;:&quot;es&quot;,&quot;title&quot;:&quot;Espagne&quot;,&quot;description&quot;:&quot;&lt;p&gt;Espagne&lt;\/p&gt;&quot;,&quot;pin&quot;:&quot;hidden&quot;,&quot;link&quot;:&quot;\/fr\/actes\/espagne&quot;,&quot;thumbnail&quot;:&quot;\/wp-content\/uploads\/2019\/09\/flag-espagne.svg&quot;,&quot;image&quot;:&quot;\/wp-content\/uploads\/2019\/09\/flag-espagne.svg&quot;,&quot;action&quot;:&quot;default&quot;,&quot;x&quot;:&quot;0.1818&quot;,&quot;y&quot;:&quot;0.7905&quot;},{&quot;id&quot;:&quot;pt&quot;,&quot;title&quot;:&quot;Portugal&quot;,&quot;description&quot;:&quot;&lt;p&gt;Portugal&lt;\/p&gt;&quot;,&quot;pin&quot;:&quot;hidden&quot;,&quot;link&quot;:&quot;\/fr\/actes\/portugal&quot;,&quot;thumbnail&quot;:&quot;\/wp-content\/uploads\/2019\/09\/flag-portugal.svg&quot;,&quot;image&quot;:&quot;\/wp-content\/uploads\/2019\/09\/flag-portugal.svg&quot;,&quot;action&quot;:&quot;open-link&quot;,&quot;x&quot;:&quot;0.0962&quot;,&quot;y&quot;:&quot;0.7777&quot;},{&quot;id&quot;:&quot;hu&quot;,&quot;title&quot;:&quot;Hongrie&quot;,&quot;description&quot;:&quot;&lt;p&gt;Hongrie&lt;\/p&gt;&quot;,&quot;pin&quot;:&quot;hidden&quot;,&quot;link&quot;:&quot;\/fr\/actes\/hongrie&quot;,&quot;thumbnail&quot;:&quot;\/wp-content\/uploads\/2019\/09\/flag-hongrie.svg&quot;,&quot;image&quot;:&quot;\/wp-content\/uploads\/2019\/09\/flag-hongrie.svg&quot;,&quot;action&quot;:&quot;open-link&quot;,&quot;x&quot;:&quot;0.5919&quot;,&quot;y&quot;:&quot;0.6182&quot;},{&quot;id&quot;:&quot;it&quot;,&quot;title&quot;:&quot;Italie&quot;,&quot;description&quot;:&quot;&lt;p&gt;Italie&lt;\/p&gt;&quot;,&quot;pin&quot;:&quot;hidden&quot;,&quot;link&quot;:&quot;\/fr\/actes\/italie&quot;,&quot;thumbnail&quot;:&quot;\/wp-content\/uploads\/2019\/09\/flag-italie.svg&quot;,&quot;image&quot;:&quot;\/wp-content\/uploads\/2019\/09\/flag-italie.svg&quot;,&quot;action&quot;:&quot;open-link&quot;,&quot;x&quot;:&quot;0.4773&quot;,&quot;y&quot;:&quot;0.7263&quot;},{&quot;id&quot;:&quot;mt&quot;,&quot;title&quot;:&quot;Malte&quot;,&quot;description&quot;:&quot;&lt;p&gt;Malte&lt;\/p&gt;&quot;,&quot;pin&quot;:&quot;hidden&quot;,&quot;link&quot;:&quot;\/fr\/actes\/malte&quot;,&quot;thumbnail&quot;:&quot;\/wp-content\/uploads\/2019\/09\/flag-malte.svg&quot;,&quot;image&quot;:&quot;\/wp-content\/uploads\/2019\/09\/flag-malte.svg&quot;,&quot;action&quot;:&quot;open-link&quot;,&quot;x&quot;:&quot;0.5279&quot;,&quot;y&quot;:&quot;0.9085&quot;}]}],&quot;maxscale&quot;:&quot;2&quot;,&quot;clearbutton&quot;:true,&quot;mousewheel&quot;:false,&quot;deeplinking&quot;:true,&quot;fillcolor&quot;:&quot;#322d7c&quot;,&quot;action&quot;:&quot;open-link&quot;,&quot;height&quot;:&quot;100%&quot;,&quot;zoomoutclose&quot;:false,&quot;closezoomout&quot;:false,&quot;thumbholder&quot;:true,&quot;hidenofilter&quot;:false,&quot;linknewtab&quot;:false,&quot;csv&quot;:&quot;&quot;,&quot;topLat&quot;:&quot;55.058191&quot;,&quot;leftLng&quot;:&quot;5.866365&quot;,&quot;bottomLat&quot;:&quot;47.270172&quot;,&quot;rightLng&quot;:&quot;15.041747&quot;}\"><\/div>[\/vc_column_text][\/vc_column][\/vc_row]<\/p>\n<\/div>","protected":false},"excerpt":{"rendered":"<p>[vc_row bg_type=\u00a0\u00bbcolor\u00a0\u00bb padding_top_multiplier=\u00a0\u00bb\u00a0\u00bb padding_bottom_multiplier=\u00a0\u00bb\u00a0\u00bb bg_color=\u00a0\u00bb#E7ECF3&Prime; el_class=\u00a0\u00bbhero_page\u00a0\u00bb][vc_column width=\u00a0\u00bb1\/2&Prime; tablet_width=\u00a0\u00bb1&Prime; tablet_sm_width=\u00a0\u00bb1&Prime; el_class=\u00a0\u00bbaccord_actes\u00a0\u00bb][vc_tta_accordion active_section=\u00a0\u00bb999&Prime;][vc_tta_section title=\u00a0\u00bb1873 &#8211; Contrat de vente &#8211; Achat de l&rsquo;\u00cele de Herreninsel par le roi Louis II de Bavi\u00e8re\u00a0\u00bb tab_id=\u00a0\u00bb1568121683620-4df91743-a69c\u00a0\u00bb][vc_column_text css=\u00a0\u00bb\u00a0\u00bb] Le roi Louis II de Bavi\u00e8re (* 25 ao\u00fbt 1845 au ch\u00e2teau de Nymphenburg, + 13 juin 1886 au lac de Starnberg) Le roi [&hellip;]<\/p>\n","protected":false},"author":2,"featured_media":0,"parent":11,"menu_order":0,"comment_status":"closed","ping_status":"closed","template":"","meta":{"inline_featured_image":false,"footnotes":""},"class_list":["post-85","page","type-page","status-publish","hentry"],"yoast_head":"<!-- This site is optimized with the Yoast SEO plugin v26.9 - https:\/\/yoast.com\/product\/yoast-seo-wordpress\/ -->\n<title>Allemagne - Notaries of Europe - Exhibition<\/title>\n<meta name=\"robots\" content=\"index, follow, max-snippet:-1, max-image-preview:large, max-video-preview:-1\" \/>\n<link rel=\"canonical\" href=\"https:\/\/www.notariesofeurope-exhibition.eu\/fr\/actes\/allemagne\/\" \/>\n<meta property=\"og:locale\" content=\"fr_FR\" \/>\n<meta property=\"og:type\" content=\"article\" \/>\n<meta property=\"og:title\" content=\"Allemagne - Notaries of Europe - Exhibition\" \/>\n<meta property=\"og:description\" content=\"[vc_row bg_type=\u00a0\u00bbcolor\u00a0\u00bb padding_top_multiplier=\u00a0\u00bb\u00a0\u00bb padding_bottom_multiplier=\u00a0\u00bb\u00a0\u00bb bg_color=\u00a0\u00bb#E7ECF3&Prime; el_class=\u00a0\u00bbhero_page\u00a0\u00bb][vc_column width=\u00a0\u00bb1\/2&Prime; tablet_width=\u00a0\u00bb1&Prime; tablet_sm_width=\u00a0\u00bb1&Prime; el_class=\u00a0\u00bbaccord_actes\u00a0\u00bb][vc_tta_accordion active_section=\u00a0\u00bb999&Prime;][vc_tta_section title=\u00a0\u00bb1873 &#8211; Contrat de vente &#8211; Achat de l&rsquo;\u00cele de Herreninsel par le roi Louis II de Bavi\u00e8re\u00a0\u00bb tab_id=\u00a0\u00bb1568121683620-4df91743-a69c\u00a0\u00bb][vc_column_text css=\u00a0\u00bb\u00a0\u00bb] Le roi Louis II de Bavi\u00e8re (* 25 ao\u00fbt 1845 au ch\u00e2teau de Nymphenburg, + 13 juin 1886 au lac de Starnberg) Le roi [&hellip;]\" \/>\n<meta property=\"og:url\" content=\"https:\/\/www.notariesofeurope-exhibition.eu\/fr\/actes\/allemagne\/\" \/>\n<meta property=\"og:site_name\" content=\"Notaries of Europe - Exhibition\" \/>\n<meta property=\"article:modified_time\" content=\"2026-03-04T10:36:08+00:00\" \/>\n<meta name=\"twitter:card\" content=\"summary_large_image\" \/>\n<meta name=\"twitter:label1\" content=\"Dur\u00e9e de lecture estim\u00e9e\" \/>\n\t<meta name=\"twitter:data1\" content=\"6 minutes\" \/>\n<script type=\"application\/ld+json\" class=\"yoast-schema-graph\">{\"@context\":\"https:\/\/schema.org\",\"@graph\":[{\"@type\":\"WebPage\",\"@id\":\"https:\/\/www.notariesofeurope-exhibition.eu\/fr\/actes\/allemagne\/\",\"url\":\"https:\/\/www.notariesofeurope-exhibition.eu\/fr\/actes\/allemagne\/\",\"name\":\"Allemagne - Notaries of Europe - Exhibition\",\"isPartOf\":{\"@id\":\"https:\/\/www.notariesofeurope-exhibition.eu\/#website\"},\"datePublished\":\"2019-09-06T13:34:46+00:00\",\"dateModified\":\"2026-03-04T10:36:08+00:00\",\"breadcrumb\":{\"@id\":\"https:\/\/www.notariesofeurope-exhibition.eu\/fr\/actes\/allemagne\/#breadcrumb\"},\"inLanguage\":\"fr-FR\",\"potentialAction\":[{\"@type\":\"ReadAction\",\"target\":[\"https:\/\/www.notariesofeurope-exhibition.eu\/fr\/actes\/allemagne\/\"]}]},{\"@type\":\"BreadcrumbList\",\"@id\":\"https:\/\/www.notariesofeurope-exhibition.eu\/fr\/actes\/allemagne\/#breadcrumb\",\"itemListElement\":[{\"@type\":\"ListItem\",\"position\":1,\"name\":\"Accueil\",\"item\":\"https:\/\/www.notariesofeurope-exhibition.eu\/fr\/\"},{\"@type\":\"ListItem\",\"position\":2,\"name\":\"Actes\",\"item\":\"https:\/\/www.notariesofeurope-exhibition.eu\/fr\/actes\/\"},{\"@type\":\"ListItem\",\"position\":3,\"name\":\"Allemagne\"}]},{\"@type\":\"WebSite\",\"@id\":\"https:\/\/www.notariesofeurope-exhibition.eu\/#website\",\"url\":\"https:\/\/www.notariesofeurope-exhibition.eu\/\",\"name\":\"Notaries of Europe - Exhibition\",\"description\":\"CNUE\",\"potentialAction\":[{\"@type\":\"SearchAction\",\"target\":{\"@type\":\"EntryPoint\",\"urlTemplate\":\"https:\/\/www.notariesofeurope-exhibition.eu\/?s={search_term_string}\"},\"query-input\":{\"@type\":\"PropertyValueSpecification\",\"valueRequired\":true,\"valueName\":\"search_term_string\"}}],\"inLanguage\":\"fr-FR\"}]}<\/script>\n<!-- \/ Yoast SEO plugin. -->","yoast_head_json":{"title":"Allemagne - Notaries of Europe - Exhibition","robots":{"index":"index","follow":"follow","max-snippet":"max-snippet:-1","max-image-preview":"max-image-preview:large","max-video-preview":"max-video-preview:-1"},"canonical":"https:\/\/www.notariesofeurope-exhibition.eu\/fr\/actes\/allemagne\/","og_locale":"fr_FR","og_type":"article","og_title":"Allemagne - Notaries of Europe - Exhibition","og_description":"[vc_row bg_type=\u00a0\u00bbcolor\u00a0\u00bb padding_top_multiplier=\u00a0\u00bb\u00a0\u00bb padding_bottom_multiplier=\u00a0\u00bb\u00a0\u00bb bg_color=\u00a0\u00bb#E7ECF3&Prime; el_class=\u00a0\u00bbhero_page\u00a0\u00bb][vc_column width=\u00a0\u00bb1\/2&Prime; tablet_width=\u00a0\u00bb1&Prime; tablet_sm_width=\u00a0\u00bb1&Prime; el_class=\u00a0\u00bbaccord_actes\u00a0\u00bb][vc_tta_accordion active_section=\u00a0\u00bb999&Prime;][vc_tta_section title=\u00a0\u00bb1873 &#8211; Contrat de vente &#8211; Achat de l&rsquo;\u00cele de Herreninsel par le roi Louis II de Bavi\u00e8re\u00a0\u00bb tab_id=\u00a0\u00bb1568121683620-4df91743-a69c\u00a0\u00bb][vc_column_text css=\u00a0\u00bb\u00a0\u00bb] Le roi Louis II de Bavi\u00e8re (* 25 ao\u00fbt 1845 au ch\u00e2teau de Nymphenburg, + 13 juin 1886 au lac de Starnberg) Le roi [&hellip;]","og_url":"https:\/\/www.notariesofeurope-exhibition.eu\/fr\/actes\/allemagne\/","og_site_name":"Notaries of Europe - Exhibition","article_modified_time":"2026-03-04T10:36:08+00:00","twitter_card":"summary_large_image","twitter_misc":{"Dur\u00e9e de lecture estim\u00e9e":"6 minutes"},"schema":{"@context":"https:\/\/schema.org","@graph":[{"@type":"WebPage","@id":"https:\/\/www.notariesofeurope-exhibition.eu\/fr\/actes\/allemagne\/","url":"https:\/\/www.notariesofeurope-exhibition.eu\/fr\/actes\/allemagne\/","name":"Allemagne - Notaries of Europe - Exhibition","isPartOf":{"@id":"https:\/\/www.notariesofeurope-exhibition.eu\/#website"},"datePublished":"2019-09-06T13:34:46+00:00","dateModified":"2026-03-04T10:36:08+00:00","breadcrumb":{"@id":"https:\/\/www.notariesofeurope-exhibition.eu\/fr\/actes\/allemagne\/#breadcrumb"},"inLanguage":"fr-FR","potentialAction":[{"@type":"ReadAction","target":["https:\/\/www.notariesofeurope-exhibition.eu\/fr\/actes\/allemagne\/"]}]},{"@type":"BreadcrumbList","@id":"https:\/\/www.notariesofeurope-exhibition.eu\/fr\/actes\/allemagne\/#breadcrumb","itemListElement":[{"@type":"ListItem","position":1,"name":"Accueil","item":"https:\/\/www.notariesofeurope-exhibition.eu\/fr\/"},{"@type":"ListItem","position":2,"name":"Actes","item":"https:\/\/www.notariesofeurope-exhibition.eu\/fr\/actes\/"},{"@type":"ListItem","position":3,"name":"Allemagne"}]},{"@type":"WebSite","@id":"https:\/\/www.notariesofeurope-exhibition.eu\/#website","url":"https:\/\/www.notariesofeurope-exhibition.eu\/","name":"Notaries of Europe - Exhibition","description":"CNUE","potentialAction":[{"@type":"SearchAction","target":{"@type":"EntryPoint","urlTemplate":"https:\/\/www.notariesofeurope-exhibition.eu\/?s={search_term_string}"},"query-input":{"@type":"PropertyValueSpecification","valueRequired":true,"valueName":"search_term_string"}}],"inLanguage":"fr-FR"}]}},"_links":{"self":[{"href":"https:\/\/www.notariesofeurope-exhibition.eu\/fr\/wp-json\/wp\/v2\/pages\/85","targetHints":{"allow":["GET"]}}],"collection":[{"href":"https:\/\/www.notariesofeurope-exhibition.eu\/fr\/wp-json\/wp\/v2\/pages"}],"about":[{"href":"https:\/\/www.notariesofeurope-exhibition.eu\/fr\/wp-json\/wp\/v2\/types\/page"}],"author":[{"embeddable":true,"href":"https:\/\/www.notariesofeurope-exhibition.eu\/fr\/wp-json\/wp\/v2\/users\/2"}],"replies":[{"embeddable":true,"href":"https:\/\/www.notariesofeurope-exhibition.eu\/fr\/wp-json\/wp\/v2\/comments?post=85"}],"version-history":[{"count":83,"href":"https:\/\/www.notariesofeurope-exhibition.eu\/fr\/wp-json\/wp\/v2\/pages\/85\/revisions"}],"predecessor-version":[{"id":2457,"href":"https:\/\/www.notariesofeurope-exhibition.eu\/fr\/wp-json\/wp\/v2\/pages\/85\/revisions\/2457"}],"up":[{"embeddable":true,"href":"https:\/\/www.notariesofeurope-exhibition.eu\/fr\/wp-json\/wp\/v2\/pages\/11"}],"wp:attachment":[{"href":"https:\/\/www.notariesofeurope-exhibition.eu\/fr\/wp-json\/wp\/v2\/media?parent=85"}],"curies":[{"name":"wp","href":"https:\/\/api.w.org\/{rel}","templated":true}]}}